{"id":866,"date":"2025-05-06T11:14:46","date_gmt":"2025-05-06T09:14:46","guid":{"rendered":"https:\/\/pedraforca.com\/activites\/"},"modified":"2025-05-06T12:26:37","modified_gmt":"2025-05-06T10:26:37","slug":"activites","status":"publish","type":"page","link":"https:\/\/pedraforca.com\/fr\/activites\/","title":{"rendered":"Activit\u00e9s"},"content":{"rendered":"[av_section min_height=\"percent\" min_height_pc=\"45\" min_height_px=\"500px\" shadow=\"no-border-styling\" bottom_border=\"no-border-styling\" bottom_border_diagonal_color=\"#333333\" bottom_border_diagonal_direction=\"\" bottom_border_style=\"\" padding=\"no-padding\" margin=\"aviaTBmargin\" custom_margin=\"36px,0px\" av-desktop-custom_margin=\"\" av-desktop-custom_margin_sync=\"true\" av-medium-custom_margin=\"\" av-medium-custom_margin_sync=\"true\" av-small-custom_margin=\"\" av-small-custom_margin_sync=\"true\" av-mini-custom_margin=\"\" av-mini-custom_margin_sync=\"true\" svg_div_top=\"\" svg_div_top_color=\"#333333\" svg_div_top_width=\"100\" svg_div_top_height=\"50\" svg_div_top_max_height=\"none\" svg_div_top_opacity=\"\" svg_div_bottom=\"\" svg_div_bottom_color=\"#333333\" svg_div_bottom_width=\"100\" svg_div_bottom_height=\"50\" svg_div_bottom_max_height=\"none\" svg_div_bottom_opacity=\"\" fold_type=\"\" fold_height=\"\" fold_more=\"Llegir m\u00e9s\" fold_less=\"Read less\" fold_text_style=\"\" fold_btn_align=\"\" color=\"main_color\" background=\"bg_color\" custom_bg=\"\" background_gradient_direction=\"vertical\" background_gradient_color1=\"#000000\" background_gradient_color2=\"#ffffff\" background_gradient_color3=\"\" src=\"https:\/\/pedraforca.ergatesweb10.ovh\/wp-content\/uploads\/2025\/04\/hostal-pedraforca-40-e1743752220443.jpg\" attachment=\"513\" attachment_size=\"full\" src_dynamic=\"\" attach=\"scroll\" position=\"center center\" repeat=\"stretch\" video=\"\" video_ratio=\"16:9\" overlay_enable=\"aviaTBoverlay_enable\" overlay_opacity=\"0.3\" overlay_color=\"#0a0a0a\" overlay_pattern=\"\" overlay_custom_pattern=\"\" custom_arrow_bg=\"\" fold_overlay_color=\"\" fold_text_color=\"\" fold_btn_color=\"theme-color\" fold_btn_bg_color=\"\" fold_btn_font_color=\"\" size-btn-text=\"\" av-desktop-font-size-btn-text=\"\" av-medium-font-size-btn-text=\"\" av-small-font-size-btn-text=\"\" av-mini-font-size-btn-text=\"\" fold_timer=\"\" z_index_fold=\"\" css_position_z_index=\"\" av-desktop-css_position_z_index=\"\" av-medium-css_position_z_index=\"\" av-small-css_position_z_index=\"\" av-mini-css_position_z_index=\"\" id=\"\" custom_class=\"\" template_class=\"\" aria_label=\"\" av_element_hidden_in_editor=\"0\" av_uid=\"av-6yfk0\" sc_version=\"1.0\"]\n[av_textblock fold_type=\"\" fold_height=\"\" fold_more=\"Llegir m\u00e9s\" fold_less=\"Read less\" fold_text_style=\"\" fold_btn_align=\"\" textblock_styling_align=\"\" textblock_styling=\"\" textblock_styling_gap=\"\" textblock_styling_mobile=\"\" size=\"40\" av-desktop-font-size=\"\" av-medium-font-size=\"\" av-small-font-size=\"\" av-mini-font-size=\"\" font_color=\"\" color=\"\" fold_overlay_color=\"\" fold_text_color=\"\" fold_btn_color=\"theme-color\" fold_btn_bg_color=\"\" fold_btn_font_color=\"\" size-btn-text=\"\" av-desktop-font-size-btn-text=\"\" av-medium-font-size-btn-text=\"\" av-small-font-size-btn-text=\"\" av-mini-font-size-btn-text=\"\" fold_timer=\"\" z_index_fold=\"\" id=\"\" custom_class=\"\" template_class=\"\" av_uid=\"av-m92gtlkl\" sc_version=\"1.0\" admin_preview_bg=\"\"]\n<p style=\"text-align: center;\">[page_title]<\/p>\n[\/av_textblock]\n[\/av_section]\n<div  class='flex_column av-oiyjy-de0b39d8c7033d46dd609e2bf3784dd0 av_one_full  avia-builder-el-1  el_after_av_postcontent  el_before_av_section  avia-builder-el-no-sibling  first flex_column_div av-animated-generic bottom-to-top  '     ><p>\n<style type=\"text\/css\" data-created_by=\"avia_inline_auto\" id=\"style-css-av-m918gcuj-1e580165cad42d0284205977337fd593\">\n#top .av-special-heading.av-m918gcuj-1e580165cad42d0284205977337fd593{\npadding-bottom:10px;\n}\nbody .av-special-heading.av-m918gcuj-1e580165cad42d0284205977337fd593 .av-special-heading-tag .heading-char{\nfont-size:25px;\n}\n.av-special-heading.av-m918gcuj-1e580165cad42d0284205977337fd593 .av-subheading{\nfont-size:15px;\n}\n<\/style>\n<div  class='av-special-heading av-m918gcuj-1e580165cad42d0284205977337fd593 av-special-heading-h1 blockquote modern-quote  avia-builder-el-2  el_before_av_textblock  avia-builder-el-first '><h1 class='av-special-heading-tag '  itemprop=\"headline\"  >Activit\u00e9s dans la r\u00e9gion de Pedraforca<\/h1><div class=\"special-heading-border\"><div class=\"special-heading-inner-border\"><\/div><\/div><\/div><br \/>\n<section  class='av_textblock_section av-jcx0u-e423643f423afb90a45ba7642fdf114c '   itemscope=\"itemscope\" itemtype=\"https:\/\/schema.org\/CreativeWork\" ><div class='avia_textblock'  itemprop=\"text\" ><p>Les environs de Pedraforca sont bien plus qu\u2019un simple paysage. Des villages de charme aux espaces naturels, culturels et familiaux, la r\u00e9gion offre des options pour tous les go\u00fbts.<\/p>\n<p>Vous trouverez ici une s\u00e9lection d&rsquo;activit\u00e9s et de lieux d&rsquo;int\u00e9r\u00eat <strong>regroup\u00e9s par population<\/strong> , pour que vous puissiez planifier vos sorties en toute simplicit\u00e9. Mus\u00e9es, jardins, itin\u00e9raires, centres d&rsquo;interpr\u00e9tation, trains touristiques, aventures et bien plus encore&#8230; tout \u00e0 c\u00f4t\u00e9 de l&rsquo;auberge.<\/p>\n<p>Explorez, d\u00e9couvrez et vivez le territoire de Pedraforca comme jamais auparavant !<\/p>\n<\/div><\/section><\/p><\/div><\/div><\/div><\/div><!-- close content main div --><\/div><\/div><div id='av_section_1'  class='avia-section av-m919qlu6-9ab7aa9ec1f28295e7dc32f7b7a44589 main_color avia-section-default avia-no-border-styling  avia-builder-el-4  el_after_av_one_full  el_before_av_section  section-activitats avia-bg-style-scroll container_wrap fullsize'  ><div class='container av-section-cont-open' ><div class='template-page content  av-content-full alpha units'><div class='post-entry post-entry-type-page post-entry-866'><div class='entry-content-wrapper clearfix'>\n<div  class='flex_column av-dxf7q-3191f94fd4fce70964e3ca1d3aa84972 av_one_full  avia-builder-el-5  el_before_av_one_half  avia-builder-el-first  first flex_column_div av-animated-generic bottom-to-top  '     ><style type=\"text\/css\" data-created_by=\"avia_inline_auto\" id=\"style-css-av-89m0u-2b3f3434a1aea9464c491f304eec3f1b\">\n#top .av-special-heading.av-89m0u-2b3f3434a1aea9464c491f304eec3f1b{\npadding-bottom:10px;\n}\nbody .av-special-heading.av-89m0u-2b3f3434a1aea9464c491f304eec3f1b .av-special-heading-tag .heading-char{\nfont-size:25px;\n}\n.av-special-heading.av-89m0u-2b3f3434a1aea9464c491f304eec3f1b .av-subheading{\nfont-size:15px;\n}\n<\/style>\n<div  class='av-special-heading av-89m0u-2b3f3434a1aea9464c491f304eec3f1b av-special-heading-h2 blockquote modern-quote  avia-builder-el-6  avia-builder-el-no-sibling '><h2 class='av-special-heading-tag '  itemprop=\"headline\"  >La Pobla de Lillet<\/h2><div class=\"special-heading-border\"><div class=\"special-heading-inner-border\"><\/div><\/div><\/div><\/div><div class='flex_column_table av-10ri4e-d4783b1fd74d464fe95386cb4c315178 sc-av_one_half av-equal-height-column-flextable'>\n<style type=\"text\/css\" data-created_by=\"avia_inline_auto\" id=\"style-css-av-10ri4e-d4783b1fd74d464fe95386cb4c315178\">\n.flex_column.av-10ri4e-d4783b1fd74d464fe95386cb4c315178{\nwidth:48.5%;\nmargin-left:0;\n}\n#top .flex_column_table.av-equal-height-column-flextable.av-10ri4e-d4783b1fd74d464fe95386cb4c315178 .av-flex-placeholder{\nwidth:3%;\n}\n<\/style>\n<div  class='flex_column av-10ri4e-d4783b1fd74d464fe95386cb4c315178 av_one_half  avia-builder-el-7  el_after_av_one_full  el_before_av_one_half  first flex_column_table_cell av-equal-height-column av-align-top av-animated-generic bottom-to-top  column-top-margin'     ><p>\n<style type=\"text\/css\" data-created_by=\"avia_inline_auto\" id=\"style-css-av-m919nfr8-607ad503b417a3b9fc1b638db34c7902\">\n.avia-image-container.av-m919nfr8-607ad503b417a3b9fc1b638db34c7902 img.avia_image{\nbox-shadow:none;\n}\n.avia-image-container.av-m919nfr8-607ad503b417a3b9fc1b638db34c7902 .av-image-caption-overlay-center{\ncolor:#ffffff;\n}\n<\/style>\n<div  class='avia-image-container av-m919nfr8-607ad503b417a3b9fc1b638db34c7902 av-styling- avia-align-center  avia-builder-el-8  el_before_av_textblock  avia-builder-el-first '   itemprop=\"image\" itemscope=\"itemscope\" itemtype=\"https:\/\/schema.org\/ImageObject\" ><div class=\"avia-image-container-inner\"><div class=\"avia-image-overlay-wrap\"><img decoding=\"async\" fetchpriority=\"high\" class='wp-image-885 avia-img-lazy-loading-not-885 avia_image ' src=\"https:\/\/pedraforca.com\/wp-content\/uploads\/2025\/04\/4.-Jardins-Artigas-1-1493x630.jpg\" alt='Activities' title='Activitats'  height=\"630\" width=\"1493\"  itemprop=\"thumbnailUrl\"  \/><\/div><\/div><\/div><br \/>\n<section  class='av_textblock_section av-v2q7i-65a87cf2bbb0b4cfc6be920d61b067af '   itemscope=\"itemscope\" itemtype=\"https:\/\/schema.org\/CreativeWork\" ><div class='avia_textblock'  itemprop=\"text\" ><h3>Jardins Artigas<\/h3>\n<p>Un joyau du modernisme con\u00e7u par Antoni Gaud\u00ed, entour\u00e9 de v\u00e9g\u00e9tation et d&rsquo;eau. Se promener dans les Jardins Artigas, c&rsquo;est profiter d&rsquo;un paysage harmonieux o\u00f9 nature et architecture se fondent. Une visite id\u00e9ale pour toute la famille ou pour une escapade culturelle d\u00e9paysante.<\/p>\n<p><a href=\"http:\/\/www.turismelillet.cat\/\" target=\"_blank\" rel=\"noopener\">turismelillet.cat<\/a><\/p>\n<\/div><\/section><\/p><\/div><div class='av-flex-placeholder'><\/div>\n<style type=\"text\/css\" data-created_by=\"avia_inline_auto\" id=\"style-css-av-5nlri-f45892f60b12f200fb6b0990211200a9\">\n.flex_column.av-5nlri-f45892f60b12f200fb6b0990211200a9{\nwidth:48.5%;\nmargin-left:0;\n}\n#top .flex_column_table.av-equal-height-column-flextable.av-5nlri-f45892f60b12f200fb6b0990211200a9 .av-flex-placeholder{\nwidth:3%;\n}\n<\/style>\n<div  class='flex_column av-5nlri-f45892f60b12f200fb6b0990211200a9 av_one_half  avia-builder-el-10  el_after_av_one_half  el_before_av_one_half  flex_column_table_cell av-equal-height-column av-align-top av-animated-generic bottom-to-top  column-top-margin'     ><p>\n<style type=\"text\/css\" data-created_by=\"avia_inline_auto\" id=\"style-css-av-1gkh5a-60d25bcd9465d5faa67f21ae22f5e573\">\n.avia-image-container.av-1gkh5a-60d25bcd9465d5faa67f21ae22f5e573 img.avia_image{\nbox-shadow:none;\n}\n.avia-image-container.av-1gkh5a-60d25bcd9465d5faa67f21ae22f5e573 .av-image-caption-overlay-center{\ncolor:#ffffff;\n}\n<\/style>\n<div  class='avia-image-container av-1gkh5a-60d25bcd9465d5faa67f21ae22f5e573 av-styling- avia-align-center  avia-builder-el-11  el_before_av_textblock  avia-builder-el-first '   itemprop=\"image\" itemscope=\"itemscope\" itemtype=\"https:\/\/schema.org\/ImageObject\" ><div class=\"avia-image-container-inner\"><div class=\"avia-image-overlay-wrap\"><img decoding=\"async\" fetchpriority=\"high\" class='wp-image-886 avia-img-lazy-loading-not-886 avia_image ' src=\"https:\/\/pedraforca.com\/wp-content\/uploads\/2025\/04\/Jardins-Artigas-La-Pobla-de-Lillet-Turisme-5-1-2-1498x630.jpg\" alt='Activities' title='Activitats'  height=\"630\" width=\"1498\"  itemprop=\"thumbnailUrl\"  \/><\/div><\/div><\/div><br \/>\n<section  class='av_textblock_section av-48886-8e540d2b9814c0da5506a3a2563146c5 '   itemscope=\"itemscope\" itemtype=\"https:\/\/schema.org\/CreativeWork\" ><div class='avia_textblock'  itemprop=\"text\" ><h3>Le train du climat<\/h3>\n<p>\u200b<span class=\"relative -mx-px my-&#091;-0.2rem&#093; rounded-sm px-px py-&#091;0.2rem&#093;\">Le <strong data-start=\"3\" data-end=\"22\">Train du Ciment<\/strong> est une ligne ferroviaire historique qui reliait l&rsquo;ancienne usine de ciment Asland \u00e0 Castellar de n&rsquo;Hug \u00e0 Guardiola de Bergued\u00e0.<\/span> <span class=\"relative -mx-px my-&#091;-0.2rem&#093; rounded-sm px-px py-&#091;0.2rem&#093;\">Actuellement, ce train touristique propose un parcours de 3,5 km qui peut \u00eatre parcouru en 20 minutes environ, traversant des for\u00eats et des paysages enchanteurs aux portes du parc naturel du Cad\u00ed-Moixer\u00f3.<\/span><\/p>\n<p><a href=\"https:\/\/www.trendelciment.cat\/\">trendelciment.cat<\/a><\/p>\n<\/div><\/section><\/p><\/div><\/div><!--close column table wrapper. Autoclose: 1 -->\n<style type=\"text\/css\" data-created_by=\"avia_inline_auto\" id=\"style-css-av-9o3vny-2c1be84bfdd5b2264be77dea4b636bbc\">\n.flex_column.av-9o3vny-2c1be84bfdd5b2264be77dea4b636bbc{\nwidth:48.5%;\n}\n<\/style>\n<div  class='flex_column av-9o3vny-2c1be84bfdd5b2264be77dea4b636bbc av_one_half  avia-builder-el-13  el_after_av_one_half  el_before_av_one_half  first flex_column_div av-animated-generic bottom-to-top  column-top-margin'     ><p>\n<style type=\"text\/css\" data-created_by=\"avia_inline_auto\" id=\"style-css-av-9jmp72-6f7c7e24013b648d0fc12987f02b798a\">\n.avia-image-container.av-9jmp72-6f7c7e24013b648d0fc12987f02b798a img.avia_image{\nbox-shadow:none;\n}\n.avia-image-container.av-9jmp72-6f7c7e24013b648d0fc12987f02b798a .av-image-caption-overlay-center{\ncolor:#ffffff;\n}\n<\/style>\n<div  class='avia-image-container av-9jmp72-6f7c7e24013b648d0fc12987f02b798a av-styling- avia-align-center  avia-builder-el-14  el_before_av_textblock  avia-builder-el-first '   itemprop=\"image\" itemscope=\"itemscope\" itemtype=\"https:\/\/schema.org\/ImageObject\" ><div class=\"avia-image-container-inner\"><div class=\"avia-image-overlay-wrap\"><img decoding=\"async\" fetchpriority=\"high\" class='wp-image-882 avia-img-lazy-loading-not-882 avia_image ' src=\"https:\/\/pedraforca.com\/wp-content\/uploads\/2025\/04\/IMG_20170823_201742_589-768x768-2-1428x630-1.jpg\" alt='Activities' title='Activitats'  height=\"605\" width=\"1428\"  itemprop=\"thumbnailUrl\" srcset=\"https:\/\/pedraforca.com\/wp-content\/uploads\/2025\/04\/IMG_20170823_201742_589-768x768-2-1428x630-1.jpg 1428w, https:\/\/pedraforca.com\/wp-content\/uploads\/2025\/04\/IMG_20170823_201742_589-768x768-2-1428x630-1-300x127.jpg 300w, https:\/\/pedraforca.com\/wp-content\/uploads\/2025\/04\/IMG_20170823_201742_589-768x768-2-1428x630-1-1030x436.jpg 1030w, https:\/\/pedraforca.com\/wp-content\/uploads\/2025\/04\/IMG_20170823_201742_589-768x768-2-1428x630-1-768x325.jpg 768w, https:\/\/pedraforca.com\/wp-content\/uploads\/2025\/04\/IMG_20170823_201742_589-768x768-2-1428x630-1-705x299.jpg 705w\" sizes=\"(max-width: 1428px) 100vw, 1428px\" \/><\/div><\/div><\/div><br \/>\n<section  class='av_textblock_section av-m92jsotb-c6cf6690ab34908991abcd3aaaee5634 '   itemscope=\"itemscope\" itemtype=\"https:\/\/schema.org\/CreativeWork\" ><div class='avia_textblock'  itemprop=\"text\" ><h3>Parc d&rsquo;aventure Catllar\u00e0s<\/h3>\n<p class=\"\" data-start=\"117\" data-end=\"485\">Une aventure entre for\u00eats et \u00e9motions au c\u0153ur du Catllar\u00e0s. Le Parc Aventure de La Pobla de Lillet vous propose une journ\u00e9e pleine de plaisir avec des circuits entre les arbres, des tyroliennes, des ponts suspendus et des d\u00e9fis pour tous les \u00e2ges. Un environnement naturel privil\u00e9gi\u00e9 pour d\u00e9connecter et vivre l&rsquo;adr\u00e9naline en famille ou entre amis. Id\u00e9al pour les amoureux de la nature avec un esprit aventureux.<\/p>\n<p><a href=\"https:\/\/www.parcdaventuresdelcatllaras.cat\/\">parcdaventuresdelcatllaras.cat<\/a><\/p>\n<\/div><\/section><\/p><\/div>\n<style type=\"text\/css\" data-created_by=\"avia_inline_auto\" id=\"style-css-av-17u05q-b4a1e223ae460d692216bd223cfb7484\">\n.flex_column.av-17u05q-b4a1e223ae460d692216bd223cfb7484{\nwidth:48.5%;\nmargin-left:3%;\n}\n<\/style>\n<div  class='flex_column av-17u05q-b4a1e223ae460d692216bd223cfb7484 av_one_half  avia-builder-el-16  el_after_av_one_half  avia-builder-el-last  flex_column_div av-animated-generic bottom-to-top  column-top-margin'     ><p>\n<style type=\"text\/css\" data-created_by=\"avia_inline_auto\" id=\"style-css-av-m92nofpv-561420d433570a4bca1c1a0374f9fdd1\">\n.avia-image-container.av-m92nofpv-561420d433570a4bca1c1a0374f9fdd1 img.avia_image{\nbox-shadow:none;\n}\n.avia-image-container.av-m92nofpv-561420d433570a4bca1c1a0374f9fdd1 .av-image-caption-overlay-center{\ncolor:#ffffff;\n}\n<\/style>\n<div  class='avia-image-container av-m92nofpv-561420d433570a4bca1c1a0374f9fdd1 av-styling- avia-align-center  avia-builder-el-17  el_before_av_textblock  avia-builder-el-first '   itemprop=\"image\" itemscope=\"itemscope\" itemtype=\"https:\/\/schema.org\/ImageObject\" ><div class=\"avia-image-container-inner\"><div class=\"avia-image-overlay-wrap\"><img decoding=\"async\" fetchpriority=\"high\" class='wp-image-867 avia-img-lazy-loading-not-867 avia_image ' src=\"https:\/\/pedraforca.com\/wp-content\/uploads\/2025\/04\/rotonda-sant-miquel-la-pobla-lillet-turisme-ramon-saus-1.jpeg-1-1400x630-1.jpg\" alt='Activities' title='Activitats'  height=\"605\" width=\"1400\"  itemprop=\"thumbnailUrl\" srcset=\"https:\/\/pedraforca.com\/wp-content\/uploads\/2025\/04\/rotonda-sant-miquel-la-pobla-lillet-turisme-ramon-saus-1.jpeg-1-1400x630-1.jpg 1400w, https:\/\/pedraforca.com\/wp-content\/uploads\/2025\/04\/rotonda-sant-miquel-la-pobla-lillet-turisme-ramon-saus-1.jpeg-1-1400x630-1-300x130.jpg 300w, https:\/\/pedraforca.com\/wp-content\/uploads\/2025\/04\/rotonda-sant-miquel-la-pobla-lillet-turisme-ramon-saus-1.jpeg-1-1400x630-1-1030x445.jpg 1030w, https:\/\/pedraforca.com\/wp-content\/uploads\/2025\/04\/rotonda-sant-miquel-la-pobla-lillet-turisme-ramon-saus-1.jpeg-1-1400x630-1-768x332.jpg 768w, https:\/\/pedraforca.com\/wp-content\/uploads\/2025\/04\/rotonda-sant-miquel-la-pobla-lillet-turisme-ramon-saus-1.jpeg-1-1400x630-1-705x305.jpg 705w\" sizes=\"(max-width: 1400px) 100vw, 1400px\" \/><\/div><\/div><\/div><br \/>\n<section  class='av_textblock_section av-m92no34s-ad2bdaefe1e8902ec2fa590b70290371 '   itemscope=\"itemscope\" itemtype=\"https:\/\/schema.org\/CreativeWork\" ><div class='avia_textblock'  itemprop=\"text\" ><h3>Rotonde de Sant Miquel et monast\u00e8re de Santa Maria de Lillet<\/h3>\n<p class=\"\" data-start=\"117\" data-end=\"485\"><span style=\"font-weight: 400;\"> Cet ensemble roman, situ\u00e9 dans un cadre rural, conserve l&rsquo;essence de l&rsquo;architecture religieuse m\u00e9di\u00e9vale. L&rsquo;acc\u00e8s au site se fait par l&rsquo;office de tourisme et vaut le d\u00e9tour pour en apprendre davantage sur le patrimoine du territoire. <\/span><\/p>\n<p><a href=\"http:\/\/www.turismelillet.cat\"><span style=\"font-weight: 400;\">turismelillet.cat<\/span><\/a><\/p>\n<\/div><\/section><\/p><\/div>\n<\/p>\n<\/div><\/div><\/div><!-- close content main div --><\/div><\/div>\n<style type=\"text\/css\" data-created_by=\"avia_inline_auto\" id=\"style-css-av-12xewm-71358b4e2e9ddc55e0e23e155c172d38\">\n.avia-section.av-12xewm-71358b4e2e9ddc55e0e23e155c172d38{\nbackground-color:#efefef;\nbackground-image:unset;\n}\n<\/style>\n<div id='av_section_2'  class='avia-section av-12xewm-71358b4e2e9ddc55e0e23e155c172d38 main_color avia-section-default avia-no-border-styling  avia-builder-el-19  el_after_av_section  el_before_av_section  section-activitats avia-bg-style-scroll container_wrap fullsize'  ><div class='container av-section-cont-open' ><div class='template-page content  av-content-full alpha units'><div class='post-entry post-entry-type-page post-entry-866'><div class='entry-content-wrapper clearfix'>\n<div  class='flex_column av-wiaou-09e1df1b837569a3d3f06fd9beb16e8e av_one_full  avia-builder-el-20  el_before_av_one_half  avia-builder-el-first  first flex_column_div av-animated-generic bottom-to-top  '     ><style type=\"text\/css\" data-created_by=\"avia_inline_auto\" id=\"style-css-av-m92nr8i7-7cd9d84847a247c45a4ac8c90be1e9dd\">\n#top .av-special-heading.av-m92nr8i7-7cd9d84847a247c45a4ac8c90be1e9dd{\npadding-bottom:10px;\n}\nbody .av-special-heading.av-m92nr8i7-7cd9d84847a247c45a4ac8c90be1e9dd .av-special-heading-tag .heading-char{\nfont-size:25px;\n}\n.av-special-heading.av-m92nr8i7-7cd9d84847a247c45a4ac8c90be1e9dd .av-subheading{\nfont-size:15px;\n}\n<\/style>\n<div  class='av-special-heading av-m92nr8i7-7cd9d84847a247c45a4ac8c90be1e9dd av-special-heading-h2 blockquote modern-quote  avia-builder-el-21  avia-builder-el-no-sibling '><h2 class='av-special-heading-tag '  itemprop=\"headline\"  >Saldes<\/h2><div class=\"special-heading-border\"><div class=\"special-heading-inner-border\"><\/div><\/div><\/div><\/div><div class='flex_column_table av-qm7nq-44a40ef84b9b369b93f2394165ffbc3a sc-av_one_half av-equal-height-column-flextable'>\n<style type=\"text\/css\" data-created_by=\"avia_inline_auto\" id=\"style-css-av-qm7nq-44a40ef84b9b369b93f2394165ffbc3a\">\n.flex_column.av-qm7nq-44a40ef84b9b369b93f2394165ffbc3a{\nwidth:48.5%;\nmargin-left:0;\n}\n#top .flex_column_table.av-equal-height-column-flextable.av-qm7nq-44a40ef84b9b369b93f2394165ffbc3a .av-flex-placeholder{\nwidth:3%;\n}\n<\/style>\n<div  class='flex_column av-qm7nq-44a40ef84b9b369b93f2394165ffbc3a av_one_half  avia-builder-el-22  el_after_av_one_full  el_before_av_one_half  first flex_column_table_cell av-equal-height-column av-align-top av-animated-generic bottom-to-top  column-top-margin'     ><p>\n<style type=\"text\/css\" data-created_by=\"avia_inline_auto\" id=\"style-css-av-m92ny3wq-7037b7947c6473c13561eb22a1dc2966\">\n.avia-image-container.av-m92ny3wq-7037b7947c6473c13561eb22a1dc2966 img.avia_image{\nbox-shadow:none;\n}\n.avia-image-container.av-m92ny3wq-7037b7947c6473c13561eb22a1dc2966 .av-image-caption-overlay-center{\ncolor:#ffffff;\n}\n<\/style>\n<div  class='avia-image-container av-m92ny3wq-7037b7947c6473c13561eb22a1dc2966 av-styling- avia-align-center  avia-builder-el-23  el_before_av_textblock  avia-builder-el-first '   itemprop=\"image\" itemscope=\"itemscope\" itemtype=\"https:\/\/schema.org\/ImageObject\" ><div class=\"avia-image-container-inner\"><div class=\"avia-image-overlay-wrap\"><img decoding=\"async\" fetchpriority=\"high\" class='wp-image-879 avia-img-lazy-loading-not-879 avia_image ' src=\"https:\/\/pedraforca.com\/wp-content\/uploads\/2025\/04\/MG_5429-1400x630.jpg\" alt='Activities' title='Activitats'  height=\"630\" width=\"1400\"  itemprop=\"thumbnailUrl\"  \/><\/div><\/div><\/div><br \/>\n<section  class='av_textblock_section av-m92nrtfp-b4239635447ddf376c2064d4407841b8 '   itemscope=\"itemscope\" itemtype=\"https:\/\/schema.org\/CreativeWork\" ><div class='avia_textblock'  itemprop=\"text\" ><h3>Centre astronomique de Pedraforca<\/h3>\n<p><span style=\"font-weight: 400;\">Une exp\u00e9rience unique sous le ciel \u00e9toil\u00e9 de Pedraforca. Le centre propose des s\u00e9ances de plan\u00e9tarium, des observations au t\u00e9lescope et des explications sur les constellations et les l\u00e9gendes du ciel nocturne. Id\u00e9al pour tous les \u00e2ges et totalement immersif. <\/span><\/p>\n<p><a href=\"http:\/\/centreastronomicdelpedraforca.cat\"><span style=\"font-weight: 400;\">centreastronomiquedelpedraforca.cat<\/span><\/a><\/p>\n<\/div><\/section><\/p><\/div><div class='av-flex-placeholder'><\/div>\n<style type=\"text\/css\" data-created_by=\"avia_inline_auto\" id=\"style-css-av-jndke-0f0daff5ee2578ce736d3cb6a9466ab4\">\n.flex_column.av-jndke-0f0daff5ee2578ce736d3cb6a9466ab4{\nwidth:48.5%;\nmargin-left:0;\n}\n#top .flex_column_table.av-equal-height-column-flextable.av-jndke-0f0daff5ee2578ce736d3cb6a9466ab4 .av-flex-placeholder{\nwidth:3%;\n}\n<\/style>\n<div  class='flex_column av-jndke-0f0daff5ee2578ce736d3cb6a9466ab4 av_one_half  avia-builder-el-25  el_after_av_one_half  el_before_av_one_half  flex_column_table_cell av-equal-height-column av-align-top av-animated-generic bottom-to-top  column-top-margin'     ><p>\n<style type=\"text\/css\" data-created_by=\"avia_inline_auto\" id=\"style-css-av-m92nxs62-8049a9fd58bde1a8b618a6e0ac9d5654\">\n.avia-image-container.av-m92nxs62-8049a9fd58bde1a8b618a6e0ac9d5654 img.avia_image{\nbox-shadow:none;\n}\n.avia-image-container.av-m92nxs62-8049a9fd58bde1a8b618a6e0ac9d5654 .av-image-caption-overlay-center{\ncolor:#ffffff;\n}\n<\/style>\n<div  class='avia-image-container av-m92nxs62-8049a9fd58bde1a8b618a6e0ac9d5654 av-styling- avia-align-center  avia-builder-el-26  el_before_av_textblock  avia-builder-el-first '   itemprop=\"image\" itemscope=\"itemscope\" itemtype=\"https:\/\/schema.org\/ImageObject\" ><div class=\"avia-image-container-inner\"><div class=\"avia-image-overlay-wrap\"><img decoding=\"async\" fetchpriority=\"high\" class='wp-image-878 avia-img-lazy-loading-not-878 avia_image ' src=\"https:\/\/pedraforca.com\/wp-content\/uploads\/2025\/04\/torrent-olla-de-la-mel-1400x630.jpg\" alt='Activities' title='Activitats'  height=\"630\" width=\"1400\"  itemprop=\"thumbnailUrl\"  \/><\/div><\/div><\/div><br \/>\n<section  class='av_textblock_section av-m92nsdob-6d0b7ea6a6e4f2f056f9c69391694351 '   itemscope=\"itemscope\" itemtype=\"https:\/\/schema.org\/CreativeWork\" ><div class='avia_textblock'  itemprop=\"text\" ><h3>Canyoning \u00e0 Olla de Mel<\/h3>\n<p><span style=\"font-weight: 400;\">Une descente passionnante dans un environnement vierge du parc naturel de Cadi-Moixer\u00f3. Le parcours est technique mais spectaculaire, avec des rappels et des paysages sauvages. Convient aux amoureux d&rsquo;aventure et de nature pure. <\/span><\/p>\n<p><a href=\"https:\/\/www.trendelciment.cat\"><span style=\"font-weight: 400;\">trendelciment.cat<\/span><\/a><\/p>\n<\/div><\/section><\/p><\/div><\/div><!--close column table wrapper. Autoclose: 1 -->\n<style type=\"text\/css\" data-created_by=\"avia_inline_auto\" id=\"style-css-av-g80za-17b60d5e0ead98e40a31100b1024b188\">\n.flex_column.av-g80za-17b60d5e0ead98e40a31100b1024b188{\nwidth:48.5%;\n}\n<\/style>\n<div  class='flex_column av-g80za-17b60d5e0ead98e40a31100b1024b188 av_one_half  avia-builder-el-28  el_after_av_one_half  el_before_av_one_half  first flex_column_div av-animated-generic bottom-to-top  column-top-margin'     ><p>\n<style type=\"text\/css\" data-created_by=\"avia_inline_auto\" id=\"style-css-av-m92nxf0v-3a89f9e1d50469ad7a714b7e1385c159\">\n.avia-image-container.av-m92nxf0v-3a89f9e1d50469ad7a714b7e1385c159 img.avia_image{\nbox-shadow:none;\n}\n.avia-image-container.av-m92nxf0v-3a89f9e1d50469ad7a714b7e1385c159 .av-image-caption-overlay-center{\ncolor:#ffffff;\n}\n<\/style>\n<div  class='avia-image-container av-m92nxf0v-3a89f9e1d50469ad7a714b7e1385c159 av-styling- avia-align-center  avia-builder-el-29  el_before_av_textblock  avia-builder-el-first '   itemprop=\"image\" itemscope=\"itemscope\" itemtype=\"https:\/\/schema.org\/ImageObject\" ><div class=\"avia-image-container-inner\"><div class=\"avia-image-overlay-wrap\"><img decoding=\"async\" fetchpriority=\"high\" class='wp-image-877 avia-img-lazy-loading-not-877 avia_image ' src=\"https:\/\/pedraforca.com\/wp-content\/uploads\/2025\/04\/65243363.700x525-1400x630.jpg\" alt='Activities' title='Activitats'  height=\"630\" width=\"1400\"  itemprop=\"thumbnailUrl\"  \/><\/div><\/div><\/div><br \/>\n<section  class='av_textblock_section av-m92nsvvp-bff68415e688df927128c39783fff3f5 '   itemscope=\"itemscope\" itemtype=\"https:\/\/schema.org\/CreativeWork\" ><div class='avia_textblock'  itemprop=\"text\" ><h3>Les 7 visages de Pedraforca<\/h3>\n<p><span style=\"font-weight: 400;\">Proposition d&rsquo;\u00e9co-voyage pour d\u00e9couvrir la montagne sous sept angles diff\u00e9rents : culture, nature, gastronomie, artisanat, histoire&#8230; Une fa\u00e7on originale et profonde de se connecter avec le territoire et ses habitants.<\/span><\/p>\n<p><a href=\"https:\/\/www.visitpedraforca.com\/\"><span style=\"font-weight: 400;\">visitpedraforca.com<\/span><\/a><\/p>\n<\/div><\/section><\/p><\/div>\n<style type=\"text\/css\" data-created_by=\"avia_inline_auto\" id=\"style-css-av-9j452-3869d9a96d5d587d24ebcf243dcfc49f\">\n.flex_column.av-9j452-3869d9a96d5d587d24ebcf243dcfc49f{\nwidth:48.5%;\nmargin-left:3%;\n}\n<\/style>\n<div  class='flex_column av-9j452-3869d9a96d5d587d24ebcf243dcfc49f av_one_half  avia-builder-el-31  el_after_av_one_half  avia-builder-el-last  flex_column_div av-animated-generic bottom-to-top  column-top-margin'     ><p>\n<style type=\"text\/css\" data-created_by=\"avia_inline_auto\" id=\"style-css-av-m92nx0sx-0b112178ad37f998b4d4cb390cfc73ab\">\n.avia-image-container.av-m92nx0sx-0b112178ad37f998b4d4cb390cfc73ab img.avia_image{\nbox-shadow:none;\n}\n.avia-image-container.av-m92nx0sx-0b112178ad37f998b4d4cb390cfc73ab .av-image-caption-overlay-center{\ncolor:#ffffff;\n}\n<\/style>\n<div  class='avia-image-container av-m92nx0sx-0b112178ad37f998b4d4cb390cfc73ab av-styling- avia-align-center  avia-builder-el-32  el_before_av_textblock  avia-builder-el-first '   itemprop=\"image\" itemscope=\"itemscope\" itemtype=\"https:\/\/schema.org\/ImageObject\" ><div class=\"avia-image-container-inner\"><div class=\"avia-image-overlay-wrap\"><img decoding=\"async\" fetchpriority=\"high\" class='wp-image-876 avia-img-lazy-loading-not-876 avia_image ' src=\"https:\/\/pedraforca.com\/wp-content\/uploads\/2025\/04\/turisme-del-bergueda-1400x630.jpg\" alt='Activities' title='Activitats'  height=\"630\" width=\"1400\"  itemprop=\"thumbnailUrl\"  \/><\/div><\/div><\/div><br \/>\n<section  class='av_textblock_section av-m92nte0r-df67be189f33ecd7abab3ccb27a94336 '   itemscope=\"itemscope\" itemtype=\"https:\/\/schema.org\/CreativeWork\" ><div class='avia_textblock'  itemprop=\"text\" ><h3>Itin\u00e9raires VTT dans le Bergued\u00e0<\/h3>\n<p><span style=\"font-weight: 400;\">La r\u00e9gion de Pedraforca regorge de sentiers et de pistes de VTT. Sur le site, vous trouverez des itin\u00e9raires pour tous les niveaux, des promenades douces aux ascensions exigeantes avec des paysages impressionnants. <\/span><\/p>\n<p><a href=\"https:\/\/www.visitpedraforca.com\/\"><span style=\"font-weight: 400;\">visitpedraforca.com<\/span><\/a><\/p>\n<\/div><\/section><\/p><\/div>\n\n<\/div><\/div><\/div><!-- close content main div --><\/div><\/div><div id='av_section_3'  class='avia-section av-7qrsva-ae8af67da2ac04619cf64b3b8d73f5b8 main_color avia-section-default avia-no-border-styling  avia-builder-el-34  el_after_av_section  el_before_av_section  section-activitats avia-bg-style-scroll container_wrap fullsize'  ><div class='container av-section-cont-open' ><div class='template-page content  av-content-full alpha units'><div class='post-entry post-entry-type-page post-entry-866'><div class='entry-content-wrapper clearfix'>\n<div  class='flex_column av-7k0q3i-231ed4cd38f863ac8391bd57dd67e095 av_one_full  avia-builder-el-35  el_before_av_one_half  avia-builder-el-first  first flex_column_div av-animated-generic bottom-to-top  '     ><style type=\"text\/css\" data-created_by=\"avia_inline_auto\" id=\"style-css-av-m92j8yd2-6770dffac2ee72da90b4c7b0e7fc745e\">\n#top .av-special-heading.av-m92j8yd2-6770dffac2ee72da90b4c7b0e7fc745e{\npadding-bottom:10px;\n}\nbody .av-special-heading.av-m92j8yd2-6770dffac2ee72da90b4c7b0e7fc745e .av-special-heading-tag .heading-char{\nfont-size:25px;\n}\n.av-special-heading.av-m92j8yd2-6770dffac2ee72da90b4c7b0e7fc745e .av-subheading{\nfont-size:15px;\n}\n<\/style>\n<div  class='av-special-heading av-m92j8yd2-6770dffac2ee72da90b4c7b0e7fc745e av-special-heading-h2 blockquote modern-quote  avia-builder-el-36  avia-builder-el-no-sibling '><h2 class='av-special-heading-tag '  itemprop=\"headline\"  >Castellar de n\u2019Hug<\/h2><div class=\"special-heading-border\"><div class=\"special-heading-inner-border\"><\/div><\/div><\/div><\/div><div class='flex_column_table av-7f331a-a4536bbd468ac9f230d723399a1f4b09 sc-av_one_half av-equal-height-column-flextable'>\n<style type=\"text\/css\" data-created_by=\"avia_inline_auto\" id=\"style-css-av-7f331a-a4536bbd468ac9f230d723399a1f4b09\">\n.flex_column.av-7f331a-a4536bbd468ac9f230d723399a1f4b09{\nwidth:48.5%;\nmargin-left:0;\n}\n#top .flex_column_table.av-equal-height-column-flextable.av-7f331a-a4536bbd468ac9f230d723399a1f4b09 .av-flex-placeholder{\nwidth:3%;\n}\n<\/style>\n<div  class='flex_column av-7f331a-a4536bbd468ac9f230d723399a1f4b09 av_one_half  avia-builder-el-37  el_after_av_one_full  el_before_av_one_half  first flex_column_table_cell av-equal-height-column av-align-top av-animated-generic bottom-to-top  column-top-margin'     ><p>\n<style type=\"text\/css\" data-created_by=\"avia_inline_auto\" id=\"style-css-av-77lrti-3ffe4f10a3004cb69b3adac223ae6825\">\n.avia-image-container.av-77lrti-3ffe4f10a3004cb69b3adac223ae6825 img.avia_image{\nbox-shadow:none;\n}\n.avia-image-container.av-77lrti-3ffe4f10a3004cb69b3adac223ae6825 .av-image-caption-overlay-center{\ncolor:#ffffff;\n}\n<\/style>\n<div  class='avia-image-container av-77lrti-3ffe4f10a3004cb69b3adac223ae6825 av-styling- avia-align-center  avia-builder-el-38  el_before_av_textblock  avia-builder-el-first '   itemprop=\"image\" itemscope=\"itemscope\" itemtype=\"https:\/\/schema.org\/ImageObject\" ><div class=\"avia-image-container-inner\"><div class=\"avia-image-overlay-wrap\"><img decoding=\"async\" fetchpriority=\"high\" class='wp-image-870 avia-img-lazy-loading-not-870 avia_image ' src=\"https:\/\/pedraforca.com\/wp-content\/uploads\/2025\/04\/museu-ciment-1400x630.jpg\" alt='Activities' title='Activitats'  height=\"630\" width=\"1400\"  itemprop=\"thumbnailUrl\"  \/><\/div><\/div><\/div><br \/>\n<section  class='av_textblock_section av-m92jki7r-32d4edc83f15b808657e115e437c1faf '   itemscope=\"itemscope\" itemtype=\"https:\/\/schema.org\/CreativeWork\" ><div class='avia_textblock'  itemprop=\"text\" ><h3>Mus\u00e9e du ciment d&rsquo;Asland<\/h3>\n<p class=\"\" data-start=\"112\" data-end=\"525\"><span style=\"font-weight: 400;\">Install\u00e9 dans une ancienne usine au milieu de la for\u00eat, ce mus\u00e9e est un t\u00e9moignage de l&rsquo;architecture industrielle catalane. Il propose une visite immersive de la production de ciment et de l&rsquo;h\u00e9ritage industriel du XXe si\u00e8cle dans un environnement naturel \u00e9poustouflant. <\/span><\/p>\n<p><a href=\"https:\/\/museuciment.cat\/ca\/museu-del-ciment\/\">mus\u00e9e.cat<\/a><\/p>\n<\/div><\/section><\/p><\/div><div class='av-flex-placeholder'><\/div>\n<style type=\"text\/css\" data-created_by=\"avia_inline_auto\" id=\"style-css-av-72e2vi-faf79fe091b8c63eaf6f43b09fb5daff\">\n.flex_column.av-72e2vi-faf79fe091b8c63eaf6f43b09fb5daff{\nwidth:48.5%;\nmargin-left:0;\n}\n#top .flex_column_table.av-equal-height-column-flextable.av-72e2vi-faf79fe091b8c63eaf6f43b09fb5daff .av-flex-placeholder{\nwidth:3%;\n}\n<\/style>\n<div  class='flex_column av-72e2vi-faf79fe091b8c63eaf6f43b09fb5daff av_one_half  avia-builder-el-40  el_after_av_one_half  el_before_av_one_half  flex_column_table_cell av-equal-height-column av-align-top av-animated-generic bottom-to-top  column-top-margin'     ><p>\n<style type=\"text\/css\" data-created_by=\"avia_inline_auto\" id=\"style-css-av-ov41y-590d1c47ac5e6f55036b824f9d9fab1b\">\n.avia-image-container.av-ov41y-590d1c47ac5e6f55036b824f9d9fab1b img.avia_image{\nbox-shadow:none;\n}\n.avia-image-container.av-ov41y-590d1c47ac5e6f55036b824f9d9fab1b .av-image-caption-overlay-center{\ncolor:#ffffff;\n}\n<\/style>\n<div  class='avia-image-container av-ov41y-590d1c47ac5e6f55036b824f9d9fab1b av-styling- avia-align-center  avia-builder-el-41  el_before_av_textblock  avia-builder-el-first '   itemprop=\"image\" itemscope=\"itemscope\" itemtype=\"https:\/\/schema.org\/ImageObject\" ><div class=\"avia-image-container-inner\"><div class=\"avia-image-overlay-wrap\"><img decoding=\"async\" fetchpriority=\"high\" class='wp-image-871 avia-img-lazy-loading-not-871 avia_image ' src=\"https:\/\/pedraforca.com\/wp-content\/uploads\/2025\/04\/museu_del_pastor_2-1400x630.jpg\" alt='Activities' title='Activitats'  height=\"630\" width=\"1400\"  itemprop=\"thumbnailUrl\"  \/><\/div><\/div><\/div><br \/>\n<section  class='av_textblock_section av-m92jnrt7-856ece5182473ffac49e654548f60ab7 '   itemscope=\"itemscope\" itemtype=\"https:\/\/schema.org\/CreativeWork\" ><div class='avia_textblock'  itemprop=\"text\" ><h3>Mus\u00e9e du berger<\/h3>\n<p class=\"\" data-start=\"108\" data-end=\"468\"><span style=\"font-weight: 400;\">Mus\u00e9e consacr\u00e9 \u00e0 la figure du berger de montagne et \u00e0 son mode de vie. Une visite simple mais \u00e9mouvante, qui renoue avec les racines rurales et humaines du territoire. Id\u00e9al pour comprendre le lien entre l&rsquo;homme et l&rsquo;environnement. <\/span><\/p>\n<p><a href=\"https:\/\/www.ajcastellardenhug.cat\">ajcastellardenhug.cat<\/a><\/p>\n<\/div><\/section><\/p><\/div><\/div><!--close column table wrapper. Autoclose: 1 -->\n<style type=\"text\/css\" data-created_by=\"avia_inline_auto\" id=\"style-css-av-6rqw4e-1609b6510eb7790e47084e06a8786f5d\">\n.flex_column.av-6rqw4e-1609b6510eb7790e47084e06a8786f5d{\nwidth:48.5%;\n}\n<\/style>\n<div  class='flex_column av-6rqw4e-1609b6510eb7790e47084e06a8786f5d av_one_half  avia-builder-el-43  el_after_av_one_half  avia-builder-el-last  first flex_column_div av-animated-generic bottom-to-top  column-top-margin'     ><p>\n<style type=\"text\/css\" data-created_by=\"avia_inline_auto\" id=\"style-css-av-6jfpae-2ff9c6216d29d610a4ef2c559cb9adc8\">\n.avia-image-container.av-6jfpae-2ff9c6216d29d610a4ef2c559cb9adc8 img.avia_image{\nbox-shadow:none;\n}\n.avia-image-container.av-6jfpae-2ff9c6216d29d610a4ef2c559cb9adc8 .av-image-caption-overlay-center{\ncolor:#ffffff;\n}\n<\/style>\n<div  class='avia-image-container av-6jfpae-2ff9c6216d29d610a4ef2c559cb9adc8 av-styling- avia-align-center  avia-builder-el-44  el_before_av_textblock  avia-builder-el-first '   itemprop=\"image\" itemscope=\"itemscope\" itemtype=\"https:\/\/schema.org\/ImageObject\" ><div class=\"avia-image-container-inner\"><div class=\"avia-image-overlay-wrap\"><img decoding=\"async\" fetchpriority=\"high\" class='wp-image-872 avia-img-lazy-loading-not-872 avia_image ' src=\"https:\/\/pedraforca.com\/wp-content\/uploads\/2025\/04\/Sant_vicenc_de_rus-exterior-1400x630.jpg\" alt='Activities' title='Activitats'  height=\"630\" width=\"1400\"  itemprop=\"thumbnailUrl\"  \/><\/div><\/div><\/div><br \/>\n<section  class='av_textblock_section av-m92k0qhv-a03db911e4eade049853251656b2718f '   itemscope=\"itemscope\" itemtype=\"https:\/\/schema.org\/CreativeWork\" ><div class='avia_textblock'  itemprop=\"text\" ><h3>Saint Vincent de Rus<\/h3>\n<p class=\"\" data-start=\"117\" data-end=\"433\">Un joyau roman au milieu des montagnes, entour\u00e9 de silence et de nature. L&rsquo;\u00e9glise de Sant Vicen\u00e7 de Rus, avec ses formes aust\u00e8res et \u00e9l\u00e9gantes, vous transporte \u00e0 l&rsquo;essence du roman du Bergued\u00e0. Un espace charg\u00e9 d&rsquo;histoire, de spiritualit\u00e9 et de paysage, id\u00e9al pour les amateurs d&rsquo;art, de culture et d&rsquo;\u00e9vasions de charme.<\/p>\n<p><a href=\"https:\/\/www.civitascultura.org\">civitascultura.org<\/a><\/p>\n<\/div><\/section><\/p><\/div>\n\n<\/div><\/div><\/div><!-- close content main div --><\/div><\/div>\n<style type=\"text\/css\" data-created_by=\"avia_inline_auto\" id=\"style-css-av-11jh2e-2c897d909ed9540e7f3b5f3b97ffae5b\">\n.avia-section.av-11jh2e-2c897d909ed9540e7f3b5f3b97ffae5b{\nbackground-color:#efefef;\nbackground-image:unset;\n}\n<\/style>\n<div id='av_section_4'  class='avia-section av-11jh2e-2c897d909ed9540e7f3b5f3b97ffae5b main_color avia-section-default avia-no-border-styling  avia-builder-el-46  el_after_av_section  el_before_av_section  section-activitats avia-bg-style-scroll container_wrap fullsize'  ><div class='container av-section-cont-open' ><div class='template-page content  av-content-full alpha units'><div class='post-entry post-entry-type-page post-entry-866'><div class='entry-content-wrapper clearfix'>\n<div  class='flex_column av-3cnni-c9c45328d33d9be240f8a92c40121df2 av_one_full  avia-builder-el-47  el_before_av_one_half  avia-builder-el-first  first flex_column_div av-animated-generic bottom-to-top  '     ><style type=\"text\/css\" data-created_by=\"avia_inline_auto\" id=\"style-css-av-m92j9ykl-37be500d1141419da8afee644630b9b2\">\n#top .av-special-heading.av-m92j9ykl-37be500d1141419da8afee644630b9b2{\npadding-bottom:10px;\n}\nbody .av-special-heading.av-m92j9ykl-37be500d1141419da8afee644630b9b2 .av-special-heading-tag .heading-char{\nfont-size:25px;\n}\n.av-special-heading.av-m92j9ykl-37be500d1141419da8afee644630b9b2 .av-subheading{\nfont-size:15px;\n}\n<\/style>\n<div  class='av-special-heading av-m92j9ykl-37be500d1141419da8afee644630b9b2 av-special-heading-h2 blockquote modern-quote  avia-builder-el-48  avia-builder-el-no-sibling '><h2 class='av-special-heading-tag '  itemprop=\"headline\"  >Cercs<\/h2><div class=\"special-heading-border\"><div class=\"special-heading-inner-border\"><\/div><\/div><\/div><\/div><div class='flex_column_table av-2mm5i-254f9a00fa40759c51de3b8b9ef4c123 sc-av_one_half av-equal-height-column-flextable'>\n<style type=\"text\/css\" data-created_by=\"avia_inline_auto\" id=\"style-css-av-2mm5i-254f9a00fa40759c51de3b8b9ef4c123\">\n.flex_column.av-2mm5i-254f9a00fa40759c51de3b8b9ef4c123{\nwidth:48.5%;\nmargin-left:0;\n}\n#top .flex_column_table.av-equal-height-column-flextable.av-2mm5i-254f9a00fa40759c51de3b8b9ef4c123 .av-flex-placeholder{\nwidth:3%;\n}\n<\/style>\n<div  class='flex_column av-2mm5i-254f9a00fa40759c51de3b8b9ef4c123 av_one_half  avia-builder-el-49  el_after_av_one_full  el_before_av_one_half  first flex_column_table_cell av-equal-height-column av-align-top av-animated-generic bottom-to-top  column-top-margin'     ><p>\n<style type=\"text\/css\" data-created_by=\"avia_inline_auto\" id=\"style-css-av-k0g8u-0a8ccb5804478130c4024fd4652d0c30\">\n.avia-image-container.av-k0g8u-0a8ccb5804478130c4024fd4652d0c30 img.avia_image{\nbox-shadow:none;\n}\n.avia-image-container.av-k0g8u-0a8ccb5804478130c4024fd4652d0c30 .av-image-caption-overlay-center{\ncolor:#ffffff;\n}\n<\/style>\n<div  class='avia-image-container av-k0g8u-0a8ccb5804478130c4024fd4652d0c30 av-styling- avia-align-center  avia-builder-el-50  el_before_av_textblock  avia-builder-el-first '   itemprop=\"image\" itemscope=\"itemscope\" itemtype=\"https:\/\/schema.org\/ImageObject\" ><div class=\"avia-image-container-inner\"><div class=\"avia-image-overlay-wrap\"><img decoding=\"async\" fetchpriority=\"high\" class='wp-image-874 avia-img-lazy-loading-not-874 avia_image ' src=\"https:\/\/pedraforca.com\/wp-content\/uploads\/2025\/04\/12279-01-museu-mines-de-cercs-1-1400x630.jpg\" alt='Activities' title='Activitats'  height=\"630\" width=\"1400\"  itemprop=\"thumbnailUrl\"  \/><\/div><\/div><\/div><br \/>\n<section  class='av_textblock_section av-m92jwrja-fd30233711ab03cc401a8b0b00fc64a5 '   itemscope=\"itemscope\" itemtype=\"https:\/\/schema.org\/CreativeWork\" ><div class='avia_textblock'  itemprop=\"text\" ><h3>Mus\u00e9e des mines de Cercs<\/h3>\n<p class=\"\" data-start=\"113\" data-end=\"517\"><span style=\"font-weight: 400;\">L&rsquo;un des mus\u00e9es les plus singuliers du Bergued\u00e0, avec une visite qui comprend l&rsquo;entr\u00e9e dans une v\u00e9ritable galerie d&rsquo;une ancienne mine de charbon. Id\u00e9al pour les familles, les \u00e9coles et tous ceux qui souhaitent d\u00e9couvrir le pass\u00e9 minier de la r\u00e9gion de mani\u00e8re exp\u00e9rientielle. <\/span><\/p>\n<p><a href=\"http:\/\/www.mmcercs.cat\/\">mmcercs.cat<\/a><\/p>\n<\/div><\/section><\/p><\/div><div class='av-flex-placeholder'><\/div>\n<style type=\"text\/css\" data-created_by=\"avia_inline_auto\" id=\"style-css-av-evwq6-bbe87c64166cfa181adc7f7f311f2e34\">\n.flex_column.av-evwq6-bbe87c64166cfa181adc7f7f311f2e34{\nwidth:48.5%;\nmargin-left:0;\n}\n#top .flex_column_table.av-equal-height-column-flextable.av-evwq6-bbe87c64166cfa181adc7f7f311f2e34 .av-flex-placeholder{\nwidth:3%;\n}\n<\/style>\n<div  class='flex_column av-evwq6-bbe87c64166cfa181adc7f7f311f2e34 av_one_half  avia-builder-el-52  el_after_av_one_half  avia-builder-el-last  flex_column_table_cell av-equal-height-column av-align-top av-animated-generic bottom-to-top  column-top-margin'     ><p>\n<style type=\"text\/css\" data-created_by=\"avia_inline_auto\" id=\"style-css-av-88u8u-646bf53124c1190ab1a24fc0b09285e6\">\n.avia-image-container.av-88u8u-646bf53124c1190ab1a24fc0b09285e6 img.avia_image{\nbox-shadow:none;\n}\n.avia-image-container.av-88u8u-646bf53124c1190ab1a24fc0b09285e6 .av-image-caption-overlay-center{\ncolor:#ffffff;\n}\n<\/style>\n<div  class='avia-image-container av-88u8u-646bf53124c1190ab1a24fc0b09285e6 av-styling- avia-align-center  avia-builder-el-53  el_before_av_textblock  avia-builder-el-first '   itemprop=\"image\" itemscope=\"itemscope\" itemtype=\"https:\/\/schema.org\/ImageObject\" ><div class=\"avia-image-container-inner\"><div class=\"avia-image-overlay-wrap\"><img decoding=\"async\" fetchpriority=\"high\" class='wp-image-869 avia-img-lazy-loading-not-869 avia_image ' src=\"https:\/\/pedraforca.com\/wp-content\/uploads\/2025\/04\/0099-panta-de-la-baells-3-1-1400x630.jpg\" alt='Activities' title='Activitats'  height=\"630\" width=\"1400\"  itemprop=\"thumbnailUrl\"  \/><\/div><\/div><\/div><br \/>\n<section  class='av_textblock_section av-m92jy0vc-e90d60b7799b0bdd100c515cf6d48d3e '   itemscope=\"itemscope\" itemtype=\"https:\/\/schema.org\/CreativeWork\" ><div class='avia_textblock'  itemprop=\"text\" ><h3>Centre d&rsquo;interpr\u00e9tation de Baells<\/h3>\n<p class=\"\" data-start=\"117\" data-end=\"516\"><span style=\"font-weight: 400;\">Centre d\u00e9di\u00e9 \u00e0 l&rsquo;explication de la construction du r\u00e9servoir de Baells et de son impact sur le territoire. Un espace int\u00e9ressant pour comprendre la relation entre infrastructures et d\u00e9veloppement local. <\/span><\/p>\n<p><a href=\"https:\/\/www.mmcercs.cat\">mmcercs.cat<\/a><\/p>\n<\/div><\/section><\/p><\/div><\/div><!--close column table wrapper. Autoclose: 1 -->\n\n<\/div><\/div><\/div><!-- close content main div --><\/div><\/div><div id='av_section_5'  class='avia-section av-2av0em-d242d32b393bdc8f472bd8525c8c8368 main_color avia-section-default avia-no-border-styling  avia-builder-el-55  el_after_av_section  el_before_av_section  section-activitats avia-bg-style-scroll container_wrap fullsize'  ><div class='container av-section-cont-open' ><div class='template-page content  av-content-full alpha units'><div class='post-entry post-entry-type-page post-entry-866'><div class='entry-content-wrapper clearfix'>\n<div  class='flex_column av-m918kitp-bb6cb78081a27fad3117a32d5bfe6f10 av_one_full  avia-builder-el-56  el_before_av_one_half  avia-builder-el-first  first flex_column_div av-animated-generic bottom-to-top  '     ><style type=\"text\/css\" data-created_by=\"avia_inline_auto\" id=\"style-css-av-6hmz1i-3a76b0e9b91a11d44a5e1fea6d452f80\">\n#top .av-special-heading.av-6hmz1i-3a76b0e9b91a11d44a5e1fea6d452f80{\npadding-bottom:10px;\n}\nbody .av-special-heading.av-6hmz1i-3a76b0e9b91a11d44a5e1fea6d452f80 .av-special-heading-tag .heading-char{\nfont-size:25px;\n}\n.av-special-heading.av-6hmz1i-3a76b0e9b91a11d44a5e1fea6d452f80 .av-subheading{\nfont-size:15px;\n}\n<\/style>\n<div  class='av-special-heading av-6hmz1i-3a76b0e9b91a11d44a5e1fea6d452f80 av-special-heading-h2 blockquote modern-quote  avia-builder-el-57  avia-builder-el-no-sibling '><h2 class='av-special-heading-tag '  itemprop=\"headline\"  >Guardiola de Bergued\u00e0<\/h2><div class=\"special-heading-border\"><div class=\"special-heading-inner-border\"><\/div><\/div><\/div><\/div><div class='flex_column_table av-224u7y-5f2abccf1c56e86c743df70e92cec4cf sc-av_one_half av-equal-height-column-flextable'>\n<style type=\"text\/css\" data-created_by=\"avia_inline_auto\" id=\"style-css-av-224u7y-5f2abccf1c56e86c743df70e92cec4cf\">\n.flex_column.av-224u7y-5f2abccf1c56e86c743df70e92cec4cf{\nwidth:48.5%;\nmargin-left:0;\n}\n#top .flex_column_table.av-equal-height-column-flextable.av-224u7y-5f2abccf1c56e86c743df70e92cec4cf .av-flex-placeholder{\nwidth:3%;\n}\n<\/style>\n<div  class='flex_column av-224u7y-5f2abccf1c56e86c743df70e92cec4cf av_one_half  avia-builder-el-58  el_after_av_one_full  el_before_av_one_half  first flex_column_table_cell av-equal-height-column av-align-top av-animated-generic bottom-to-top  column-top-margin'     ><p>\n<style type=\"text\/css\" data-created_by=\"avia_inline_auto\" id=\"style-css-av-1utp86-a96f8ae2ac7bfc0fcf442cfeccfe9bb2\">\n.avia-image-container.av-1utp86-a96f8ae2ac7bfc0fcf442cfeccfe9bb2 img.avia_image{\nbox-shadow:none;\n}\n.avia-image-container.av-1utp86-a96f8ae2ac7bfc0fcf442cfeccfe9bb2 .av-image-caption-overlay-center{\ncolor:#ffffff;\n}\n<\/style>\n<div  class='avia-image-container av-1utp86-a96f8ae2ac7bfc0fcf442cfeccfe9bb2 av-styling- avia-align-center  avia-builder-el-59  el_before_av_textblock  avia-builder-el-first '   itemprop=\"image\" itemscope=\"itemscope\" itemtype=\"https:\/\/schema.org\/ImageObject\" ><div class=\"avia-image-container-inner\"><div class=\"avia-image-overlay-wrap\"><img decoding=\"async\" fetchpriority=\"high\" class='wp-image-887 avia-img-lazy-loading-not-887 avia_image ' src=\"https:\/\/pedraforca.com\/wp-content\/uploads\/2025\/04\/1-1339x630.jpg\" alt='Activities' title='Activitats'  height=\"630\" width=\"1339\"  itemprop=\"thumbnailUrl\"  \/><\/div><\/div><\/div><br \/>\n<section  class='av_textblock_section av-1p8wty-e0ff1b54ad64c9b5ee2a00750e325bd9 '   itemscope=\"itemscope\" itemtype=\"https:\/\/schema.org\/CreativeWork\" ><div class='avia_textblock'  itemprop=\"text\" ><h3>Mine de p\u00e9trole de Riutort<\/h3>\n<p>Un tr\u00e9sor g\u00e9ologique insolite au c\u0153ur du Bergued\u00e0. La Mine de P\u00e9trole de Riutort vous invite \u00e0 d\u00e9couvrir l&rsquo;un des rares gisements naturels de p\u00e9trole exploit\u00e9s en Catalogne. Entrez dans une galerie creus\u00e9e \u00e0 la main, d\u00e9couvrez les techniques d&rsquo;extraction du XIXe si\u00e8cle et \u00e9merveillez-vous devant un environnement naturel exceptionnel. Une visite id\u00e9ale pour les passionn\u00e9s de sciences, les familles aventureuses et les amoureux du patrimoine industriel unique.<\/p>\n<p><a href=\"http:\/\/www.guardiola.cat\/\" target=\"_blank\" rel=\"noopener\">guardiola.cat<\/a><\/p>\n<\/div><\/section><\/p><\/div><div class='av-flex-placeholder'><\/div>\n<style type=\"text\/css\" data-created_by=\"avia_inline_auto\" id=\"style-css-av-1jhddq-51b3d2701cba28687cc7e86c925dd780\">\n.flex_column.av-1jhddq-51b3d2701cba28687cc7e86c925dd780{\nwidth:48.5%;\nmargin-left:0;\n}\n#top .flex_column_table.av-equal-height-column-flextable.av-1jhddq-51b3d2701cba28687cc7e86c925dd780 .av-flex-placeholder{\nwidth:3%;\n}\n<\/style>\n<div  class='flex_column av-1jhddq-51b3d2701cba28687cc7e86c925dd780 av_one_half  avia-builder-el-61  el_after_av_one_half  avia-builder-el-last  flex_column_table_cell av-equal-height-column av-align-top av-animated-generic bottom-to-top  column-top-margin'     ><p>\n<style type=\"text\/css\" data-created_by=\"avia_inline_auto\" id=\"style-css-av-1h089y-f1835907129a613fe9be31d0e920a19c\">\n.avia-image-container.av-1h089y-f1835907129a613fe9be31d0e920a19c img.avia_image{\nbox-shadow:none;\n}\n.avia-image-container.av-1h089y-f1835907129a613fe9be31d0e920a19c .av-image-caption-overlay-center{\ncolor:#ffffff;\n}\n<\/style>\n<div  class='avia-image-container av-1h089y-f1835907129a613fe9be31d0e920a19c av-styling- avia-align-center  avia-builder-el-62  el_before_av_textblock  avia-builder-el-first '   itemprop=\"image\" itemscope=\"itemscope\" itemtype=\"https:\/\/schema.org\/ImageObject\" ><div class=\"avia-image-container-inner\"><div class=\"avia-image-overlay-wrap\"><img decoding=\"async\" fetchpriority=\"high\" class='wp-image-888 avia-img-lazy-loading-not-888 avia_image ' src=\"https:\/\/pedraforca.com\/wp-content\/uploads\/2025\/04\/Santuari-Falgars-La-Pobla-de-Lillet-Turisme-4-1339x630.jpg\" alt='Activities' title='Activitats'  height=\"630\" width=\"1339\"  itemprop=\"thumbnailUrl\"  \/><\/div><\/div><\/div><br \/>\n<section  class='av_textblock_section av-180jhy-b712956f2ea567a4df235ee61760a4f3 '   itemscope=\"itemscope\" itemtype=\"https:\/\/schema.org\/CreativeWork\" ><div class='avia_textblock'  itemprop=\"text\" ><h3>Monast\u00e8re de Saint-Laurent<\/h3>\n<p class=\"\" data-start=\"135\" data-end=\"520\"><span style=\"font-weight: 400;\">Un impressionnant complexe roman situ\u00e9 en pleine nature. Id\u00e9al pour les amateurs d&rsquo;histoire et d&rsquo;architecture, cet espace offre un voyage dans le pass\u00e9 m\u00e9di\u00e9val de la r\u00e9gion. L&rsquo;environnement, silencieux et entour\u00e9 de verdure, compl\u00e8te parfaitement la visite. <\/span><\/p>\n<p><a href=\"http:\/\/www.turismelillet.cat\/\" target=\"_blank\" rel=\"noopener\">turismelillet.cat<\/a><\/p>\n<\/div><\/section><\/p><\/div><\/div><!--close column table wrapper. Autoclose: 1 -->\n\n<\/div><\/div><\/div><!-- close content main div --><\/div><\/div>\n<style type=\"text\/css\" data-created_by=\"avia_inline_auto\" id=\"style-css-av-8noh0m-9b28665f7dac770b51e66ceeb38c6929\">\n.avia-section.av-8noh0m-9b28665f7dac770b51e66ceeb38c6929{\nbackground-color:#efefef;\nbackground-image:unset;\n}\n<\/style>\n<div id='av_section_6'  class='avia-section av-8noh0m-9b28665f7dac770b51e66ceeb38c6929 main_color avia-section-default avia-no-border-styling  avia-builder-el-64  el_after_av_section  el_before_av_section  section-activitats avia-bg-style-scroll container_wrap fullsize'  ><div class='container av-section-cont-open' ><div class='template-page content  av-content-full alpha units'><div class='post-entry post-entry-type-page post-entry-866'><div class='entry-content-wrapper clearfix'>\n<div  class='flex_column av-8is15y-cd49c8bd4a0b36e56052b4019782c05e av_one_full  avia-builder-el-65  el_before_av_one_half  avia-builder-el-first  first flex_column_div av-animated-generic bottom-to-top  '     ><style type=\"text\/css\" data-created_by=\"avia_inline_auto\" id=\"style-css-av-m92j8px2-1dd99b923a48c66808f7c73888fe3db4\">\n#top .av-special-heading.av-m92j8px2-1dd99b923a48c66808f7c73888fe3db4{\npadding-bottom:10px;\n}\nbody .av-special-heading.av-m92j8px2-1dd99b923a48c66808f7c73888fe3db4 .av-special-heading-tag .heading-char{\nfont-size:25px;\n}\n.av-special-heading.av-m92j8px2-1dd99b923a48c66808f7c73888fe3db4 .av-subheading{\nfont-size:15px;\n}\n<\/style>\n<div  class='av-special-heading av-m92j8px2-1dd99b923a48c66808f7c73888fe3db4 av-special-heading-h2 blockquote modern-quote  avia-builder-el-66  avia-builder-el-no-sibling '><h2 class='av-special-heading-tag '  itemprop=\"headline\"  >Bag\u00e0<\/h2><div class=\"special-heading-border\"><div class=\"special-heading-inner-border\"><\/div><\/div><\/div><\/div><div class='flex_column_table av-8excvq-f9ee65dd9316cbd757854603d46a0680 sc-av_one_half av-equal-height-column-flextable'>\n<style type=\"text\/css\" data-created_by=\"avia_inline_auto\" id=\"style-css-av-8excvq-f9ee65dd9316cbd757854603d46a0680\">\n.flex_column.av-8excvq-f9ee65dd9316cbd757854603d46a0680{\nwidth:48.5%;\nmargin-left:0;\n}\n#top .flex_column_table.av-equal-height-column-flextable.av-8excvq-f9ee65dd9316cbd757854603d46a0680 .av-flex-placeholder{\nwidth:3%;\n}\n<\/style>\n<div  class='flex_column av-8excvq-f9ee65dd9316cbd757854603d46a0680 av_one_half  avia-builder-el-67  el_after_av_one_full  el_before_av_one_half  first flex_column_table_cell av-equal-height-column av-align-top av-animated-generic bottom-to-top  column-top-margin'     ><p>\n<style type=\"text\/css\" data-created_by=\"avia_inline_auto\" id=\"style-css-av-867t2m-f6f84ec4c3ad3c0393725c665ef89328\">\n.avia-image-container.av-867t2m-f6f84ec4c3ad3c0393725c665ef89328 img.avia_image{\nbox-shadow:none;\n}\n.avia-image-container.av-867t2m-f6f84ec4c3ad3c0393725c665ef89328 .av-image-caption-overlay-center{\ncolor:#ffffff;\n}\n<\/style>\n<div  class='avia-image-container av-867t2m-f6f84ec4c3ad3c0393725c665ef89328 av-styling- avia-align-center  avia-builder-el-68  el_before_av_textblock  avia-builder-el-first '   itemprop=\"image\" itemscope=\"itemscope\" itemtype=\"https:\/\/schema.org\/ImageObject\" ><div class=\"avia-image-container-inner\"><div class=\"avia-image-overlay-wrap\"><img decoding=\"async\" fetchpriority=\"high\" class='wp-image-868 avia-img-lazy-loading-not-868 avia_image ' src=\"https:\/\/pedraforca.com\/wp-content\/uploads\/2025\/04\/Centre-medieval-i-dels-catars_turisme_bloc_doble-1400x630.jpg\" alt='Activities' title='Activitats'  height=\"630\" width=\"1400\"  itemprop=\"thumbnailUrl\"  \/><\/div><\/div><\/div><br \/>\n<section  class='av_textblock_section av-m92ji1y2-d27816052edb2e2ae9e38d6ca6bb6243 '   itemscope=\"itemscope\" itemtype=\"https:\/\/schema.org\/CreativeWork\" ><div class='avia_textblock'  itemprop=\"text\" ><h3>Centre m\u00e9di\u00e9val et cathare de Bag\u00e0<\/h3>\n<p class=\"\" data-start=\"96\" data-end=\"460\"><span style=\"font-weight: 400;\">D\u00e9couvrez l&rsquo;histoire des Cathares et l&rsquo;origine m\u00e9di\u00e9vale de Bag\u00e0 \u00e0 travers ce centre d&rsquo;interpr\u00e9tation situ\u00e9 \u00e0 l&rsquo;int\u00e9rieur d&rsquo;un palais gothique. La visite comprend des expositions, des audiovisuels et des visites de la vieille ville. Une fa\u00e7on id\u00e9ale de se plonger plus profond\u00e9ment dans l&rsquo;histoire de la vall\u00e9e. <\/span><\/p>\n<p><a href=\"https:\/\/turismebaga.com\/\">turismebaga.com<\/a><\/p>\n<\/div><\/section><\/p><\/div><div class='av-flex-placeholder'><\/div>\n<style type=\"text\/css\" data-created_by=\"avia_inline_auto\" id=\"style-css-av-7zkkf2-9fd8fb50ffefb00c7dea6264e4fae98e\">\n.flex_column.av-7zkkf2-9fd8fb50ffefb00c7dea6264e4fae98e{\nwidth:48.5%;\nmargin-left:0;\n}\n#top .flex_column_table.av-equal-height-column-flextable.av-7zkkf2-9fd8fb50ffefb00c7dea6264e4fae98e .av-flex-placeholder{\nwidth:3%;\n}\n<\/style>\n<div  class='flex_column av-7zkkf2-9fd8fb50ffefb00c7dea6264e4fae98e av_one_half  avia-builder-el-70  el_after_av_one_half  avia-builder-el-last  flex_column_table_cell av-equal-height-column av-align-top av-animated-generic bottom-to-top  column-top-margin'     ><p>\n<style type=\"text\/css\" data-created_by=\"avia_inline_auto\" id=\"style-css-av-7u5ghy-003c4de51be87f4f4f56d2976279a192\">\n.avia-image-container.av-7u5ghy-003c4de51be87f4f4f56d2976279a192 img.avia_image{\nbox-shadow:none;\n}\n.avia-image-container.av-7u5ghy-003c4de51be87f4f4f56d2976279a192 .av-image-caption-overlay-center{\ncolor:#ffffff;\n}\n<\/style>\n<div  class='avia-image-container av-7u5ghy-003c4de51be87f4f4f56d2976279a192 av-styling- avia-align-center  avia-builder-el-71  el_before_av_textblock  avia-builder-el-first '   itemprop=\"image\" itemscope=\"itemscope\" itemtype=\"https:\/\/schema.org\/ImageObject\" ><div class=\"avia-image-container-inner\"><div class=\"avia-image-overlay-wrap\"><img decoding=\"async\" fetchpriority=\"high\" class='wp-image-883 avia-img-lazy-loading-not-883 avia_image ' src=\"https:\/\/pedraforca.com\/wp-content\/uploads\/2025\/04\/centre-interpretacio-parc.jpg_1365505322-1400x630.jpg\" alt='Activities' title='Activitats'  height=\"630\" width=\"1400\"  itemprop=\"thumbnailUrl\"  \/><\/div><\/div><\/div><br \/>\n<section  class='av_textblock_section av-m92jparr-cf606694416918b4bb153715e41cb252 '   itemscope=\"itemscope\" itemtype=\"https:\/\/schema.org\/CreativeWork\" ><div class='avia_textblock'  itemprop=\"text\" ><h3>Centre d&rsquo;interpr\u00e9tation du parc naturel Cadi-Moixer\u00f3<\/h3>\n<p class=\"\" data-start=\"132\" data-end=\"518\"><span style=\"font-weight: 400;\">Espace p\u00e9dagogique id\u00e9al pour comprendre la valeur naturelle du parc : faune, flore, g\u00e9ologie et habitats. Id\u00e9al pour commencer toute excursion \u00e0 travers Cad\u00ed-Moixer\u00f3 avec des informations et des cartes utiles, surtout si vous voyagez avec des enfants ou si vous \u00eates fascin\u00e9 par la nature. <\/span><\/p>\n<p><a href=\"https:\/\/gencat.net\">gencat.net<\/a><\/p>\n<\/div><\/section><\/p><\/div><\/div><!--close column table wrapper. Autoclose: 1 -->\n\n<\/div><\/div><\/div><!-- close content main div --><\/div><\/div><div id='av_section_7'  class='avia-section av-9dkz8e-fccdf6dbb19f5ddaa80b4ab29589b03c main_color avia-section-default avia-no-border-styling  avia-builder-el-73  el_after_av_section  el_before_av_section  section-activitats avia-bg-style-scroll container_wrap fullsize'  ><div class='container av-section-cont-open' ><div class='template-page content  av-content-full alpha units'><div class='post-entry post-entry-type-page post-entry-866'><div class='entry-content-wrapper clearfix'>\n<div  class='flex_column av-96cthq-46d36a89ce3638a2b0e3cb1b3e0a7b3f av_one_half  avia-builder-el-74  el_before_av_one_half  avia-builder-el-first  first flex_column_div av-animated-generic bottom-to-top  '     ><style type=\"text\/css\" data-created_by=\"avia_inline_auto\" id=\"style-css-av-m92j8iog-36d8976755dcbf18dc574c05d25dac8a\">\n#top .av-special-heading.av-m92j8iog-36d8976755dcbf18dc574c05d25dac8a{\npadding-bottom:10px;\n}\nbody .av-special-heading.av-m92j8iog-36d8976755dcbf18dc574c05d25dac8a .av-special-heading-tag .heading-char{\nfont-size:25px;\n}\n.av-special-heading.av-m92j8iog-36d8976755dcbf18dc574c05d25dac8a .av-subheading{\nfont-size:15px;\n}\n<\/style>\n<div  class='av-special-heading av-m92j8iog-36d8976755dcbf18dc574c05d25dac8a av-special-heading-h2 blockquote modern-quote  avia-builder-el-75  avia-builder-el-no-sibling '><h2 class='av-special-heading-tag '  itemprop=\"headline\"  >G\u00f3sol<\/h2><div class=\"special-heading-border\"><div class=\"special-heading-inner-border\"><\/div><\/div><\/div><\/div><div  class='flex_column av-7btz2-0b04ad438eb6e6851e8b7dd6aeb8947b av_one_half  avia-builder-el-76  el_after_av_one_half  el_before_av_one_half  flex_column_div av-animated-generic bottom-to-top  '     ><style type=\"text\/css\" data-created_by=\"avia_inline_auto\" id=\"style-css-av-m92j968k-3665d84629aa9468435ae47d4281d960\">\n#top .av-special-heading.av-m92j968k-3665d84629aa9468435ae47d4281d960{\npadding-bottom:10px;\n}\nbody .av-special-heading.av-m92j968k-3665d84629aa9468435ae47d4281d960 .av-special-heading-tag .heading-char{\nfont-size:25px;\n}\n.av-special-heading.av-m92j968k-3665d84629aa9468435ae47d4281d960 .av-subheading{\nfont-size:15px;\n}\n<\/style>\n<div  class='av-special-heading av-m92j968k-3665d84629aa9468435ae47d4281d960 av-special-heading-h2 blockquote modern-quote  avia-builder-el-77  avia-builder-el-no-sibling '><h2 class='av-special-heading-tag '  itemprop=\"headline\"  >F\u00edgols<\/h2><div class=\"special-heading-border\"><div class=\"special-heading-inner-border\"><\/div><\/div><\/div><\/div>\n<style type=\"text\/css\" data-created_by=\"avia_inline_auto\" id=\"style-css-av-903tye-576dfe7a4939365fac35e0c6a2df9259\">\n.flex_column.av-903tye-576dfe7a4939365fac35e0c6a2df9259{\nwidth:48.5%;\n}\n<\/style>\n<div  class='flex_column av-903tye-576dfe7a4939365fac35e0c6a2df9259 av_one_half  avia-builder-el-78  el_after_av_one_half  el_before_av_one_half  first flex_column_div av-animated-generic bottom-to-top  column-top-margin'     ><p>\n<style type=\"text\/css\" data-created_by=\"avia_inline_auto\" id=\"style-css-av-8x54wm-0edaf22440a0a3591713999645446f7f\">\n.avia-image-container.av-8x54wm-0edaf22440a0a3591713999645446f7f img.avia_image{\nbox-shadow:none;\n}\n.avia-image-container.av-8x54wm-0edaf22440a0a3591713999645446f7f .av-image-caption-overlay-center{\ncolor:#ffffff;\n}\n<\/style>\n<div  class='avia-image-container av-8x54wm-0edaf22440a0a3591713999645446f7f av-styling- avia-align-center  avia-builder-el-79  el_before_av_textblock  avia-builder-el-first '   itemprop=\"image\" itemscope=\"itemscope\" itemtype=\"https:\/\/schema.org\/ImageObject\" ><div class=\"avia-image-container-inner\"><div class=\"avia-image-overlay-wrap\"><img decoding=\"async\" fetchpriority=\"high\" class='wp-image-884 avia-img-lazy-loading-not-884 avia_image ' src=\"https:\/\/pedraforca.com\/wp-content\/uploads\/2025\/04\/cd0ae67f-9805-4926-9546-a3111dcbcebb-1-1400x630.png\" alt='Activities' title='Activitats'  height=\"630\" width=\"1400\"  itemprop=\"thumbnailUrl\"  \/><\/div><\/div><\/div><br \/>\n<section  class='av_textblock_section av-m92jbyf7-4b7bd3e31bd0bbd48a86c333100c45e8 '   itemscope=\"itemscope\" itemtype=\"https:\/\/schema.org\/CreativeWork\" ><div class='avia_textblock'  itemprop=\"text\" ><h3>Centre Picasso<\/h3>\n<p class=\"\" data-start=\"90\" data-end=\"416\"><span style=\"font-weight: 400;\">Un espace culturel d\u00e9di\u00e9 au s\u00e9jour de Pablo Picasso \u00e0 G\u00f3sol, o\u00f9 l&rsquo;artiste a v\u00e9cu et s&rsquo;est inspir\u00e9 du paysage et des habitants de la ville. La visite permet de d\u00e9couvrir son \u0153uvre, son influence et le contexte historique de l&rsquo;\u00e9poque, le tout dans un environnement plein de charme et de tranquillit\u00e9. <\/span><\/p>\n<p><a href=\"http:\/\/gosol.ddl.net\/\">gosol.ddl.net<\/a><\/p>\n<\/div><\/section><\/p><\/div>\n<style type=\"text\/css\" data-created_by=\"avia_inline_auto\" id=\"style-css-av-630rda-7cd1b154f0afb2e8e606d43d8221b126\">\n.flex_column.av-630rda-7cd1b154f0afb2e8e606d43d8221b126{\nwidth:48.5%;\nmargin-left:3%;\n}\n<\/style>\n<div  class='flex_column av-630rda-7cd1b154f0afb2e8e606d43d8221b126 av_one_half  avia-builder-el-81  el_after_av_one_half  avia-builder-el-last  flex_column_div av-animated-generic bottom-to-top  column-top-margin'     ><p>\n<style type=\"text\/css\" data-created_by=\"avia_inline_auto\" id=\"style-css-av-5x4z52-eeff59064192ef8381924e8fdcf3a838\">\n.avia-image-container.av-5x4z52-eeff59064192ef8381924e8fdcf3a838 img.avia_image{\nbox-shadow:none;\n}\n.avia-image-container.av-5x4z52-eeff59064192ef8381924e8fdcf3a838 .av-image-caption-overlay-center{\ncolor:#ffffff;\n}\n<\/style>\n<div  class='avia-image-container av-5x4z52-eeff59064192ef8381924e8fdcf3a838 av-styling- avia-align-center  avia-builder-el-82  el_before_av_textblock  avia-builder-el-first '   itemprop=\"image\" itemscope=\"itemscope\" itemtype=\"https:\/\/schema.org\/ImageObject\" ><div class=\"avia-image-container-inner\"><div class=\"avia-image-overlay-wrap\"><img decoding=\"async\" fetchpriority=\"high\" class='wp-image-873 avia-img-lazy-loading-not-873 avia_image ' src=\"https:\/\/pedraforca.com\/wp-content\/uploads\/2025\/04\/museu-dinosaures-fumanya-01-768x512-1-1400x630.jpg\" alt='Activities' title='Activitats'  height=\"630\" width=\"1400\"  itemprop=\"thumbnailUrl\"  \/><\/div><\/div><\/div><br \/>\n<section  class='av_textblock_section av-m92jvcu0-d2f56c6338d543a32b9b73e89691273b '   itemscope=\"itemscope\" itemtype=\"https:\/\/schema.org\/CreativeWork\" ><div class='avia_textblock'  itemprop=\"text\" ><h3>Centre d&rsquo;interpr\u00e9tation des dinosaures de Fumanya<\/h3>\n<p class=\"\" data-start=\"124\" data-end=\"533\"><span style=\"font-weight: 400;\">D\u00e9couvrez l&rsquo;un des sites d&#8217;empreintes de dinosaures les plus importants d&rsquo;Europe. Avec des espaces interactifs, des audiovisuels et des activit\u00e9s pour petits et grands, c&rsquo;est une \u00e9tape incontournable pour les amateurs de pal\u00e9ontologie et les familles curieuses. <\/span><\/p>\n<p><a href=\"http:\/\/www.mmcercs.cat\/\">mmcercs.cat<\/a><\/p>\n<\/div><\/section><\/p><\/div>\n\n<\/div><\/div><\/div><!-- close content main div --><\/div><\/div>\n<style type=\"text\/css\" data-created_by=\"avia_inline_auto\" id=\"style-css-av-vid36-6f7cf639621920e59736a06696964c3b\">\n.avia-section.av-vid36-6f7cf639621920e59736a06696964c3b{\nbackground-color:#efefef;\nbackground-image:unset;\n}\n<\/style>\n<div id='av_section_8'  class='avia-section av-vid36-6f7cf639621920e59736a06696964c3b main_color avia-section-default avia-no-border-styling  avia-builder-el-84  el_after_av_section  avia-builder-el-last  section-activitats avia-bg-style-scroll container_wrap fullsize'  ><div class='container av-section-cont-open' ><div class='template-page content  av-content-full alpha units'><div class='post-entry post-entry-type-page post-entry-866'><div class='entry-content-wrapper clearfix'>\n<div  class='flex_column av-r2pei-3691fa8f0d250cd72c83de137fb68d3e av_one_half  avia-builder-el-85  el_before_av_one_half  avia-builder-el-first  first flex_column_div av-animated-generic bottom-to-top  '     ><style type=\"text\/css\" data-created_by=\"avia_inline_auto\" id=\"style-css-av-mac8grbl-eeb906cdff68f074c3c1027262c4c3ce\">\n#top .av-special-heading.av-mac8grbl-eeb906cdff68f074c3c1027262c4c3ce{\npadding-bottom:10px;\n}\nbody .av-special-heading.av-mac8grbl-eeb906cdff68f074c3c1027262c4c3ce .av-special-heading-tag .heading-char{\nfont-size:25px;\n}\n.av-special-heading.av-mac8grbl-eeb906cdff68f074c3c1027262c4c3ce .av-subheading{\nfont-size:15px;\n}\n<\/style>\n<div  class='av-special-heading av-mac8grbl-eeb906cdff68f074c3c1027262c4c3ce av-special-heading-h2 blockquote modern-quote  avia-builder-el-86  avia-builder-el-no-sibling '><h2 class='av-special-heading-tag '  itemprop=\"headline\"  >Vallcebre<\/h2><div class=\"special-heading-border\"><div class=\"special-heading-inner-border\"><\/div><\/div><\/div><\/div><div  class='flex_column av-kom82-03d0c543ee42480916702b7c33c2314f av_one_half  avia-builder-el-87  el_after_av_one_half  el_before_av_one_half  flex_column_div av-animated-generic bottom-to-top  '     ><style type=\"text\/css\" data-created_by=\"avia_inline_auto\" id=\"style-css-av-mac8lulp-25fad45775c38301341f43660c9e2b74\">\n#top .av-special-heading.av-mac8lulp-25fad45775c38301341f43660c9e2b74{\npadding-bottom:10px;\n}\nbody .av-special-heading.av-mac8lulp-25fad45775c38301341f43660c9e2b74 .av-special-heading-tag .heading-char{\nfont-size:25px;\n}\n.av-special-heading.av-mac8lulp-25fad45775c38301341f43660c9e2b74 .av-subheading{\nfont-size:15px;\n}\n<\/style>\n<div  class='av-special-heading av-mac8lulp-25fad45775c38301341f43660c9e2b74 av-special-heading-h2 blockquote modern-quote  avia-builder-el-88  avia-builder-el-no-sibling '><h2 class='av-special-heading-tag '  itemprop=\"headline\"  >La Molina<\/h2><div class=\"special-heading-border\"><div class=\"special-heading-inner-border\"><\/div><\/div><\/div><\/div><div class='flex_column_table av-d9pfe-f7a18e7ec1501b92fa818d5f8fe83168 sc-av_one_half av-equal-height-column-flextable'>\n<style type=\"text\/css\" data-created_by=\"avia_inline_auto\" id=\"style-css-av-d9pfe-f7a18e7ec1501b92fa818d5f8fe83168\">\n.flex_column.av-d9pfe-f7a18e7ec1501b92fa818d5f8fe83168{\nwidth:48.5%;\nmargin-left:0;\n}\n#top .flex_column_table.av-equal-height-column-flextable.av-d9pfe-f7a18e7ec1501b92fa818d5f8fe83168 .av-flex-placeholder{\nwidth:3%;\n}\n<\/style>\n<div  class='flex_column av-d9pfe-f7a18e7ec1501b92fa818d5f8fe83168 av_one_half  avia-builder-el-89  el_after_av_one_half  el_before_av_one_half  first flex_column_table_cell av-equal-height-column av-align-top av-animated-generic bottom-to-top  column-top-margin'     ><p>\n<style type=\"text\/css\" data-created_by=\"avia_inline_auto\" id=\"style-css-av-mac8ldjl-cb148b7fd35a12981246dbee7c92eb94\">\n.avia-image-container.av-mac8ldjl-cb148b7fd35a12981246dbee7c92eb94 img.avia_image{\nbox-shadow:none;\n}\n.avia-image-container.av-mac8ldjl-cb148b7fd35a12981246dbee7c92eb94 .av-image-caption-overlay-center{\ncolor:#ffffff;\n}\n<\/style>\n<div  class='avia-image-container av-mac8ldjl-cb148b7fd35a12981246dbee7c92eb94 av-styling- avia-align-center  avia-builder-el-90  el_before_av_textblock  avia-builder-el-first '   itemprop=\"image\" itemscope=\"itemscope\" itemtype=\"https:\/\/schema.org\/ImageObject\" ><div class=\"avia-image-container-inner\"><div class=\"avia-image-overlay-wrap\"><img decoding=\"async\" fetchpriority=\"high\" class='wp-image-880 avia-img-lazy-loading-not-880 avia_image ' src=\"https:\/\/pedraforca.com\/wp-content\/uploads\/2025\/05\/pendolguies-act.jpg\" alt='Activities' title='Activitats'  height=\"630\" width=\"1400\"  itemprop=\"thumbnailUrl\" srcset=\"https:\/\/pedraforca.com\/wp-content\/uploads\/2025\/05\/pendolguies-act.jpg 1400w, https:\/\/pedraforca.com\/wp-content\/uploads\/2025\/05\/pendolguies-act-300x135.jpg 300w, https:\/\/pedraforca.com\/wp-content\/uploads\/2025\/05\/pendolguies-act-1030x464.jpg 1030w, https:\/\/pedraforca.com\/wp-content\/uploads\/2025\/05\/pendolguies-act-768x346.jpg 768w, https:\/\/pedraforca.com\/wp-content\/uploads\/2025\/05\/pendolguies-act-705x317.jpg 705w\" sizes=\"(max-width: 1400px) 100vw, 1400px\" \/><\/div><\/div><\/div><br \/>\n<section  class='av_textblock_section av-mac8in9x-6759490147cf2b35abf1d5d0b9334e28 '   itemscope=\"itemscope\" itemtype=\"https:\/\/schema.org\/CreativeWork\" ><div class='avia_textblock'  itemprop=\"text\" ><h3 class=\"\" data-start=\"156\" data-end=\"202\">Guides de montagne Pendulum<\/h3>\n<p class=\"\" data-start=\"203\" data-end=\"516\">Entreprise de sports d&rsquo;aventure sp\u00e9cialis\u00e9e dans le canyoning, les via ferratas, la sp\u00e9l\u00e9ologie et l&rsquo;escalade, avec des guides qualifi\u00e9s et des activit\u00e9s pour tous les niveaux. Ils offrent des exp\u00e9riences s\u00e9curitaires et personnalis\u00e9es au c\u0153ur de la nature, avec un engagement fort envers l&rsquo;environnement.<\/p>\n<p><a class=\"\" href=\"http:\/\/pendolguies.com\/\" target=\"_blank\" rel=\"noopener\" data-start=\"474\" data-end=\"516\">pendolguies.com<\/a><\/p>\n<\/div><\/section><\/p><\/div><div class='av-flex-placeholder'><\/div>\n<style type=\"text\/css\" data-created_by=\"avia_inline_auto\" id=\"style-css-av-b9tgq-3d75e5a0fe65cc40e5aa6f5eea49dd15\">\n.flex_column.av-b9tgq-3d75e5a0fe65cc40e5aa6f5eea49dd15{\nwidth:48.5%;\nmargin-left:0;\n}\n#top .flex_column_table.av-equal-height-column-flextable.av-b9tgq-3d75e5a0fe65cc40e5aa6f5eea49dd15 .av-flex-placeholder{\nwidth:3%;\n}\n<\/style>\n<div  class='flex_column av-b9tgq-3d75e5a0fe65cc40e5aa6f5eea49dd15 av_one_half  avia-builder-el-92  el_after_av_one_half  avia-builder-el-last  flex_column_table_cell av-equal-height-column av-align-top av-animated-generic bottom-to-top  column-top-margin'     ><p>\n<style type=\"text\/css\" data-created_by=\"avia_inline_auto\" id=\"style-css-av-mac8q5di-9c28a163dd822155627a7c0afe69c412\">\n.avia-image-container.av-mac8q5di-9c28a163dd822155627a7c0afe69c412 img.avia_image{\nbox-shadow:none;\n}\n.avia-image-container.av-mac8q5di-9c28a163dd822155627a7c0afe69c412 .av-image-caption-overlay-center{\ncolor:#ffffff;\n}\n<\/style>\n<div  class='avia-image-container av-mac8q5di-9c28a163dd822155627a7c0afe69c412 av-styling- avia-align-center  avia-builder-el-93  el_before_av_textblock  avia-builder-el-first '   itemprop=\"image\" itemscope=\"itemscope\" itemtype=\"https:\/\/schema.org\/ImageObject\" ><div class=\"avia-image-container-inner\"><div class=\"avia-image-overlay-wrap\"><img decoding=\"async\" fetchpriority=\"high\" class='wp-image-881 avia-img-lazy-loading-not-881 avia_image ' src=\"https:\/\/pedraforca.com\/wp-content\/uploads\/2025\/05\/activitats-muntanya-catalunya-slide.jpg\" alt='Activities' title='Activitats'  height=\"630\" width=\"1400\"  itemprop=\"thumbnailUrl\" srcset=\"https:\/\/pedraforca.com\/wp-content\/uploads\/2025\/05\/activitats-muntanya-catalunya-slide.jpg 1400w, https:\/\/pedraforca.com\/wp-content\/uploads\/2025\/05\/activitats-muntanya-catalunya-slide-300x135.jpg 300w, https:\/\/pedraforca.com\/wp-content\/uploads\/2025\/05\/activitats-muntanya-catalunya-slide-1030x464.jpg 1030w, https:\/\/pedraforca.com\/wp-content\/uploads\/2025\/05\/activitats-muntanya-catalunya-slide-768x346.jpg 768w, https:\/\/pedraforca.com\/wp-content\/uploads\/2025\/05\/activitats-muntanya-catalunya-slide-705x317.jpg 705w\" sizes=\"(max-width: 1400px) 100vw, 1400px\" \/><\/div><\/div><\/div><br \/>\n<section  class='av_textblock_section av-mac8mb1i-2c70b6b6ce2a682047d9807b738d34c0 '   itemscope=\"itemscope\" itemtype=\"https:\/\/schema.org\/CreativeWork\" ><div class='avia_textblock'  itemprop=\"text\" ><h3 class=\"\" data-start=\"523\" data-end=\"559\">Altitude extr\u00eame<\/h3>\n<p class=\"\" data-start=\"560\" data-end=\"873\">Depuis 2001, Altitud Extrem propose des activit\u00e9s de montagne telles que la raquette, l&rsquo;escalade, le canyoning, le VTT ou encore l&rsquo;eBike. Avec une \u00e9quipe technique exp\u00e9riment\u00e9e, ils proposent des aventures s\u00fbres et adapt\u00e9es \u00e0 tous les \u00e2ges pour profiter de l&rsquo;environnement naturel de mani\u00e8re active.<\/p>\n<p class=\"\" data-start=\"560\" data-end=\"873\"><a class=\"\" href=\"https:\/\/www.altitudextrem.com\/\" target=\"_blank\" rel=\"noopener\" data-start=\"822\" data-end=\"873\">altitudeextrem.com<\/a><\/p>\n<\/div><\/section><\/p><\/div><\/div><!--close column table wrapper. Autoclose: 1 -->\n\n","protected":false},"excerpt":{"rendered":"","protected":false},"author":3,"featured_media":0,"parent":0,"menu_order":0,"comment_status":"closed","ping_status":"closed","template":"","meta":{"footnotes":""},"class_list":["post-866","page","type-page","status-publish","hentry"],"yoast_head":"<!-- This site is optimized with the Yoast SEO plugin v27.5 - https:\/\/yoast.com\/product\/yoast-seo-wordpress\/ -->\n<title>Activit\u00e9s - Hostal Pedraforca<\/title>\n<meta name=\"robots\" content=\"index, follow, max-snippet:-1, max-image-preview:large, max-video-preview:-1\" \/>\n<link rel=\"canonical\" href=\"https:\/\/pedraforca.com\/fr\/activites\/\" \/>\n<meta property=\"og:locale\" content=\"fr_FR\" \/>\n<meta property=\"og:type\" content=\"article\" \/>\n<meta property=\"og:title\" content=\"Activit\u00e9s - Hostal Pedraforca\" \/>\n<meta property=\"og:url\" content=\"https:\/\/pedraforca.com\/fr\/activites\/\" \/>\n<meta property=\"og:site_name\" content=\"Hostal Pedraforca\" \/>\n<meta property=\"article:modified_time\" content=\"2025-05-06T10:26:37+00:00\" \/>\n<meta name=\"twitter:card\" content=\"summary_large_image\" \/>\n<meta name=\"twitter:label1\" content=\"Dur\u00e9e de lecture estim\u00e9e\" \/>\n\t<meta name=\"twitter:data1\" content=\"12 minutes\" \/>\n<script type=\"application\/ld+json\" class=\"yoast-schema-graph\">{\"@context\":\"https:\\\/\\\/schema.org\",\"@graph\":[{\"@type\":\"WebPage\",\"@id\":\"https:\\\/\\\/pedraforca.com\\\/fr\\\/activites\\\/\",\"url\":\"https:\\\/\\\/pedraforca.com\\\/fr\\\/activites\\\/\",\"name\":\"Activit\u00e9s - Hostal Pedraforca\",\"isPartOf\":{\"@id\":\"https:\\\/\\\/pedraforca.com\\\/fr\\\/#website\"},\"datePublished\":\"2025-05-06T09:14:46+00:00\",\"dateModified\":\"2025-05-06T10:26:37+00:00\",\"breadcrumb\":{\"@id\":\"https:\\\/\\\/pedraforca.com\\\/fr\\\/activites\\\/#breadcrumb\"},\"inLanguage\":\"fr-FR\",\"potentialAction\":[{\"@type\":\"ReadAction\",\"target\":[\"https:\\\/\\\/pedraforca.com\\\/fr\\\/activites\\\/\"]}]},{\"@type\":\"BreadcrumbList\",\"@id\":\"https:\\\/\\\/pedraforca.com\\\/fr\\\/activites\\\/#breadcrumb\",\"itemListElement\":[{\"@type\":\"ListItem\",\"position\":1,\"name\":\"Inici\",\"item\":\"https:\\\/\\\/pedraforca.com\\\/fr\\\/\"},{\"@type\":\"ListItem\",\"position\":2,\"name\":\"Activit\u00e9s\"}]},{\"@type\":\"WebSite\",\"@id\":\"https:\\\/\\\/pedraforca.com\\\/fr\\\/#website\",\"url\":\"https:\\\/\\\/pedraforca.com\\\/fr\\\/\",\"name\":\"Hostal Pedraforca\",\"description\":\"Descansa al peu del Pedraforca, dins un entorn natural incomparable\",\"potentialAction\":[{\"@type\":\"SearchAction\",\"target\":{\"@type\":\"EntryPoint\",\"urlTemplate\":\"https:\\\/\\\/pedraforca.com\\\/fr\\\/?s={search_term_string}\"},\"query-input\":{\"@type\":\"PropertyValueSpecification\",\"valueRequired\":true,\"valueName\":\"search_term_string\"}}],\"inLanguage\":\"fr-FR\"}]}<\/script>\n<!-- \/ Yoast SEO plugin. -->","yoast_head_json":{"title":"Activit\u00e9s - Hostal Pedraforca","robots":{"index":"index","follow":"follow","max-snippet":"max-snippet:-1","max-image-preview":"max-image-preview:large","max-video-preview":"max-video-preview:-1"},"canonical":"https:\/\/pedraforca.com\/fr\/activites\/","og_locale":"fr_FR","og_type":"article","og_title":"Activit\u00e9s - Hostal Pedraforca","og_url":"https:\/\/pedraforca.com\/fr\/activites\/","og_site_name":"Hostal Pedraforca","article_modified_time":"2025-05-06T10:26:37+00:00","twitter_card":"summary_large_image","twitter_misc":{"Dur\u00e9e de lecture estim\u00e9e":"12 minutes"},"schema":{"@context":"https:\/\/schema.org","@graph":[{"@type":"WebPage","@id":"https:\/\/pedraforca.com\/fr\/activites\/","url":"https:\/\/pedraforca.com\/fr\/activites\/","name":"Activit\u00e9s - Hostal Pedraforca","isPartOf":{"@id":"https:\/\/pedraforca.com\/fr\/#website"},"datePublished":"2025-05-06T09:14:46+00:00","dateModified":"2025-05-06T10:26:37+00:00","breadcrumb":{"@id":"https:\/\/pedraforca.com\/fr\/activites\/#breadcrumb"},"inLanguage":"fr-FR","potentialAction":[{"@type":"ReadAction","target":["https:\/\/pedraforca.com\/fr\/activites\/"]}]},{"@type":"BreadcrumbList","@id":"https:\/\/pedraforca.com\/fr\/activites\/#breadcrumb","itemListElement":[{"@type":"ListItem","position":1,"name":"Inici","item":"https:\/\/pedraforca.com\/fr\/"},{"@type":"ListItem","position":2,"name":"Activit\u00e9s"}]},{"@type":"WebSite","@id":"https:\/\/pedraforca.com\/fr\/#website","url":"https:\/\/pedraforca.com\/fr\/","name":"Hostal Pedraforca","description":"Descansa al peu del Pedraforca, dins un entorn natural incomparable","potentialAction":[{"@type":"SearchAction","target":{"@type":"EntryPoint","urlTemplate":"https:\/\/pedraforca.com\/fr\/?s={search_term_string}"},"query-input":{"@type":"PropertyValueSpecification","valueRequired":true,"valueName":"search_term_string"}}],"inLanguage":"fr-FR"}]}},"_links":{"self":[{"href":"https:\/\/pedraforca.com\/fr\/wp-json\/wp\/v2\/pages\/866","targetHints":{"allow":["GET"]}}],"collection":[{"href":"https:\/\/pedraforca.com\/fr\/wp-json\/wp\/v2\/pages"}],"about":[{"href":"https:\/\/pedraforca.com\/fr\/wp-json\/wp\/v2\/types\/page"}],"author":[{"embeddable":true,"href":"https:\/\/pedraforca.com\/fr\/wp-json\/wp\/v2\/users\/3"}],"replies":[{"embeddable":true,"href":"https:\/\/pedraforca.com\/fr\/wp-json\/wp\/v2\/comments?post=866"}],"version-history":[{"count":1,"href":"https:\/\/pedraforca.com\/fr\/wp-json\/wp\/v2\/pages\/866\/revisions"}],"predecessor-version":[{"id":986,"href":"https:\/\/pedraforca.com\/fr\/wp-json\/wp\/v2\/pages\/866\/revisions\/986"}],"wp:attachment":[{"href":"https:\/\/pedraforca.com\/fr\/wp-json\/wp\/v2\/media?parent=866"}],"curies":[{"name":"wp","href":"https:\/\/api.w.org\/{rel}","templated":true}]}}