{"id":914,"date":"2025-05-06T11:18:03","date_gmt":"2025-05-06T09:18:03","guid":{"rendered":"https:\/\/pedraforca.com\/actividades\/"},"modified":"2025-05-06T11:47:32","modified_gmt":"2025-05-06T09:47:32","slug":"actividades","status":"publish","type":"page","link":"https:\/\/pedraforca.com\/es\/actividades\/","title":{"rendered":"Actividades"},"content":{"rendered":"[av_section min_height=\"percent\" min_height_pc=\"45\" min_height_px=\"500px\" shadow=\"no-border-styling\" bottom_border=\"no-border-styling\" bottom_border_diagonal_color=\"#333333\" bottom_border_diagonal_direction=\"\" bottom_border_style=\"\" padding=\"no-padding\" margin=\"aviaTBmargin\" custom_margin=\"36px,0px\" av-desktop-custom_margin=\"\" av-desktop-custom_margin_sync=\"true\" av-medium-custom_margin=\"\" av-medium-custom_margin_sync=\"true\" av-small-custom_margin=\"\" av-small-custom_margin_sync=\"true\" av-mini-custom_margin=\"\" av-mini-custom_margin_sync=\"true\" svg_div_top=\"\" svg_div_top_color=\"#333333\" svg_div_top_width=\"100\" svg_div_top_height=\"50\" svg_div_top_max_height=\"none\" svg_div_top_opacity=\"\" svg_div_bottom=\"\" svg_div_bottom_color=\"#333333\" svg_div_bottom_width=\"100\" svg_div_bottom_height=\"50\" svg_div_bottom_max_height=\"none\" svg_div_bottom_opacity=\"\" fold_type=\"\" fold_height=\"\" fold_more=\"Llegir m\u00e9s\" fold_less=\"Read less\" fold_text_style=\"\" fold_btn_align=\"\" color=\"main_color\" background=\"bg_color\" custom_bg=\"\" background_gradient_direction=\"vertical\" background_gradient_color1=\"#000000\" background_gradient_color2=\"#ffffff\" background_gradient_color3=\"\" src=\"https:\/\/pedraforca.ergatesweb10.ovh\/wp-content\/uploads\/2025\/04\/hostal-pedraforca-40-e1743752220443.jpg\" attachment=\"513\" attachment_size=\"full\" src_dynamic=\"\" attach=\"scroll\" position=\"center center\" repeat=\"stretch\" video=\"\" video_ratio=\"16:9\" overlay_enable=\"aviaTBoverlay_enable\" overlay_opacity=\"0.3\" overlay_color=\"#0a0a0a\" overlay_pattern=\"\" overlay_custom_pattern=\"\" custom_arrow_bg=\"\" fold_overlay_color=\"\" fold_text_color=\"\" fold_btn_color=\"theme-color\" fold_btn_bg_color=\"\" fold_btn_font_color=\"\" size-btn-text=\"\" av-desktop-font-size-btn-text=\"\" av-medium-font-size-btn-text=\"\" av-small-font-size-btn-text=\"\" av-mini-font-size-btn-text=\"\" fold_timer=\"\" z_index_fold=\"\" css_position_z_index=\"\" av-desktop-css_position_z_index=\"\" av-medium-css_position_z_index=\"\" av-small-css_position_z_index=\"\" av-mini-css_position_z_index=\"\" id=\"\" custom_class=\"\" template_class=\"\" aria_label=\"\" av_element_hidden_in_editor=\"0\" av_uid=\"av-6yfk0\" sc_version=\"1.0\"]\n[av_textblock fold_type=\"\" fold_height=\"\" fold_more=\"Llegir m\u00e9s\" fold_less=\"Read less\" fold_text_style=\"\" fold_btn_align=\"\" textblock_styling_align=\"\" textblock_styling=\"\" textblock_styling_gap=\"\" textblock_styling_mobile=\"\" size=\"40\" av-desktop-font-size=\"\" av-medium-font-size=\"\" av-small-font-size=\"\" av-mini-font-size=\"\" font_color=\"\" color=\"\" fold_overlay_color=\"\" fold_text_color=\"\" fold_btn_color=\"theme-color\" fold_btn_bg_color=\"\" fold_btn_font_color=\"\" size-btn-text=\"\" av-desktop-font-size-btn-text=\"\" av-medium-font-size-btn-text=\"\" av-small-font-size-btn-text=\"\" av-mini-font-size-btn-text=\"\" fold_timer=\"\" z_index_fold=\"\" id=\"\" custom_class=\"\" template_class=\"\" av_uid=\"av-m92gtlkl\" sc_version=\"1.0\" admin_preview_bg=\"\"]\n<p style=\"text-align: center;\">[page_title]<\/p>\n[\/av_textblock]\n[\/av_section]\n<div  class='flex_column av-oiyjy-de0b39d8c7033d46dd609e2bf3784dd0 av_one_full  avia-builder-el-1  el_after_av_postcontent  el_before_av_section  avia-builder-el-no-sibling  first flex_column_div av-animated-generic bottom-to-top  '     ><p>\n<style type=\"text\/css\" data-created_by=\"avia_inline_auto\" id=\"style-css-av-m918gcuj-175d2f8e36b807d3374d4f90a9ebe5bc\">\n#top .av-special-heading.av-m918gcuj-175d2f8e36b807d3374d4f90a9ebe5bc{\npadding-bottom:10px;\n}\nbody .av-special-heading.av-m918gcuj-175d2f8e36b807d3374d4f90a9ebe5bc .av-special-heading-tag .heading-char{\nfont-size:25px;\n}\n.av-special-heading.av-m918gcuj-175d2f8e36b807d3374d4f90a9ebe5bc .av-subheading{\nfont-size:15px;\n}\n<\/style>\n<div  class='av-special-heading av-m918gcuj-175d2f8e36b807d3374d4f90a9ebe5bc av-special-heading-h1 blockquote modern-quote  avia-builder-el-2  el_before_av_textblock  avia-builder-el-first '><h1 class='av-special-heading-tag '  itemprop=\"headline\"  >Activitats per la zona del Pedraforca<\/h1><div class=\"special-heading-border\"><div class=\"special-heading-inner-border\"><\/div><\/div><\/div><br \/>\n<section  class='av_textblock_section av-jcx0u-e423643f423afb90a45ba7642fdf114c '   itemscope=\"itemscope\" itemtype=\"https:\/\/schema.org\/CreativeWork\" ><div class='avia_textblock'  itemprop=\"text\" ><p>El entorno del Pedraforca es mucho m\u00e1s que el paisaje. Desde pueblecitos con encanto hasta espacios naturales, culturales y familiares, la zona ofrece propuestas para todos los gustos.<\/p>\n<p>Aqu\u00ed encontrar\u00e1s una selecci\u00f3n de actividades y espacios de inter\u00e9s <strong>agrupados por poblaci\u00f3n<\/strong> , para que puedas planificar tus salidas con facilidad. Museos, jardines, rutas, centros de interpretaci\u00f3n, trenes tur\u00edsticos, aventuras y mucho m\u00e1s&#8230; todo junto al hostal.<\/p>\n<p>\u00a1Explora, descubre y vive el territorio del Pedraforca como nunca antes!<\/p>\n<\/div><\/section><\/p><\/div>\n<\/div><\/div><\/div><!-- close content main div --><\/div><\/div><div id='av_section_1'  class='avia-section av-m919qlu6-9ab7aa9ec1f28295e7dc32f7b7a44589 main_color avia-section-default avia-no-border-styling  avia-builder-el-4  el_after_av_one_full  el_before_av_section  section-activitats avia-bg-style-scroll container_wrap fullsize'  ><div class='container av-section-cont-open' ><div class='template-page content  av-content-full alpha units'><div class='post-entry post-entry-type-page post-entry-914'><div class='entry-content-wrapper clearfix'>\n<div  class='flex_column av-dxf7q-3191f94fd4fce70964e3ca1d3aa84972 av_one_full  avia-builder-el-5  el_before_av_one_half  avia-builder-el-first  first flex_column_div av-animated-generic bottom-to-top  '     ><style type=\"text\/css\" data-created_by=\"avia_inline_auto\" id=\"style-css-av-89m0u-2b3f3434a1aea9464c491f304eec3f1b\">\n#top .av-special-heading.av-89m0u-2b3f3434a1aea9464c491f304eec3f1b{\npadding-bottom:10px;\n}\nbody .av-special-heading.av-89m0u-2b3f3434a1aea9464c491f304eec3f1b .av-special-heading-tag .heading-char{\nfont-size:25px;\n}\n.av-special-heading.av-89m0u-2b3f3434a1aea9464c491f304eec3f1b .av-subheading{\nfont-size:15px;\n}\n<\/style>\n<div  class='av-special-heading av-89m0u-2b3f3434a1aea9464c491f304eec3f1b av-special-heading-h2 blockquote modern-quote  avia-builder-el-6  avia-builder-el-no-sibling '><h2 class='av-special-heading-tag '  itemprop=\"headline\"  >La Pobla de Lillet<\/h2><div class=\"special-heading-border\"><div class=\"special-heading-inner-border\"><\/div><\/div><\/div><\/div><div class='flex_column_table av-10ri4e-d4783b1fd74d464fe95386cb4c315178 sc-av_one_half av-equal-height-column-flextable'>\n<style type=\"text\/css\" data-created_by=\"avia_inline_auto\" id=\"style-css-av-10ri4e-d4783b1fd74d464fe95386cb4c315178\">\n.flex_column.av-10ri4e-d4783b1fd74d464fe95386cb4c315178{\nwidth:48.5%;\nmargin-left:0;\n}\n#top .flex_column_table.av-equal-height-column-flextable.av-10ri4e-d4783b1fd74d464fe95386cb4c315178 .av-flex-placeholder{\nwidth:3%;\n}\n<\/style>\n<div  class='flex_column av-10ri4e-d4783b1fd74d464fe95386cb4c315178 av_one_half  avia-builder-el-7  el_after_av_one_full  el_before_av_one_half  first flex_column_table_cell av-equal-height-column av-align-top av-animated-generic bottom-to-top  column-top-margin'     ><p>\n<style type=\"text\/css\" data-created_by=\"avia_inline_auto\" id=\"style-css-av-m919nfr8-677a4bad460a37ad18ab202368984183\">\n.avia-image-container.av-m919nfr8-677a4bad460a37ad18ab202368984183 img.avia_image{\nbox-shadow:none;\n}\n.avia-image-container.av-m919nfr8-677a4bad460a37ad18ab202368984183 .av-image-caption-overlay-center{\ncolor:#ffffff;\n}\n<\/style>\n<div  class='avia-image-container av-m919nfr8-677a4bad460a37ad18ab202368984183 av-styling- avia-align-center  avia-builder-el-8  el_before_av_textblock  avia-builder-el-first '   itemprop=\"image\" itemscope=\"itemscope\" itemtype=\"https:\/\/schema.org\/ImageObject\" ><div class=\"avia-image-container-inner\"><div class=\"avia-image-overlay-wrap\"><img decoding=\"async\" fetchpriority=\"high\" class='wp-image-933 avia-img-lazy-loading-not-933 avia_image ' src=\"https:\/\/pedraforca.com\/wp-content\/uploads\/2025\/04\/4.-Jardins-Artigas-1-1493x630.jpg\" alt='Activities' title='Activitats'  height=\"630\" width=\"1493\"  itemprop=\"thumbnailUrl\"  \/><\/div><\/div><\/div><br \/>\n<section  class='av_textblock_section av-v2q7i-65a87cf2bbb0b4cfc6be920d61b067af '   itemscope=\"itemscope\" itemtype=\"https:\/\/schema.org\/CreativeWork\" ><div class='avia_textblock'  itemprop=\"text\" ><h3>Jardines Artigas<\/h3>\n<p>Una joya del modernismo dise\u00f1ada por Antoni Gaud\u00ed, rodeada de vegetaci\u00f3n y agua. Pasear por los Jardines Artigas es disfrutar de un paisaje arm\u00f3nico donde naturaleza y arquitectura se funden. Una visita ideal para toda la familia o para una escapada cultural distinta.<\/p>\n<p><a href=\"http:\/\/www.turismelillet.cat\/\" target=\"_blank\" rel=\"noopener\">turismelillet.cat<\/a><\/p>\n<\/div><\/section><\/p><\/div><div class='av-flex-placeholder'><\/div>\n<style type=\"text\/css\" data-created_by=\"avia_inline_auto\" id=\"style-css-av-5nlri-f45892f60b12f200fb6b0990211200a9\">\n.flex_column.av-5nlri-f45892f60b12f200fb6b0990211200a9{\nwidth:48.5%;\nmargin-left:0;\n}\n#top .flex_column_table.av-equal-height-column-flextable.av-5nlri-f45892f60b12f200fb6b0990211200a9 .av-flex-placeholder{\nwidth:3%;\n}\n<\/style>\n<div  class='flex_column av-5nlri-f45892f60b12f200fb6b0990211200a9 av_one_half  avia-builder-el-10  el_after_av_one_half  el_before_av_one_half  flex_column_table_cell av-equal-height-column av-align-top av-animated-generic bottom-to-top  column-top-margin'     ><p>\n<style type=\"text\/css\" data-created_by=\"avia_inline_auto\" id=\"style-css-av-1gkh5a-d8d7dd1d12d4cc2985858ebda1f0edab\">\n.avia-image-container.av-1gkh5a-d8d7dd1d12d4cc2985858ebda1f0edab img.avia_image{\nbox-shadow:none;\n}\n.avia-image-container.av-1gkh5a-d8d7dd1d12d4cc2985858ebda1f0edab .av-image-caption-overlay-center{\ncolor:#ffffff;\n}\n<\/style>\n<div  class='avia-image-container av-1gkh5a-d8d7dd1d12d4cc2985858ebda1f0edab av-styling- avia-align-center  avia-builder-el-11  el_before_av_textblock  avia-builder-el-first '   itemprop=\"image\" itemscope=\"itemscope\" itemtype=\"https:\/\/schema.org\/ImageObject\" ><div class=\"avia-image-container-inner\"><div class=\"avia-image-overlay-wrap\"><img decoding=\"async\" fetchpriority=\"high\" class='wp-image-934 avia-img-lazy-loading-not-934 avia_image ' src=\"https:\/\/pedraforca.com\/wp-content\/uploads\/2025\/04\/Jardins-Artigas-La-Pobla-de-Lillet-Turisme-5-1-2-1498x630.jpg\" alt='Activities' title='Activitats'  height=\"630\" width=\"1498\"  itemprop=\"thumbnailUrl\"  \/><\/div><\/div><\/div><br \/>\n<section  class='av_textblock_section av-48886-8e540d2b9814c0da5506a3a2563146c5 '   itemscope=\"itemscope\" itemtype=\"https:\/\/schema.org\/CreativeWork\" ><div class='avia_textblock'  itemprop=\"text\" ><h3>Tren del climento<\/h3>\n<p>\u200b<span class=\"relative -mx-px my-&#091;-0.2rem&#093; rounded-sm px-px py-&#091;0.2rem&#093;\">El <strong data-start=\"3\" data-end=\"22\">Tren del Cemento<\/strong> es una l\u00ednea ferroviaria hist\u00f3rica que conectaba la antigua f\u00e1brica de cemento Asland de Castellar de n&#8217;Hug con Guardiola de Bergued\u00e0.<\/span> <span class=\"relative -mx-px my-&#091;-0.2rem&#093; rounded-sm px-px py-&#091;0.2rem&#093;\">Actualmente, este tren tur\u00edstico ofrece un recorrido de 3,5 km que se completa en unos 20 minutos, atravesando bosques y paisajes encantadores a las puertas del Parque Natural del Cad\u00ed-Moixer\u00f3.<\/span><\/p>\n<p><a href=\"https:\/\/www.trendelciment.cat\/\">trendelciment.cat<\/a><\/p>\n<\/div><\/section><\/p><\/div><\/div><!--close column table wrapper. Autoclose: 1 -->\n<style type=\"text\/css\" data-created_by=\"avia_inline_auto\" id=\"style-css-av-9o3vny-2c1be84bfdd5b2264be77dea4b636bbc\">\n.flex_column.av-9o3vny-2c1be84bfdd5b2264be77dea4b636bbc{\nwidth:48.5%;\n}\n<\/style>\n<div  class='flex_column av-9o3vny-2c1be84bfdd5b2264be77dea4b636bbc av_one_half  avia-builder-el-13  el_after_av_one_half  el_before_av_one_half  first flex_column_div av-animated-generic bottom-to-top  column-top-margin'     ><p>\n<style type=\"text\/css\" data-created_by=\"avia_inline_auto\" id=\"style-css-av-9jmp72-7958801372e082b5da9cb2b2fcb8daac\">\n.avia-image-container.av-9jmp72-7958801372e082b5da9cb2b2fcb8daac img.avia_image{\nbox-shadow:none;\n}\n.avia-image-container.av-9jmp72-7958801372e082b5da9cb2b2fcb8daac .av-image-caption-overlay-center{\ncolor:#ffffff;\n}\n<\/style>\n<div  class='avia-image-container av-9jmp72-7958801372e082b5da9cb2b2fcb8daac av-styling- avia-align-center  avia-builder-el-14  el_before_av_textblock  avia-builder-el-first '   itemprop=\"image\" itemscope=\"itemscope\" itemtype=\"https:\/\/schema.org\/ImageObject\" ><div class=\"avia-image-container-inner\"><div class=\"avia-image-overlay-wrap\"><img decoding=\"async\" fetchpriority=\"high\" class='wp-image-930 avia-img-lazy-loading-not-930 avia_image ' src=\"https:\/\/pedraforca.com\/wp-content\/uploads\/2025\/04\/IMG_20170823_201742_589-768x768-2-1428x630-1.jpg\" alt='Activities' title='Activitats'  height=\"605\" width=\"1428\"  itemprop=\"thumbnailUrl\" srcset=\"https:\/\/pedraforca.com\/wp-content\/uploads\/2025\/04\/IMG_20170823_201742_589-768x768-2-1428x630-1.jpg 1428w, https:\/\/pedraforca.com\/wp-content\/uploads\/2025\/04\/IMG_20170823_201742_589-768x768-2-1428x630-1-300x127.jpg 300w, https:\/\/pedraforca.com\/wp-content\/uploads\/2025\/04\/IMG_20170823_201742_589-768x768-2-1428x630-1-1030x436.jpg 1030w, https:\/\/pedraforca.com\/wp-content\/uploads\/2025\/04\/IMG_20170823_201742_589-768x768-2-1428x630-1-768x325.jpg 768w, https:\/\/pedraforca.com\/wp-content\/uploads\/2025\/04\/IMG_20170823_201742_589-768x768-2-1428x630-1-705x299.jpg 705w\" sizes=\"(max-width: 1428px) 100vw, 1428px\" \/><\/div><\/div><\/div><br \/>\n<section  class='av_textblock_section av-m92jsotb-c6cf6690ab34908991abcd3aaaee5634 '   itemscope=\"itemscope\" itemtype=\"https:\/\/schema.org\/CreativeWork\" ><div class='avia_textblock'  itemprop=\"text\" ><h3>Parque de aventuras del Catllar\u00e0s<\/h3>\n<p class=\"\" data-start=\"117\" data-end=\"485\">Una aventura entre bosques y emociones en el coraz\u00f3n del Catllar\u00e0s. El Parque de Aventuras de La Pobla de Lillet te propone un d\u00eda lleno de diversi\u00f3n con circuitos entre \u00e1rboles, tirolinas, puentes colgantes y retos para todas las edades. Un entorno natural privilegiado por desconectar y vivir la adrenalina en familia o con amigos. Ideal para los amantes de la naturaleza con esp\u00edritu aventurero.<\/p>\n<p><a href=\"https:\/\/www.parcdaventuresdelcatllaras.cat\/\">parcdaventuresdelcatllaras.cat<\/a><\/p>\n<\/div><\/section><\/p><\/div>\n<style type=\"text\/css\" data-created_by=\"avia_inline_auto\" id=\"style-css-av-17u05q-b4a1e223ae460d692216bd223cfb7484\">\n.flex_column.av-17u05q-b4a1e223ae460d692216bd223cfb7484{\nwidth:48.5%;\nmargin-left:3%;\n}\n<\/style>\n<div  class='flex_column av-17u05q-b4a1e223ae460d692216bd223cfb7484 av_one_half  avia-builder-el-16  el_after_av_one_half  avia-builder-el-last  flex_column_div av-animated-generic bottom-to-top  column-top-margin'     ><p>\n<style type=\"text\/css\" data-created_by=\"avia_inline_auto\" id=\"style-css-av-m92nofpv-35e1e458c5e3ed9251749285f279bb88\">\n.avia-image-container.av-m92nofpv-35e1e458c5e3ed9251749285f279bb88 img.avia_image{\nbox-shadow:none;\n}\n.avia-image-container.av-m92nofpv-35e1e458c5e3ed9251749285f279bb88 .av-image-caption-overlay-center{\ncolor:#ffffff;\n}\n<\/style>\n<div  class='avia-image-container av-m92nofpv-35e1e458c5e3ed9251749285f279bb88 av-styling- avia-align-center  avia-builder-el-17  el_before_av_textblock  avia-builder-el-first '   itemprop=\"image\" itemscope=\"itemscope\" itemtype=\"https:\/\/schema.org\/ImageObject\" ><div class=\"avia-image-container-inner\"><div class=\"avia-image-overlay-wrap\"><img decoding=\"async\" fetchpriority=\"high\" class='wp-image-915 avia-img-lazy-loading-not-915 avia_image ' src=\"https:\/\/pedraforca.com\/wp-content\/uploads\/2025\/04\/rotonda-sant-miquel-la-pobla-lillet-turisme-ramon-saus-1.jpeg-1-1400x630-1.jpg\" alt='Activities' title='Activitats'  height=\"605\" width=\"1400\"  itemprop=\"thumbnailUrl\" srcset=\"https:\/\/pedraforca.com\/wp-content\/uploads\/2025\/04\/rotonda-sant-miquel-la-pobla-lillet-turisme-ramon-saus-1.jpeg-1-1400x630-1.jpg 1400w, https:\/\/pedraforca.com\/wp-content\/uploads\/2025\/04\/rotonda-sant-miquel-la-pobla-lillet-turisme-ramon-saus-1.jpeg-1-1400x630-1-300x130.jpg 300w, https:\/\/pedraforca.com\/wp-content\/uploads\/2025\/04\/rotonda-sant-miquel-la-pobla-lillet-turisme-ramon-saus-1.jpeg-1-1400x630-1-1030x445.jpg 1030w, https:\/\/pedraforca.com\/wp-content\/uploads\/2025\/04\/rotonda-sant-miquel-la-pobla-lillet-turisme-ramon-saus-1.jpeg-1-1400x630-1-768x332.jpg 768w, https:\/\/pedraforca.com\/wp-content\/uploads\/2025\/04\/rotonda-sant-miquel-la-pobla-lillet-turisme-ramon-saus-1.jpeg-1-1400x630-1-705x305.jpg 705w\" sizes=\"(max-width: 1400px) 100vw, 1400px\" \/><\/div><\/div><\/div><br \/>\n<section  class='av_textblock_section av-m92no34s-ad2bdaefe1e8902ec2fa590b70290371 '   itemscope=\"itemscope\" itemtype=\"https:\/\/schema.org\/CreativeWork\" ><div class='avia_textblock'  itemprop=\"text\" ><h3>Rotonda de San Miguel y Monasterio Santa Maria de Lillet<\/h3>\n<p class=\"\" data-start=\"117\" data-end=\"485\"><span style=\"font-weight: 400;\"> Este conjunto rom\u00e1nico, ubicado en un entorno rural, conserva la esencia de la arquitectura religiosa medieval. El acceso al recinto se realiza a trav\u00e9s de la oficina de turismo y vale mucho la pena para conocer mejor el patrimonio de la zona. <\/span><\/p>\n<p><a href=\"http:\/\/www.turismelillet.cat\"><span style=\"font-weight: 400;\">turismelillet.cat<\/span><\/a><\/p>\n<\/div><\/section><\/p><\/div>\n\n<\/div><\/div><\/div><!-- close content main div --><\/div><\/div>\n<style type=\"text\/css\" data-created_by=\"avia_inline_auto\" id=\"style-css-av-12xewm-71358b4e2e9ddc55e0e23e155c172d38\">\n.avia-section.av-12xewm-71358b4e2e9ddc55e0e23e155c172d38{\nbackground-color:#efefef;\nbackground-image:unset;\n}\n<\/style>\n<div id='av_section_2'  class='avia-section av-12xewm-71358b4e2e9ddc55e0e23e155c172d38 main_color avia-section-default avia-no-border-styling  avia-builder-el-19  el_after_av_section  el_before_av_section  section-activitats avia-bg-style-scroll container_wrap fullsize'  ><div class='container av-section-cont-open' ><div class='template-page content  av-content-full alpha units'><div class='post-entry post-entry-type-page post-entry-914'><div class='entry-content-wrapper clearfix'>\n<div  class='flex_column av-wiaou-09e1df1b837569a3d3f06fd9beb16e8e av_one_full  avia-builder-el-20  el_before_av_one_half  avia-builder-el-first  first flex_column_div av-animated-generic bottom-to-top  '     ><style type=\"text\/css\" data-created_by=\"avia_inline_auto\" id=\"style-css-av-m92nr8i7-7cd9d84847a247c45a4ac8c90be1e9dd\">\n#top .av-special-heading.av-m92nr8i7-7cd9d84847a247c45a4ac8c90be1e9dd{\npadding-bottom:10px;\n}\nbody .av-special-heading.av-m92nr8i7-7cd9d84847a247c45a4ac8c90be1e9dd .av-special-heading-tag .heading-char{\nfont-size:25px;\n}\n.av-special-heading.av-m92nr8i7-7cd9d84847a247c45a4ac8c90be1e9dd .av-subheading{\nfont-size:15px;\n}\n<\/style>\n<div  class='av-special-heading av-m92nr8i7-7cd9d84847a247c45a4ac8c90be1e9dd av-special-heading-h2 blockquote modern-quote  avia-builder-el-21  avia-builder-el-no-sibling '><h2 class='av-special-heading-tag '  itemprop=\"headline\"  >Saldes<\/h2><div class=\"special-heading-border\"><div class=\"special-heading-inner-border\"><\/div><\/div><\/div><\/div><div class='flex_column_table av-qm7nq-44a40ef84b9b369b93f2394165ffbc3a sc-av_one_half av-equal-height-column-flextable'>\n<style type=\"text\/css\" data-created_by=\"avia_inline_auto\" id=\"style-css-av-qm7nq-44a40ef84b9b369b93f2394165ffbc3a\">\n.flex_column.av-qm7nq-44a40ef84b9b369b93f2394165ffbc3a{\nwidth:48.5%;\nmargin-left:0;\n}\n#top .flex_column_table.av-equal-height-column-flextable.av-qm7nq-44a40ef84b9b369b93f2394165ffbc3a .av-flex-placeholder{\nwidth:3%;\n}\n<\/style>\n<div  class='flex_column av-qm7nq-44a40ef84b9b369b93f2394165ffbc3a av_one_half  avia-builder-el-22  el_after_av_one_full  el_before_av_one_half  first flex_column_table_cell av-equal-height-column av-align-top av-animated-generic bottom-to-top  column-top-margin'     ><p>\n<style type=\"text\/css\" data-created_by=\"avia_inline_auto\" id=\"style-css-av-m92ny3wq-22e66a57b6caab65b80d7109893237d7\">\n.avia-image-container.av-m92ny3wq-22e66a57b6caab65b80d7109893237d7 img.avia_image{\nbox-shadow:none;\n}\n.avia-image-container.av-m92ny3wq-22e66a57b6caab65b80d7109893237d7 .av-image-caption-overlay-center{\ncolor:#ffffff;\n}\n<\/style>\n<div  class='avia-image-container av-m92ny3wq-22e66a57b6caab65b80d7109893237d7 av-styling- avia-align-center  avia-builder-el-23  el_before_av_textblock  avia-builder-el-first '   itemprop=\"image\" itemscope=\"itemscope\" itemtype=\"https:\/\/schema.org\/ImageObject\" ><div class=\"avia-image-container-inner\"><div class=\"avia-image-overlay-wrap\"><img decoding=\"async\" fetchpriority=\"high\" class='wp-image-927 avia-img-lazy-loading-not-927 avia_image ' src=\"https:\/\/pedraforca.com\/wp-content\/uploads\/2025\/04\/MG_5429-1400x630.jpg\" alt='Activities' title='Activitats'  height=\"630\" width=\"1400\"  itemprop=\"thumbnailUrl\"  \/><\/div><\/div><\/div><br \/>\n<section  class='av_textblock_section av-m92nrtfp-b4239635447ddf376c2064d4407841b8 '   itemscope=\"itemscope\" itemtype=\"https:\/\/schema.org\/CreativeWork\" ><div class='avia_textblock'  itemprop=\"text\" ><h3>Centro Astron\u00f3mico del Pedraforca<\/h3>\n<p><span style=\"font-weight: 400;\">Una experiencia \u00fanica bajo el cielo estrellado del Pedraforca. El centro ofrece sesiones de planetario, observaci\u00f3n con telescopios y explicaciones sobre constelaciones y leyendas del cielo nocturno. Ideal para todas las edades y totalmente inmersivo. <\/span><\/p>\n<p><a href=\"http:\/\/centreastronomicdelpedraforca.cat\"><span style=\"font-weight: 400;\">centroastronomicodelpedraforca.cat<\/span><\/a><\/p>\n<\/div><\/section><\/p><\/div><div class='av-flex-placeholder'><\/div>\n<style type=\"text\/css\" data-created_by=\"avia_inline_auto\" id=\"style-css-av-jndke-0f0daff5ee2578ce736d3cb6a9466ab4\">\n.flex_column.av-jndke-0f0daff5ee2578ce736d3cb6a9466ab4{\nwidth:48.5%;\nmargin-left:0;\n}\n#top .flex_column_table.av-equal-height-column-flextable.av-jndke-0f0daff5ee2578ce736d3cb6a9466ab4 .av-flex-placeholder{\nwidth:3%;\n}\n<\/style>\n<div  class='flex_column av-jndke-0f0daff5ee2578ce736d3cb6a9466ab4 av_one_half  avia-builder-el-25  el_after_av_one_half  el_before_av_one_half  flex_column_table_cell av-equal-height-column av-align-top av-animated-generic bottom-to-top  column-top-margin'     ><p>\n<style type=\"text\/css\" data-created_by=\"avia_inline_auto\" id=\"style-css-av-m92nxs62-1a0ce6b9b1ddb5c1b002e8ac6421764b\">\n.avia-image-container.av-m92nxs62-1a0ce6b9b1ddb5c1b002e8ac6421764b img.avia_image{\nbox-shadow:none;\n}\n.avia-image-container.av-m92nxs62-1a0ce6b9b1ddb5c1b002e8ac6421764b .av-image-caption-overlay-center{\ncolor:#ffffff;\n}\n<\/style>\n<div  class='avia-image-container av-m92nxs62-1a0ce6b9b1ddb5c1b002e8ac6421764b av-styling- avia-align-center  avia-builder-el-26  el_before_av_textblock  avia-builder-el-first '   itemprop=\"image\" itemscope=\"itemscope\" itemtype=\"https:\/\/schema.org\/ImageObject\" ><div class=\"avia-image-container-inner\"><div class=\"avia-image-overlay-wrap\"><img decoding=\"async\" fetchpriority=\"high\" class='wp-image-926 avia-img-lazy-loading-not-926 avia_image ' src=\"https:\/\/pedraforca.com\/wp-content\/uploads\/2025\/04\/torrent-olla-de-la-mel-1400x630.jpg\" alt='Activities' title='Activitats'  height=\"630\" width=\"1400\"  itemprop=\"thumbnailUrl\"  \/><\/div><\/div><\/div><br \/>\n<section  class='av_textblock_section av-m92nsdob-6d0b7ea6a6e4f2f056f9c69391694351 '   itemscope=\"itemscope\" itemtype=\"https:\/\/schema.org\/CreativeWork\" ><div class='avia_textblock'  itemprop=\"text\" ><h3>Barranquismo en la Olla de Miel<\/h3>\n<p><span style=\"font-weight: 400;\">Un emocionante descenso en un entorno virgen del Parque Natural del Cad\u00ed-Moixer\u00f3. El recorrido es t\u00e9cnico pero espectacular, con r\u00e1peles y paisajes salvajes. Apto para amantes de la aventura y la naturaleza pura. <\/span><\/p>\n<p><a href=\"https:\/\/www.trendelciment.cat\"><span style=\"font-weight: 400;\">trendelciment.cat<\/span><\/a><\/p>\n<\/div><\/section><\/p><\/div><\/div><!--close column table wrapper. Autoclose: 1 -->\n<style type=\"text\/css\" data-created_by=\"avia_inline_auto\" id=\"style-css-av-g80za-17b60d5e0ead98e40a31100b1024b188\">\n.flex_column.av-g80za-17b60d5e0ead98e40a31100b1024b188{\nwidth:48.5%;\n}\n<\/style>\n<div  class='flex_column av-g80za-17b60d5e0ead98e40a31100b1024b188 av_one_half  avia-builder-el-28  el_after_av_one_half  el_before_av_one_half  first flex_column_div av-animated-generic bottom-to-top  column-top-margin'     ><p>\n<style type=\"text\/css\" data-created_by=\"avia_inline_auto\" id=\"style-css-av-m92nxf0v-746e1645a746cc679e9ed4d302d17572\">\n.avia-image-container.av-m92nxf0v-746e1645a746cc679e9ed4d302d17572 img.avia_image{\nbox-shadow:none;\n}\n.avia-image-container.av-m92nxf0v-746e1645a746cc679e9ed4d302d17572 .av-image-caption-overlay-center{\ncolor:#ffffff;\n}\n<\/style>\n<div  class='avia-image-container av-m92nxf0v-746e1645a746cc679e9ed4d302d17572 av-styling- avia-align-center  avia-builder-el-29  el_before_av_textblock  avia-builder-el-first '   itemprop=\"image\" itemscope=\"itemscope\" itemtype=\"https:\/\/schema.org\/ImageObject\" ><div class=\"avia-image-container-inner\"><div class=\"avia-image-overlay-wrap\"><img decoding=\"async\" fetchpriority=\"high\" class='wp-image-925 avia-img-lazy-loading-not-925 avia_image ' src=\"https:\/\/pedraforca.com\/wp-content\/uploads\/2025\/04\/65243363.700x525-1400x630.jpg\" alt='Activities' title='Activitats'  height=\"630\" width=\"1400\"  itemprop=\"thumbnailUrl\"  \/><\/div><\/div><\/div><br \/>\n<section  class='av_textblock_section av-m92nsvvp-bff68415e688df927128c39783fff3f5 '   itemscope=\"itemscope\" itemtype=\"https:\/\/schema.org\/CreativeWork\" ><div class='avia_textblock'  itemprop=\"text\" ><h3>Las 7 caras del Pedraforca<\/h3>\n<p><span style=\"font-weight: 400;\">Propuesta de ecoviaje para descubrir la monta\u00f1a desde siete perspectivas diferentes: cultura, naturaleza, gastronom\u00eda, artesan\u00eda, historia\u2026 Una forma original y profunda de conectar con el territorio y sus gentes.<\/span><\/p>\n<p><a href=\"https:\/\/www.visitpedraforca.com\/\"><span style=\"font-weight: 400;\">visitpedraforca.com<\/span><\/a><\/p>\n<\/div><\/section><\/p><\/div>\n<style type=\"text\/css\" data-created_by=\"avia_inline_auto\" id=\"style-css-av-9j452-3869d9a96d5d587d24ebcf243dcfc49f\">\n.flex_column.av-9j452-3869d9a96d5d587d24ebcf243dcfc49f{\nwidth:48.5%;\nmargin-left:3%;\n}\n<\/style>\n<div  class='flex_column av-9j452-3869d9a96d5d587d24ebcf243dcfc49f av_one_half  avia-builder-el-31  el_after_av_one_half  avia-builder-el-last  flex_column_div av-animated-generic bottom-to-top  column-top-margin'     ><p>\n<style type=\"text\/css\" data-created_by=\"avia_inline_auto\" id=\"style-css-av-m92nx0sx-48dad4883471c904d499b1877118ad30\">\n.avia-image-container.av-m92nx0sx-48dad4883471c904d499b1877118ad30 img.avia_image{\nbox-shadow:none;\n}\n.avia-image-container.av-m92nx0sx-48dad4883471c904d499b1877118ad30 .av-image-caption-overlay-center{\ncolor:#ffffff;\n}\n<\/style>\n<div  class='avia-image-container av-m92nx0sx-48dad4883471c904d499b1877118ad30 av-styling- avia-align-center  avia-builder-el-32  el_before_av_textblock  avia-builder-el-first '   itemprop=\"image\" itemscope=\"itemscope\" itemtype=\"https:\/\/schema.org\/ImageObject\" ><div class=\"avia-image-container-inner\"><div class=\"avia-image-overlay-wrap\"><img decoding=\"async\" fetchpriority=\"high\" class='wp-image-924 avia-img-lazy-loading-not-924 avia_image ' src=\"https:\/\/pedraforca.com\/wp-content\/uploads\/2025\/04\/turisme-del-bergueda-1400x630.jpg\" alt='Activities' title='Activitats'  height=\"630\" width=\"1400\"  itemprop=\"thumbnailUrl\"  \/><\/div><\/div><\/div><br \/>\n<section  class='av_textblock_section av-m92nte0r-df67be189f33ecd7abab3ccb27a94336 '   itemscope=\"itemscope\" itemtype=\"https:\/\/schema.org\/CreativeWork\" ><div class='avia_textblock'  itemprop=\"text\" ><h3>Rutas BTT por el Bergued\u00e0<\/h3>\n<p><span style=\"font-weight: 400;\">La zona del Pedraforca est\u00e1 llena de caminos y pistas para bicicleta de monta\u00f1a. En la web encontrar\u00e1s rutas para todos los niveles, desde suaves paseos hasta ascensiones exigentes con paisajes impresionantes. <\/span><\/p>\n<p><a href=\"https:\/\/www.visitpedraforca.com\/\"><span style=\"font-weight: 400;\">visitpedraforca.com<\/span><\/a><\/p>\n<\/div><\/section><\/p><\/div>\n\n<\/div><\/div><\/div><!-- close content main div --><\/div><\/div><div id='av_section_3'  class='avia-section av-7qrsva-ae8af67da2ac04619cf64b3b8d73f5b8 main_color avia-section-default avia-no-border-styling  avia-builder-el-34  el_after_av_section  el_before_av_section  section-activitats avia-bg-style-scroll container_wrap fullsize'  ><div class='container av-section-cont-open' ><div class='template-page content  av-content-full alpha units'><div class='post-entry post-entry-type-page post-entry-914'><div class='entry-content-wrapper clearfix'>\n<div  class='flex_column av-7k0q3i-231ed4cd38f863ac8391bd57dd67e095 av_one_full  avia-builder-el-35  el_before_av_one_half  avia-builder-el-first  first flex_column_div av-animated-generic bottom-to-top  '     ><style type=\"text\/css\" data-created_by=\"avia_inline_auto\" id=\"style-css-av-m92j8yd2-6770dffac2ee72da90b4c7b0e7fc745e\">\n#top .av-special-heading.av-m92j8yd2-6770dffac2ee72da90b4c7b0e7fc745e{\npadding-bottom:10px;\n}\nbody .av-special-heading.av-m92j8yd2-6770dffac2ee72da90b4c7b0e7fc745e .av-special-heading-tag .heading-char{\nfont-size:25px;\n}\n.av-special-heading.av-m92j8yd2-6770dffac2ee72da90b4c7b0e7fc745e .av-subheading{\nfont-size:15px;\n}\n<\/style>\n<div  class='av-special-heading av-m92j8yd2-6770dffac2ee72da90b4c7b0e7fc745e av-special-heading-h2 blockquote modern-quote  avia-builder-el-36  avia-builder-el-no-sibling '><h2 class='av-special-heading-tag '  itemprop=\"headline\"  >Castellar de n\u2019Hug<\/h2><div class=\"special-heading-border\"><div class=\"special-heading-inner-border\"><\/div><\/div><\/div><\/div><div class='flex_column_table av-7f331a-a4536bbd468ac9f230d723399a1f4b09 sc-av_one_half av-equal-height-column-flextable'>\n<style type=\"text\/css\" data-created_by=\"avia_inline_auto\" id=\"style-css-av-7f331a-a4536bbd468ac9f230d723399a1f4b09\">\n.flex_column.av-7f331a-a4536bbd468ac9f230d723399a1f4b09{\nwidth:48.5%;\nmargin-left:0;\n}\n#top .flex_column_table.av-equal-height-column-flextable.av-7f331a-a4536bbd468ac9f230d723399a1f4b09 .av-flex-placeholder{\nwidth:3%;\n}\n<\/style>\n<div  class='flex_column av-7f331a-a4536bbd468ac9f230d723399a1f4b09 av_one_half  avia-builder-el-37  el_after_av_one_full  el_before_av_one_half  first flex_column_table_cell av-equal-height-column av-align-top av-animated-generic bottom-to-top  column-top-margin'     ><p>\n<style type=\"text\/css\" data-created_by=\"avia_inline_auto\" id=\"style-css-av-77lrti-cfc5b1e7240a19f72567609cdbf898f8\">\n.avia-image-container.av-77lrti-cfc5b1e7240a19f72567609cdbf898f8 img.avia_image{\nbox-shadow:none;\n}\n.avia-image-container.av-77lrti-cfc5b1e7240a19f72567609cdbf898f8 .av-image-caption-overlay-center{\ncolor:#ffffff;\n}\n<\/style>\n<div  class='avia-image-container av-77lrti-cfc5b1e7240a19f72567609cdbf898f8 av-styling- avia-align-center  avia-builder-el-38  el_before_av_textblock  avia-builder-el-first '   itemprop=\"image\" itemscope=\"itemscope\" itemtype=\"https:\/\/schema.org\/ImageObject\" ><div class=\"avia-image-container-inner\"><div class=\"avia-image-overlay-wrap\"><img decoding=\"async\" fetchpriority=\"high\" class='wp-image-918 avia-img-lazy-loading-not-918 avia_image ' src=\"https:\/\/pedraforca.com\/wp-content\/uploads\/2025\/04\/museu-ciment-1400x630.jpg\" alt='Activities' title='Activitats'  height=\"630\" width=\"1400\"  itemprop=\"thumbnailUrl\"  \/><\/div><\/div><\/div><br \/>\n<section  class='av_textblock_section av-m92jki7r-32d4edc83f15b808657e115e437c1faf '   itemscope=\"itemscope\" itemtype=\"https:\/\/schema.org\/CreativeWork\" ><div class='avia_textblock'  itemprop=\"text\" ><h3>Museo del Cemento Asland<\/h3>\n<p class=\"\" data-start=\"112\" data-end=\"525\"><span style=\"font-weight: 400;\">Instalado en una antigua f\u00e1brica en medio del bosque, este museo es un testimonio de la arquitectura industrial catalana. Ofrece una inmersiva visita sobre la producci\u00f3n de cemento y el legado industrial del siglo XX en un entorno natural impactante. <\/span><\/p>\n<p><a href=\"https:\/\/museuciment.cat\/ca\/museu-del-ciment\/\">museuciment.cat<\/a><\/p>\n<\/div><\/section><\/p><\/div><div class='av-flex-placeholder'><\/div>\n<style type=\"text\/css\" data-created_by=\"avia_inline_auto\" id=\"style-css-av-72e2vi-faf79fe091b8c63eaf6f43b09fb5daff\">\n.flex_column.av-72e2vi-faf79fe091b8c63eaf6f43b09fb5daff{\nwidth:48.5%;\nmargin-left:0;\n}\n#top .flex_column_table.av-equal-height-column-flextable.av-72e2vi-faf79fe091b8c63eaf6f43b09fb5daff .av-flex-placeholder{\nwidth:3%;\n}\n<\/style>\n<div  class='flex_column av-72e2vi-faf79fe091b8c63eaf6f43b09fb5daff av_one_half  avia-builder-el-40  el_after_av_one_half  el_before_av_one_half  flex_column_table_cell av-equal-height-column av-align-top av-animated-generic bottom-to-top  column-top-margin'     ><p>\n<style type=\"text\/css\" data-created_by=\"avia_inline_auto\" id=\"style-css-av-ov41y-8903ff8e3cb4b0a0e1e763c1d9359a03\">\n.avia-image-container.av-ov41y-8903ff8e3cb4b0a0e1e763c1d9359a03 img.avia_image{\nbox-shadow:none;\n}\n.avia-image-container.av-ov41y-8903ff8e3cb4b0a0e1e763c1d9359a03 .av-image-caption-overlay-center{\ncolor:#ffffff;\n}\n<\/style>\n<div  class='avia-image-container av-ov41y-8903ff8e3cb4b0a0e1e763c1d9359a03 av-styling- avia-align-center  avia-builder-el-41  el_before_av_textblock  avia-builder-el-first '   itemprop=\"image\" itemscope=\"itemscope\" itemtype=\"https:\/\/schema.org\/ImageObject\" ><div class=\"avia-image-container-inner\"><div class=\"avia-image-overlay-wrap\"><img decoding=\"async\" fetchpriority=\"high\" class='wp-image-919 avia-img-lazy-loading-not-919 avia_image ' src=\"https:\/\/pedraforca.com\/wp-content\/uploads\/2025\/04\/museu_del_pastor_2-1400x630.jpg\" alt='Activities' title='Activitats'  height=\"630\" width=\"1400\"  itemprop=\"thumbnailUrl\"  \/><\/div><\/div><\/div><br \/>\n<section  class='av_textblock_section av-m92jnrt7-856ece5182473ffac49e654548f60ab7 '   itemscope=\"itemscope\" itemtype=\"https:\/\/schema.org\/CreativeWork\" ><div class='avia_textblock'  itemprop=\"text\" ><h3>Museo del Pastor<\/h3>\n<p class=\"\" data-start=\"108\" data-end=\"468\"><span style=\"font-weight: 400;\">Museo dedicado a la figura del pastor de monta\u00f1a y su forma de vida. Una visita sencilla pero emotiva que conecta con las ra\u00edces rurales y humanas del territorio. Ideal para entender el v\u00ednculo entre la gente y su entorno. <\/span><\/p>\n<p><a href=\"https:\/\/www.ajcastellardenhug.cat\">ajcastellardenhug.cat<\/a><\/p>\n<\/div><\/section><\/p><\/div><\/div><!--close column table wrapper. Autoclose: 1 -->\n<style type=\"text\/css\" data-created_by=\"avia_inline_auto\" id=\"style-css-av-6rqw4e-1609b6510eb7790e47084e06a8786f5d\">\n.flex_column.av-6rqw4e-1609b6510eb7790e47084e06a8786f5d{\nwidth:48.5%;\n}\n<\/style>\n<div  class='flex_column av-6rqw4e-1609b6510eb7790e47084e06a8786f5d av_one_half  avia-builder-el-43  el_after_av_one_half  avia-builder-el-last  first flex_column_div av-animated-generic bottom-to-top  column-top-margin'     ><p>\n<style type=\"text\/css\" data-created_by=\"avia_inline_auto\" id=\"style-css-av-6jfpae-4f186ad0f19ef93facbe7e9f2086ed3e\">\n.avia-image-container.av-6jfpae-4f186ad0f19ef93facbe7e9f2086ed3e img.avia_image{\nbox-shadow:none;\n}\n.avia-image-container.av-6jfpae-4f186ad0f19ef93facbe7e9f2086ed3e .av-image-caption-overlay-center{\ncolor:#ffffff;\n}\n<\/style>\n<div  class='avia-image-container av-6jfpae-4f186ad0f19ef93facbe7e9f2086ed3e av-styling- avia-align-center  avia-builder-el-44  el_before_av_textblock  avia-builder-el-first '   itemprop=\"image\" itemscope=\"itemscope\" itemtype=\"https:\/\/schema.org\/ImageObject\" ><div class=\"avia-image-container-inner\"><div class=\"avia-image-overlay-wrap\"><img decoding=\"async\" fetchpriority=\"high\" class='wp-image-920 avia-img-lazy-loading-not-920 avia_image ' src=\"https:\/\/pedraforca.com\/wp-content\/uploads\/2025\/04\/Sant_vicenc_de_rus-exterior-1400x630.jpg\" alt='Activities' title='Activitats'  height=\"630\" width=\"1400\"  itemprop=\"thumbnailUrl\"  \/><\/div><\/div><\/div><br \/>\n<section  class='av_textblock_section av-m92k0qhv-a03db911e4eade049853251656b2718f '   itemscope=\"itemscope\" itemtype=\"https:\/\/schema.org\/CreativeWork\" ><div class='avia_textblock'  itemprop=\"text\" ><h3>San Vicente de Ruso<\/h3>\n<p class=\"\" data-start=\"117\" data-end=\"433\">Una joya rom\u00e1nica entre monta\u00f1as, rodeada de silencio y naturaleza. La iglesia de Sant Vicen\u00e7 de Rus, con sus formas austeras y elegantes, te transporta a la esencia del rom\u00e1nico del Bergued\u00e0. Un espacio lleno de historia, espiritualidad y paisaje, ideal para los amantes del arte, la cultura y las escapadas con encanto.<\/p>\n<p><a href=\"https:\/\/www.civitascultura.org\">civitascultura.org<\/a><\/p>\n<\/div><\/section><\/p><\/div>\n\n<\/div><\/div><\/div><!-- close content main div --><\/div><\/div>\n<style type=\"text\/css\" data-created_by=\"avia_inline_auto\" id=\"style-css-av-11jh2e-2c897d909ed9540e7f3b5f3b97ffae5b\">\n.avia-section.av-11jh2e-2c897d909ed9540e7f3b5f3b97ffae5b{\nbackground-color:#efefef;\nbackground-image:unset;\n}\n<\/style>\n<div id='av_section_4'  class='avia-section av-11jh2e-2c897d909ed9540e7f3b5f3b97ffae5b main_color avia-section-default avia-no-border-styling  avia-builder-el-46  el_after_av_section  el_before_av_section  section-activitats avia-bg-style-scroll container_wrap fullsize'  ><div class='container av-section-cont-open' ><div class='template-page content  av-content-full alpha units'><div class='post-entry post-entry-type-page post-entry-914'><div class='entry-content-wrapper clearfix'>\n<div  class='flex_column av-3cnni-c9c45328d33d9be240f8a92c40121df2 av_one_full  avia-builder-el-47  el_before_av_one_half  avia-builder-el-first  first flex_column_div av-animated-generic bottom-to-top  '     ><style type=\"text\/css\" data-created_by=\"avia_inline_auto\" id=\"style-css-av-m92j9ykl-37be500d1141419da8afee644630b9b2\">\n#top .av-special-heading.av-m92j9ykl-37be500d1141419da8afee644630b9b2{\npadding-bottom:10px;\n}\nbody .av-special-heading.av-m92j9ykl-37be500d1141419da8afee644630b9b2 .av-special-heading-tag .heading-char{\nfont-size:25px;\n}\n.av-special-heading.av-m92j9ykl-37be500d1141419da8afee644630b9b2 .av-subheading{\nfont-size:15px;\n}\n<\/style>\n<div  class='av-special-heading av-m92j9ykl-37be500d1141419da8afee644630b9b2 av-special-heading-h2 blockquote modern-quote  avia-builder-el-48  avia-builder-el-no-sibling '><h2 class='av-special-heading-tag '  itemprop=\"headline\"  >Cercs<\/h2><div class=\"special-heading-border\"><div class=\"special-heading-inner-border\"><\/div><\/div><\/div><\/div><div class='flex_column_table av-2mm5i-254f9a00fa40759c51de3b8b9ef4c123 sc-av_one_half av-equal-height-column-flextable'>\n<style type=\"text\/css\" data-created_by=\"avia_inline_auto\" id=\"style-css-av-2mm5i-254f9a00fa40759c51de3b8b9ef4c123\">\n.flex_column.av-2mm5i-254f9a00fa40759c51de3b8b9ef4c123{\nwidth:48.5%;\nmargin-left:0;\n}\n#top .flex_column_table.av-equal-height-column-flextable.av-2mm5i-254f9a00fa40759c51de3b8b9ef4c123 .av-flex-placeholder{\nwidth:3%;\n}\n<\/style>\n<div  class='flex_column av-2mm5i-254f9a00fa40759c51de3b8b9ef4c123 av_one_half  avia-builder-el-49  el_after_av_one_full  el_before_av_one_half  first flex_column_table_cell av-equal-height-column av-align-top av-animated-generic bottom-to-top  column-top-margin'     ><p>\n<style type=\"text\/css\" data-created_by=\"avia_inline_auto\" id=\"style-css-av-k0g8u-91c67f34e5a5aeff9d99a934d34a45a7\">\n.avia-image-container.av-k0g8u-91c67f34e5a5aeff9d99a934d34a45a7 img.avia_image{\nbox-shadow:none;\n}\n.avia-image-container.av-k0g8u-91c67f34e5a5aeff9d99a934d34a45a7 .av-image-caption-overlay-center{\ncolor:#ffffff;\n}\n<\/style>\n<div  class='avia-image-container av-k0g8u-91c67f34e5a5aeff9d99a934d34a45a7 av-styling- avia-align-center  avia-builder-el-50  el_before_av_textblock  avia-builder-el-first '   itemprop=\"image\" itemscope=\"itemscope\" itemtype=\"https:\/\/schema.org\/ImageObject\" ><div class=\"avia-image-container-inner\"><div class=\"avia-image-overlay-wrap\"><img decoding=\"async\" fetchpriority=\"high\" class='wp-image-922 avia-img-lazy-loading-not-922 avia_image ' src=\"https:\/\/pedraforca.com\/wp-content\/uploads\/2025\/04\/12279-01-museu-mines-de-cercs-1-1400x630.jpg\" alt='Activities' title='Activitats'  height=\"630\" width=\"1400\"  itemprop=\"thumbnailUrl\"  \/><\/div><\/div><\/div><br \/>\n<section  class='av_textblock_section av-m92jwrja-fd30233711ab03cc401a8b0b00fc64a5 '   itemscope=\"itemscope\" itemtype=\"https:\/\/schema.org\/CreativeWork\" ><div class='avia_textblock'  itemprop=\"text\" ><h3>Museo de las Minas de Cercs<\/h3>\n<p class=\"\" data-start=\"113\" data-end=\"517\"><span style=\"font-weight: 400;\">Uno de los museos m\u00e1s singulares del Bergued\u00e0, cuya visita incluye entrada a una galer\u00eda real de una antigua mina de carb\u00f3n. Ideal para familias, escuelas y todo el que quiera conocer el pasado minero de la comarca de forma vivencial. <\/span><\/p>\n<p><a href=\"http:\/\/www.mmcercs.cat\/\">mmcercs.cat<\/a><\/p>\n<\/div><\/section><\/p><\/div><div class='av-flex-placeholder'><\/div>\n<style type=\"text\/css\" data-created_by=\"avia_inline_auto\" id=\"style-css-av-evwq6-bbe87c64166cfa181adc7f7f311f2e34\">\n.flex_column.av-evwq6-bbe87c64166cfa181adc7f7f311f2e34{\nwidth:48.5%;\nmargin-left:0;\n}\n#top .flex_column_table.av-equal-height-column-flextable.av-evwq6-bbe87c64166cfa181adc7f7f311f2e34 .av-flex-placeholder{\nwidth:3%;\n}\n<\/style>\n<div  class='flex_column av-evwq6-bbe87c64166cfa181adc7f7f311f2e34 av_one_half  avia-builder-el-52  el_after_av_one_half  avia-builder-el-last  flex_column_table_cell av-equal-height-column av-align-top av-animated-generic bottom-to-top  column-top-margin'     ><p>\n<style type=\"text\/css\" data-created_by=\"avia_inline_auto\" id=\"style-css-av-88u8u-a6207ec9aefd19bbc5fcbbf198422447\">\n.avia-image-container.av-88u8u-a6207ec9aefd19bbc5fcbbf198422447 img.avia_image{\nbox-shadow:none;\n}\n.avia-image-container.av-88u8u-a6207ec9aefd19bbc5fcbbf198422447 .av-image-caption-overlay-center{\ncolor:#ffffff;\n}\n<\/style>\n<div  class='avia-image-container av-88u8u-a6207ec9aefd19bbc5fcbbf198422447 av-styling- avia-align-center  avia-builder-el-53  el_before_av_textblock  avia-builder-el-first '   itemprop=\"image\" itemscope=\"itemscope\" itemtype=\"https:\/\/schema.org\/ImageObject\" ><div class=\"avia-image-container-inner\"><div class=\"avia-image-overlay-wrap\"><img decoding=\"async\" fetchpriority=\"high\" class='wp-image-917 avia-img-lazy-loading-not-917 avia_image ' src=\"https:\/\/pedraforca.com\/wp-content\/uploads\/2025\/04\/0099-panta-de-la-baells-3-1-1400x630.jpg\" alt='Activities' title='Activitats'  height=\"630\" width=\"1400\"  itemprop=\"thumbnailUrl\"  \/><\/div><\/div><\/div><br \/>\n<section  class='av_textblock_section av-m92jy0vc-e90d60b7799b0bdd100c515cf6d48d3e '   itemscope=\"itemscope\" itemtype=\"https:\/\/schema.org\/CreativeWork\" ><div class='avia_textblock'  itemprop=\"text\" ><h3>Centro de Interpretaci\u00f3n de la Baells<\/h3>\n<p class=\"\" data-start=\"117\" data-end=\"516\"><span style=\"font-weight: 400;\">Centro dedicado a explicar la construcci\u00f3n del embalse de la Baells y su impacto en el territorio. Un interesante espacio para entender la relaci\u00f3n entre las infraestructuras y el desarrollo local. <\/span><\/p>\n<p><a href=\"https:\/\/www.mmcercs.cat\">mmcercs.cat<\/a><\/p>\n<\/div><\/section><\/p><\/div><\/div><!--close column table wrapper. Autoclose: 1 --><\/div><\/div><\/div><!-- close content main div --><\/div><\/div><div id='av_section_5'  class='avia-section av-2av0em-d242d32b393bdc8f472bd8525c8c8368 main_color avia-section-default avia-no-border-styling  avia-builder-el-55  el_after_av_section  el_before_av_section  section-activitats avia-bg-style-scroll container_wrap fullsize'  ><div class='container av-section-cont-open' ><div class='template-page content  av-content-full alpha units'><div class='post-entry post-entry-type-page post-entry-914'><div class='entry-content-wrapper clearfix'>\n<div  class='flex_column av-m918kitp-bb6cb78081a27fad3117a32d5bfe6f10 av_one_full  avia-builder-el-56  el_before_av_one_half  avia-builder-el-first  first flex_column_div av-animated-generic bottom-to-top  '     ><style type=\"text\/css\" data-created_by=\"avia_inline_auto\" id=\"style-css-av-6hmz1i-3a76b0e9b91a11d44a5e1fea6d452f80\">\n#top .av-special-heading.av-6hmz1i-3a76b0e9b91a11d44a5e1fea6d452f80{\npadding-bottom:10px;\n}\nbody .av-special-heading.av-6hmz1i-3a76b0e9b91a11d44a5e1fea6d452f80 .av-special-heading-tag .heading-char{\nfont-size:25px;\n}\n.av-special-heading.av-6hmz1i-3a76b0e9b91a11d44a5e1fea6d452f80 .av-subheading{\nfont-size:15px;\n}\n<\/style>\n<div  class='av-special-heading av-6hmz1i-3a76b0e9b91a11d44a5e1fea6d452f80 av-special-heading-h2 blockquote modern-quote  avia-builder-el-57  avia-builder-el-no-sibling '><h2 class='av-special-heading-tag '  itemprop=\"headline\"  >Guardiola de Bergued\u00e0<\/h2><div class=\"special-heading-border\"><div class=\"special-heading-inner-border\"><\/div><\/div><\/div><\/div><div class='flex_column_table av-224u7y-5f2abccf1c56e86c743df70e92cec4cf sc-av_one_half av-equal-height-column-flextable'>\n<style type=\"text\/css\" data-created_by=\"avia_inline_auto\" id=\"style-css-av-224u7y-5f2abccf1c56e86c743df70e92cec4cf\">\n.flex_column.av-224u7y-5f2abccf1c56e86c743df70e92cec4cf{\nwidth:48.5%;\nmargin-left:0;\n}\n#top .flex_column_table.av-equal-height-column-flextable.av-224u7y-5f2abccf1c56e86c743df70e92cec4cf .av-flex-placeholder{\nwidth:3%;\n}\n<\/style>\n<div  class='flex_column av-224u7y-5f2abccf1c56e86c743df70e92cec4cf av_one_half  avia-builder-el-58  el_after_av_one_full  el_before_av_one_half  first flex_column_table_cell av-equal-height-column av-align-top av-animated-generic bottom-to-top  column-top-margin'     ><p>\n<style type=\"text\/css\" data-created_by=\"avia_inline_auto\" id=\"style-css-av-1utp86-4f7d4c5cc2ab2abcfbb63e271e7427f9\">\n.avia-image-container.av-1utp86-4f7d4c5cc2ab2abcfbb63e271e7427f9 img.avia_image{\nbox-shadow:none;\n}\n.avia-image-container.av-1utp86-4f7d4c5cc2ab2abcfbb63e271e7427f9 .av-image-caption-overlay-center{\ncolor:#ffffff;\n}\n<\/style>\n<div  class='avia-image-container av-1utp86-4f7d4c5cc2ab2abcfbb63e271e7427f9 av-styling- avia-align-center  avia-builder-el-59  el_before_av_textblock  avia-builder-el-first '   itemprop=\"image\" itemscope=\"itemscope\" itemtype=\"https:\/\/schema.org\/ImageObject\" ><div class=\"avia-image-container-inner\"><div class=\"avia-image-overlay-wrap\"><img decoding=\"async\" fetchpriority=\"high\" class='wp-image-935 avia-img-lazy-loading-not-935 avia_image ' src=\"https:\/\/pedraforca.com\/wp-content\/uploads\/2025\/04\/1-1339x630.jpg\" alt='Activities' title='Activitats'  height=\"630\" width=\"1339\"  itemprop=\"thumbnailUrl\"  \/><\/div><\/div><\/div><br \/>\n<section  class='av_textblock_section av-1p8wty-e0ff1b54ad64c9b5ee2a00750e325bd9 '   itemscope=\"itemscope\" itemtype=\"https:\/\/schema.org\/CreativeWork\" ><div class='avia_textblock'  itemprop=\"text\" ><h3>Mina de Petr\u00f3leo de Riutort<\/h3>\n<p>Un tesoro geol\u00f3gico ins\u00f3lito en el coraz\u00f3n del Bergued\u00e0. La Mina de Petr\u00f3leo de Riutort te invita a descubrir uno de los pocos yacimientos naturales de petr\u00f3leo explotados en Catalu\u00f1a. Ad\u00e9ntrate en una galer\u00eda excavada a mano, conoce las t\u00e9cnicas de extracci\u00f3n del siglo XIX y marav\u00edlate con un entorno natural de excepci\u00f3n. Una visita ideal para curiosos de la ciencia, familias aventureras y amantes del singular patrimonio industrial.<\/p>\n<p><a href=\"http:\/\/www.guardiola.cat\/\" target=\"_blank\" rel=\"noopener\">guardiola.cat<\/a><\/p>\n<\/div><\/section><\/p><\/div><div class='av-flex-placeholder'><\/div>\n<style type=\"text\/css\" data-created_by=\"avia_inline_auto\" id=\"style-css-av-1jhddq-51b3d2701cba28687cc7e86c925dd780\">\n.flex_column.av-1jhddq-51b3d2701cba28687cc7e86c925dd780{\nwidth:48.5%;\nmargin-left:0;\n}\n#top .flex_column_table.av-equal-height-column-flextable.av-1jhddq-51b3d2701cba28687cc7e86c925dd780 .av-flex-placeholder{\nwidth:3%;\n}\n<\/style>\n<div  class='flex_column av-1jhddq-51b3d2701cba28687cc7e86c925dd780 av_one_half  avia-builder-el-61  el_after_av_one_half  avia-builder-el-last  flex_column_table_cell av-equal-height-column av-align-top av-animated-generic bottom-to-top  column-top-margin'     ><p>\n<style type=\"text\/css\" data-created_by=\"avia_inline_auto\" id=\"style-css-av-1h089y-d69f8d7dfa0db5c0097c7db6ac2a6610\">\n.avia-image-container.av-1h089y-d69f8d7dfa0db5c0097c7db6ac2a6610 img.avia_image{\nbox-shadow:none;\n}\n.avia-image-container.av-1h089y-d69f8d7dfa0db5c0097c7db6ac2a6610 .av-image-caption-overlay-center{\ncolor:#ffffff;\n}\n<\/style>\n<div  class='avia-image-container av-1h089y-d69f8d7dfa0db5c0097c7db6ac2a6610 av-styling- avia-align-center  avia-builder-el-62  el_before_av_textblock  avia-builder-el-first '   itemprop=\"image\" itemscope=\"itemscope\" itemtype=\"https:\/\/schema.org\/ImageObject\" ><div class=\"avia-image-container-inner\"><div class=\"avia-image-overlay-wrap\"><img decoding=\"async\" fetchpriority=\"high\" class='wp-image-936 avia-img-lazy-loading-not-936 avia_image ' src=\"https:\/\/pedraforca.com\/wp-content\/uploads\/2025\/04\/Santuari-Falgars-La-Pobla-de-Lillet-Turisme-4-1339x630.jpg\" alt='Activities' title='Activitats'  height=\"630\" width=\"1339\"  itemprop=\"thumbnailUrl\"  \/><\/div><\/div><\/div><br \/>\n<section  class='av_textblock_section av-180jhy-b712956f2ea567a4df235ee61760a4f3 '   itemscope=\"itemscope\" itemtype=\"https:\/\/schema.org\/CreativeWork\" ><div class='avia_textblock'  itemprop=\"text\" ><h3>Monasterio de Sant Lloren\u00e7<\/h3>\n<p class=\"\" data-start=\"135\" data-end=\"520\"><span style=\"font-weight: 400;\">Un conjunto rom\u00e1nico impresionante situado en medio de la naturaleza. Ideal para los amantes de la historia y la arquitectura, este espacio ofrece un viaje al pasado medieval de la zona. El entorno, silencioso y rodeado de verde, complementa perfectamente su visita. <\/span><\/p>\n<p><a href=\"http:\/\/www.turismelillet.cat\/\" target=\"_blank\" rel=\"noopener\">turismelillet.cat<\/a><\/p>\n<\/div><\/section><\/p><\/div><\/div><!--close column table wrapper. Autoclose: 1 -->\n<\/p>\n<\/div><\/div><\/div><!-- close content main div --><\/div><\/div>\n<style type=\"text\/css\" data-created_by=\"avia_inline_auto\" id=\"style-css-av-8noh0m-9b28665f7dac770b51e66ceeb38c6929\">\n.avia-section.av-8noh0m-9b28665f7dac770b51e66ceeb38c6929{\nbackground-color:#efefef;\nbackground-image:unset;\n}\n<\/style>\n<div id='av_section_6'  class='avia-section av-8noh0m-9b28665f7dac770b51e66ceeb38c6929 main_color avia-section-default avia-no-border-styling  avia-builder-el-64  el_after_av_section  el_before_av_section  section-activitats avia-bg-style-scroll container_wrap fullsize'  ><div class='container av-section-cont-open' ><div class='template-page content  av-content-full alpha units'><div class='post-entry post-entry-type-page post-entry-914'><div class='entry-content-wrapper clearfix'>\n<div  class='flex_column av-8is15y-cd49c8bd4a0b36e56052b4019782c05e av_one_full  avia-builder-el-65  el_before_av_one_half  avia-builder-el-first  first flex_column_div av-animated-generic bottom-to-top  '     ><style type=\"text\/css\" data-created_by=\"avia_inline_auto\" id=\"style-css-av-m92j8px2-1dd99b923a48c66808f7c73888fe3db4\">\n#top .av-special-heading.av-m92j8px2-1dd99b923a48c66808f7c73888fe3db4{\npadding-bottom:10px;\n}\nbody .av-special-heading.av-m92j8px2-1dd99b923a48c66808f7c73888fe3db4 .av-special-heading-tag .heading-char{\nfont-size:25px;\n}\n.av-special-heading.av-m92j8px2-1dd99b923a48c66808f7c73888fe3db4 .av-subheading{\nfont-size:15px;\n}\n<\/style>\n<div  class='av-special-heading av-m92j8px2-1dd99b923a48c66808f7c73888fe3db4 av-special-heading-h2 blockquote modern-quote  avia-builder-el-66  avia-builder-el-no-sibling '><h2 class='av-special-heading-tag '  itemprop=\"headline\"  >Bag\u00e0<\/h2><div class=\"special-heading-border\"><div class=\"special-heading-inner-border\"><\/div><\/div><\/div><\/div><div class='flex_column_table av-8excvq-f9ee65dd9316cbd757854603d46a0680 sc-av_one_half av-equal-height-column-flextable'>\n<style type=\"text\/css\" data-created_by=\"avia_inline_auto\" id=\"style-css-av-8excvq-f9ee65dd9316cbd757854603d46a0680\">\n.flex_column.av-8excvq-f9ee65dd9316cbd757854603d46a0680{\nwidth:48.5%;\nmargin-left:0;\n}\n#top .flex_column_table.av-equal-height-column-flextable.av-8excvq-f9ee65dd9316cbd757854603d46a0680 .av-flex-placeholder{\nwidth:3%;\n}\n<\/style>\n<div  class='flex_column av-8excvq-f9ee65dd9316cbd757854603d46a0680 av_one_half  avia-builder-el-67  el_after_av_one_full  el_before_av_one_half  first flex_column_table_cell av-equal-height-column av-align-top av-animated-generic bottom-to-top  column-top-margin'     ><p>\n<style type=\"text\/css\" data-created_by=\"avia_inline_auto\" id=\"style-css-av-867t2m-99905bd243911ce98f9cf211f5223962\">\n.avia-image-container.av-867t2m-99905bd243911ce98f9cf211f5223962 img.avia_image{\nbox-shadow:none;\n}\n.avia-image-container.av-867t2m-99905bd243911ce98f9cf211f5223962 .av-image-caption-overlay-center{\ncolor:#ffffff;\n}\n<\/style>\n<div  class='avia-image-container av-867t2m-99905bd243911ce98f9cf211f5223962 av-styling- avia-align-center  avia-builder-el-68  el_before_av_textblock  avia-builder-el-first '   itemprop=\"image\" itemscope=\"itemscope\" itemtype=\"https:\/\/schema.org\/ImageObject\" ><div class=\"avia-image-container-inner\"><div class=\"avia-image-overlay-wrap\"><img decoding=\"async\" fetchpriority=\"high\" class='wp-image-916 avia-img-lazy-loading-not-916 avia_image ' src=\"https:\/\/pedraforca.com\/wp-content\/uploads\/2025\/04\/Centre-medieval-i-dels-catars_turisme_bloc_doble-1400x630.jpg\" alt='Activities' title='Activitats'  height=\"630\" width=\"1400\"  itemprop=\"thumbnailUrl\"  \/><\/div><\/div><\/div><br \/>\n<section  class='av_textblock_section av-m92ji1y2-d27816052edb2e2ae9e38d6ca6bb6243 '   itemscope=\"itemscope\" itemtype=\"https:\/\/schema.org\/CreativeWork\" ><div class='avia_textblock'  itemprop=\"text\" ><h3>Centro Medieval y de los C\u00e1taros de Bag\u00e0<\/h3>\n<p class=\"\" data-start=\"96\" data-end=\"460\"><span style=\"font-weight: 400;\">Descubre la historia de los c\u00e1taros y el origen medieval de Bag\u00e0 a trav\u00e9s de este centro de interpretaci\u00f3n ubicado en un palacio g\u00f3tico. La visita incluye exposiciones, audiovisuales y recorridos por el casco antiguo. Una forma ideal de profundizar en la historia del valle. <\/span><\/p>\n<p><a href=\"https:\/\/turismebaga.com\/\">turismebaga.com<\/a><\/p>\n<\/div><\/section><\/p><\/div><div class='av-flex-placeholder'><\/div>\n<style type=\"text\/css\" data-created_by=\"avia_inline_auto\" id=\"style-css-av-7zkkf2-9fd8fb50ffefb00c7dea6264e4fae98e\">\n.flex_column.av-7zkkf2-9fd8fb50ffefb00c7dea6264e4fae98e{\nwidth:48.5%;\nmargin-left:0;\n}\n#top .flex_column_table.av-equal-height-column-flextable.av-7zkkf2-9fd8fb50ffefb00c7dea6264e4fae98e .av-flex-placeholder{\nwidth:3%;\n}\n<\/style>\n<div  class='flex_column av-7zkkf2-9fd8fb50ffefb00c7dea6264e4fae98e av_one_half  avia-builder-el-70  el_after_av_one_half  avia-builder-el-last  flex_column_table_cell av-equal-height-column av-align-top av-animated-generic bottom-to-top  column-top-margin'     ><p>\n<style type=\"text\/css\" data-created_by=\"avia_inline_auto\" id=\"style-css-av-7u5ghy-3ec8f493fc443921ac9f2be5ded96ad2\">\n.avia-image-container.av-7u5ghy-3ec8f493fc443921ac9f2be5ded96ad2 img.avia_image{\nbox-shadow:none;\n}\n.avia-image-container.av-7u5ghy-3ec8f493fc443921ac9f2be5ded96ad2 .av-image-caption-overlay-center{\ncolor:#ffffff;\n}\n<\/style>\n<div  class='avia-image-container av-7u5ghy-3ec8f493fc443921ac9f2be5ded96ad2 av-styling- avia-align-center  avia-builder-el-71  el_before_av_textblock  avia-builder-el-first '   itemprop=\"image\" itemscope=\"itemscope\" itemtype=\"https:\/\/schema.org\/ImageObject\" ><div class=\"avia-image-container-inner\"><div class=\"avia-image-overlay-wrap\"><img decoding=\"async\" fetchpriority=\"high\" class='wp-image-931 avia-img-lazy-loading-not-931 avia_image ' src=\"https:\/\/pedraforca.com\/wp-content\/uploads\/2025\/04\/centre-interpretacio-parc.jpg_1365505322-1400x630.jpg\" alt='Activities' title='Activitats'  height=\"630\" width=\"1400\"  itemprop=\"thumbnailUrl\"  \/><\/div><\/div><\/div><br \/>\n<section  class='av_textblock_section av-m92jparr-cf606694416918b4bb153715e41cb252 '   itemscope=\"itemscope\" itemtype=\"https:\/\/schema.org\/CreativeWork\" ><div class='avia_textblock'  itemprop=\"text\" ><h3>Centro de interpretaci\u00f3n del Parque Natural Cad\u00ed-Moixer\u00f3<\/h3>\n<p class=\"\" data-start=\"132\" data-end=\"518\"><span style=\"font-weight: 400;\">Espacio divulgativo ideal para entender el valor natural del parque: fauna, flora, geolog\u00eda y h\u00e1bitats. Ideal para empezar cualquier excursi\u00f3n por el Cad\u00ed-Moixer\u00f3 con informaci\u00f3n y mapas \u00fatiles, especialmente si viajas con ni\u00f1os o te fascina la naturaleza. <\/span><\/p>\n<p><a href=\"https:\/\/gencat.net\">gencat.net<\/a><\/p>\n<\/div><\/section><\/p><\/div><\/div><!--close column table wrapper. Autoclose: 1 -->\n\n<\/div><\/div><\/div><!-- close content main div --><\/div><\/div><div id='av_section_7'  class='avia-section av-9dkz8e-fccdf6dbb19f5ddaa80b4ab29589b03c main_color avia-section-default avia-no-border-styling  avia-builder-el-73  el_after_av_section  el_before_av_section  section-activitats avia-bg-style-scroll container_wrap fullsize'  ><div class='container av-section-cont-open' ><div class='template-page content  av-content-full alpha units'><div class='post-entry post-entry-type-page post-entry-914'><div class='entry-content-wrapper clearfix'>\n<div  class='flex_column av-96cthq-46d36a89ce3638a2b0e3cb1b3e0a7b3f av_one_half  avia-builder-el-74  el_before_av_one_half  avia-builder-el-first  first flex_column_div av-animated-generic bottom-to-top  '     ><style type=\"text\/css\" data-created_by=\"avia_inline_auto\" id=\"style-css-av-m92j8iog-36d8976755dcbf18dc574c05d25dac8a\">\n#top .av-special-heading.av-m92j8iog-36d8976755dcbf18dc574c05d25dac8a{\npadding-bottom:10px;\n}\nbody .av-special-heading.av-m92j8iog-36d8976755dcbf18dc574c05d25dac8a .av-special-heading-tag .heading-char{\nfont-size:25px;\n}\n.av-special-heading.av-m92j8iog-36d8976755dcbf18dc574c05d25dac8a .av-subheading{\nfont-size:15px;\n}\n<\/style>\n<div  class='av-special-heading av-m92j8iog-36d8976755dcbf18dc574c05d25dac8a av-special-heading-h2 blockquote modern-quote  avia-builder-el-75  avia-builder-el-no-sibling '><h2 class='av-special-heading-tag '  itemprop=\"headline\"  >G\u00f3sol<\/h2><div class=\"special-heading-border\"><div class=\"special-heading-inner-border\"><\/div><\/div><\/div><\/div><div  class='flex_column av-7btz2-0b04ad438eb6e6851e8b7dd6aeb8947b av_one_half  avia-builder-el-76  el_after_av_one_half  el_before_av_one_half  flex_column_div av-animated-generic bottom-to-top  '     ><style type=\"text\/css\" data-created_by=\"avia_inline_auto\" id=\"style-css-av-m92j968k-3665d84629aa9468435ae47d4281d960\">\n#top .av-special-heading.av-m92j968k-3665d84629aa9468435ae47d4281d960{\npadding-bottom:10px;\n}\nbody .av-special-heading.av-m92j968k-3665d84629aa9468435ae47d4281d960 .av-special-heading-tag .heading-char{\nfont-size:25px;\n}\n.av-special-heading.av-m92j968k-3665d84629aa9468435ae47d4281d960 .av-subheading{\nfont-size:15px;\n}\n<\/style>\n<div  class='av-special-heading av-m92j968k-3665d84629aa9468435ae47d4281d960 av-special-heading-h2 blockquote modern-quote  avia-builder-el-77  avia-builder-el-no-sibling '><h2 class='av-special-heading-tag '  itemprop=\"headline\"  >F\u00edgols<\/h2><div class=\"special-heading-border\"><div class=\"special-heading-inner-border\"><\/div><\/div><\/div><\/div>\n<style type=\"text\/css\" data-created_by=\"avia_inline_auto\" id=\"style-css-av-903tye-576dfe7a4939365fac35e0c6a2df9259\">\n.flex_column.av-903tye-576dfe7a4939365fac35e0c6a2df9259{\nwidth:48.5%;\n}\n<\/style>\n<div  class='flex_column av-903tye-576dfe7a4939365fac35e0c6a2df9259 av_one_half  avia-builder-el-78  el_after_av_one_half  el_before_av_one_half  first flex_column_div av-animated-generic bottom-to-top  column-top-margin'     ><p>\n<style type=\"text\/css\" data-created_by=\"avia_inline_auto\" id=\"style-css-av-8x54wm-b55e4269f9a2526f00b6474b214a6e98\">\n.avia-image-container.av-8x54wm-b55e4269f9a2526f00b6474b214a6e98 img.avia_image{\nbox-shadow:none;\n}\n.avia-image-container.av-8x54wm-b55e4269f9a2526f00b6474b214a6e98 .av-image-caption-overlay-center{\ncolor:#ffffff;\n}\n<\/style>\n<div  class='avia-image-container av-8x54wm-b55e4269f9a2526f00b6474b214a6e98 av-styling- avia-align-center  avia-builder-el-79  el_before_av_textblock  avia-builder-el-first '   itemprop=\"image\" itemscope=\"itemscope\" itemtype=\"https:\/\/schema.org\/ImageObject\" ><div class=\"avia-image-container-inner\"><div class=\"avia-image-overlay-wrap\"><img decoding=\"async\" fetchpriority=\"high\" class='wp-image-932 avia-img-lazy-loading-not-932 avia_image ' src=\"https:\/\/pedraforca.com\/wp-content\/uploads\/2025\/04\/cd0ae67f-9805-4926-9546-a3111dcbcebb-1-1400x630.png\" alt='Activities' title='Activitats'  height=\"630\" width=\"1400\"  itemprop=\"thumbnailUrl\"  \/><\/div><\/div><\/div><br \/>\n<section  class='av_textblock_section av-m92jbyf7-4b7bd3e31bd0bbd48a86c333100c45e8 '   itemscope=\"itemscope\" itemtype=\"https:\/\/schema.org\/CreativeWork\" ><div class='avia_textblock'  itemprop=\"text\" ><h3>Centro Picasso<\/h3>\n<p class=\"\" data-start=\"90\" data-end=\"416\"><span style=\"font-weight: 400;\">Un espacio cultural dedicado a la estancia de Pablo Picasso en G\u00f3sol, donde el artista vivi\u00f3 y se inspir\u00f3 en el paisaje y la gente del pueblo. La visita permite descubrir su obra, su influencia y el contexto hist\u00f3rico de esa \u00e9poca, todo en un entorno lleno de encanto y tranquilidad. <\/span><\/p>\n<p><a href=\"http:\/\/gosol.ddl.net\/\">gosol.ddl.net<\/a><\/p>\n<\/div><\/section><\/p><\/div>\n<style type=\"text\/css\" data-created_by=\"avia_inline_auto\" id=\"style-css-av-630rda-7cd1b154f0afb2e8e606d43d8221b126\">\n.flex_column.av-630rda-7cd1b154f0afb2e8e606d43d8221b126{\nwidth:48.5%;\nmargin-left:3%;\n}\n<\/style>\n<div  class='flex_column av-630rda-7cd1b154f0afb2e8e606d43d8221b126 av_one_half  avia-builder-el-81  el_after_av_one_half  avia-builder-el-last  flex_column_div av-animated-generic bottom-to-top  column-top-margin'     ><p>\n<style type=\"text\/css\" data-created_by=\"avia_inline_auto\" id=\"style-css-av-5x4z52-944e76cca7cbf759a2917a2fae328d78\">\n.avia-image-container.av-5x4z52-944e76cca7cbf759a2917a2fae328d78 img.avia_image{\nbox-shadow:none;\n}\n.avia-image-container.av-5x4z52-944e76cca7cbf759a2917a2fae328d78 .av-image-caption-overlay-center{\ncolor:#ffffff;\n}\n<\/style>\n<div  class='avia-image-container av-5x4z52-944e76cca7cbf759a2917a2fae328d78 av-styling- avia-align-center  avia-builder-el-82  el_before_av_textblock  avia-builder-el-first '   itemprop=\"image\" itemscope=\"itemscope\" itemtype=\"https:\/\/schema.org\/ImageObject\" ><div class=\"avia-image-container-inner\"><div class=\"avia-image-overlay-wrap\"><img decoding=\"async\" fetchpriority=\"high\" class='wp-image-921 avia-img-lazy-loading-not-921 avia_image ' src=\"https:\/\/pedraforca.com\/wp-content\/uploads\/2025\/04\/museu-dinosaures-fumanya-01-768x512-1-1400x630.jpg\" alt='Activities' title='Activitats'  height=\"630\" width=\"1400\"  itemprop=\"thumbnailUrl\"  \/><\/div><\/div><\/div><br \/>\n<section  class='av_textblock_section av-m92jvcu0-d2f56c6338d543a32b9b73e89691273b '   itemscope=\"itemscope\" itemtype=\"https:\/\/schema.org\/CreativeWork\" ><div class='avia_textblock'  itemprop=\"text\" ><h3>Centro de Interpretaci\u00f3n Dinosaurios de Fumanya<\/h3>\n<p class=\"\" data-start=\"124\" data-end=\"533\"><span style=\"font-weight: 400;\">Descubre uno de los yacimientos de huellas de dinosaurios m\u00e1s importantes de Europa. Con espacios interactivos, audiovisuales y actividades para peque\u00f1os y mayores, es una parada imprescindible para los amantes de la paleontolog\u00eda y familias curiosas. <\/span><\/p>\n<p><a href=\"http:\/\/www.mmcercs.cat\/\">mmcercs.cat<\/a><\/p>\n<\/div><\/section><\/p><\/div>\n\n<\/div><\/div><\/div><!-- close content main div --><\/div><\/div>\n<style type=\"text\/css\" data-created_by=\"avia_inline_auto\" id=\"style-css-av-vxh3u-abb4a90c93c33531aa12023bfb0e3ae7\">\n.avia-section.av-vxh3u-abb4a90c93c33531aa12023bfb0e3ae7{\nbackground-color:#efefef;\nbackground-image:unset;\n}\n<\/style>\n<div id='av_section_8'  class='avia-section av-vxh3u-abb4a90c93c33531aa12023bfb0e3ae7 main_color avia-section-default avia-no-border-styling  avia-builder-el-84  el_after_av_section  avia-builder-el-last  section-activitats avia-bg-style-scroll container_wrap fullsize'  ><div class='container av-section-cont-open' ><div class='template-page content  av-content-full alpha units'><div class='post-entry post-entry-type-page post-entry-914'><div class='entry-content-wrapper clearfix'>\n<div  class='flex_column av-pawde-4e2576b2c98ca1ff95d2abe96042e2e7 av_one_half  avia-builder-el-85  el_before_av_one_half  avia-builder-el-first  first flex_column_div av-animated-generic bottom-to-top  '     ><style type=\"text\/css\" data-created_by=\"avia_inline_auto\" id=\"style-css-av-mac8grbl-eeb906cdff68f074c3c1027262c4c3ce\">\n#top .av-special-heading.av-mac8grbl-eeb906cdff68f074c3c1027262c4c3ce{\npadding-bottom:10px;\n}\nbody .av-special-heading.av-mac8grbl-eeb906cdff68f074c3c1027262c4c3ce .av-special-heading-tag .heading-char{\nfont-size:25px;\n}\n.av-special-heading.av-mac8grbl-eeb906cdff68f074c3c1027262c4c3ce .av-subheading{\nfont-size:15px;\n}\n<\/style>\n<div  class='av-special-heading av-mac8grbl-eeb906cdff68f074c3c1027262c4c3ce av-special-heading-h2 blockquote modern-quote  avia-builder-el-86  avia-builder-el-no-sibling '><h2 class='av-special-heading-tag '  itemprop=\"headline\"  >Vallcebre<\/h2><div class=\"special-heading-border\"><div class=\"special-heading-inner-border\"><\/div><\/div><\/div><\/div><div  class='flex_column av-lx8qq-f94471574c3fd3e8bdd364f822c8cb40 av_one_half  avia-builder-el-87  el_after_av_one_half  el_before_av_one_half  flex_column_div av-animated-generic bottom-to-top  '     ><style type=\"text\/css\" data-created_by=\"avia_inline_auto\" id=\"style-css-av-mac8lulp-25fad45775c38301341f43660c9e2b74\">\n#top .av-special-heading.av-mac8lulp-25fad45775c38301341f43660c9e2b74{\npadding-bottom:10px;\n}\nbody .av-special-heading.av-mac8lulp-25fad45775c38301341f43660c9e2b74 .av-special-heading-tag .heading-char{\nfont-size:25px;\n}\n.av-special-heading.av-mac8lulp-25fad45775c38301341f43660c9e2b74 .av-subheading{\nfont-size:15px;\n}\n<\/style>\n<div  class='av-special-heading av-mac8lulp-25fad45775c38301341f43660c9e2b74 av-special-heading-h2 blockquote modern-quote  avia-builder-el-88  avia-builder-el-no-sibling '><h2 class='av-special-heading-tag '  itemprop=\"headline\"  >La Molina<\/h2><div class=\"special-heading-border\"><div class=\"special-heading-inner-border\"><\/div><\/div><\/div><\/div><div class='flex_column_table av-gkj8q-2697d1df3a31257da7e7e412de100637 sc-av_one_half av-equal-height-column-flextable'>\n<style type=\"text\/css\" data-created_by=\"avia_inline_auto\" id=\"style-css-av-gkj8q-2697d1df3a31257da7e7e412de100637\">\n.flex_column.av-gkj8q-2697d1df3a31257da7e7e412de100637{\nwidth:48.5%;\nmargin-left:0;\n}\n#top .flex_column_table.av-equal-height-column-flextable.av-gkj8q-2697d1df3a31257da7e7e412de100637 .av-flex-placeholder{\nwidth:3%;\n}\n<\/style>\n<div  class='flex_column av-gkj8q-2697d1df3a31257da7e7e412de100637 av_one_half  avia-builder-el-89  el_after_av_one_half  el_before_av_one_half  first flex_column_table_cell av-equal-height-column av-align-top av-animated-generic bottom-to-top  column-top-margin'     ><p>\n<style type=\"text\/css\" data-created_by=\"avia_inline_auto\" id=\"style-css-av-mac8ldjl-d9d4a9555179ca6c14913126ab56330d\">\n.avia-image-container.av-mac8ldjl-d9d4a9555179ca6c14913126ab56330d img.avia_image{\nbox-shadow:none;\n}\n.avia-image-container.av-mac8ldjl-d9d4a9555179ca6c14913126ab56330d .av-image-caption-overlay-center{\ncolor:#ffffff;\n}\n<\/style>\n<div  class='avia-image-container av-mac8ldjl-d9d4a9555179ca6c14913126ab56330d av-styling- avia-align-center  avia-builder-el-90  el_before_av_textblock  avia-builder-el-first '   itemprop=\"image\" itemscope=\"itemscope\" itemtype=\"https:\/\/schema.org\/ImageObject\" ><div class=\"avia-image-container-inner\"><div class=\"avia-image-overlay-wrap\"><img decoding=\"async\" fetchpriority=\"high\" class='wp-image-928 avia-img-lazy-loading-not-928 avia_image ' src=\"https:\/\/pedraforca.com\/wp-content\/uploads\/2025\/05\/pendolguies-act.jpg\" alt='Activities' title='Activitats'  height=\"630\" width=\"1400\"  itemprop=\"thumbnailUrl\" srcset=\"https:\/\/pedraforca.com\/wp-content\/uploads\/2025\/05\/pendolguies-act.jpg 1400w, https:\/\/pedraforca.com\/wp-content\/uploads\/2025\/05\/pendolguies-act-300x135.jpg 300w, https:\/\/pedraforca.com\/wp-content\/uploads\/2025\/05\/pendolguies-act-1030x464.jpg 1030w, https:\/\/pedraforca.com\/wp-content\/uploads\/2025\/05\/pendolguies-act-768x346.jpg 768w, https:\/\/pedraforca.com\/wp-content\/uploads\/2025\/05\/pendolguies-act-705x317.jpg 705w\" sizes=\"(max-width: 1400px) 100vw, 1400px\" \/><\/div><\/div><\/div><br \/>\n<section  class='av_textblock_section av-mac8in9x-6759490147cf2b35abf1d5d0b9334e28 '   itemscope=\"itemscope\" itemtype=\"https:\/\/schema.org\/CreativeWork\" ><div class='avia_textblock'  itemprop=\"text\" ><h3 class=\"\" data-start=\"156\" data-end=\"202\">P\u00e9ndulo Gu\u00edas de Monta\u00f1a<\/h3>\n<p class=\"\" data-start=\"203\" data-end=\"516\">Empresa de deportes de aventura especializada en barranquismo, v\u00edas ferratas, espeleolog\u00eda y escalada, con gu\u00edas titulados y actividades para todos los niveles. Ofrecen experiencias seguras y personalizadas en plena naturaleza, con un fuerte compromiso con el medio ambiente.<\/p>\n<p><a class=\"\" href=\"http:\/\/pendolguies.com\/\" target=\"_blank\" rel=\"noopener\" data-start=\"474\" data-end=\"516\">pendolguies.com<\/a><\/p>\n<\/div><\/section><\/p><\/div><div class='av-flex-placeholder'><\/div>\n<style type=\"text\/css\" data-created_by=\"avia_inline_auto\" id=\"style-css-av-8nyn6-d14f91d15ae26d585d01163bd85b08c9\">\n.flex_column.av-8nyn6-d14f91d15ae26d585d01163bd85b08c9{\nwidth:48.5%;\nmargin-left:0;\n}\n#top .flex_column_table.av-equal-height-column-flextable.av-8nyn6-d14f91d15ae26d585d01163bd85b08c9 .av-flex-placeholder{\nwidth:3%;\n}\n<\/style>\n<div  class='flex_column av-8nyn6-d14f91d15ae26d585d01163bd85b08c9 av_one_half  avia-builder-el-92  el_after_av_one_half  avia-builder-el-last  flex_column_table_cell av-equal-height-column av-align-top av-animated-generic bottom-to-top  column-top-margin'     ><p>\n<style type=\"text\/css\" data-created_by=\"avia_inline_auto\" id=\"style-css-av-mac8q5di-f189bb59ee17ad16908e374a8663f13c\">\n.avia-image-container.av-mac8q5di-f189bb59ee17ad16908e374a8663f13c img.avia_image{\nbox-shadow:none;\n}\n.avia-image-container.av-mac8q5di-f189bb59ee17ad16908e374a8663f13c .av-image-caption-overlay-center{\ncolor:#ffffff;\n}\n<\/style>\n<div  class='avia-image-container av-mac8q5di-f189bb59ee17ad16908e374a8663f13c av-styling- avia-align-center  avia-builder-el-93  el_before_av_textblock  avia-builder-el-first '   itemprop=\"image\" itemscope=\"itemscope\" itemtype=\"https:\/\/schema.org\/ImageObject\" ><div class=\"avia-image-container-inner\"><div class=\"avia-image-overlay-wrap\"><img decoding=\"async\" fetchpriority=\"high\" class='wp-image-929 avia-img-lazy-loading-not-929 avia_image ' src=\"https:\/\/pedraforca.com\/wp-content\/uploads\/2025\/05\/activitats-muntanya-catalunya-slide.jpg\" alt='Activities' title='Activitats'  height=\"630\" width=\"1400\"  itemprop=\"thumbnailUrl\" srcset=\"https:\/\/pedraforca.com\/wp-content\/uploads\/2025\/05\/activitats-muntanya-catalunya-slide.jpg 1400w, https:\/\/pedraforca.com\/wp-content\/uploads\/2025\/05\/activitats-muntanya-catalunya-slide-300x135.jpg 300w, https:\/\/pedraforca.com\/wp-content\/uploads\/2025\/05\/activitats-muntanya-catalunya-slide-1030x464.jpg 1030w, https:\/\/pedraforca.com\/wp-content\/uploads\/2025\/05\/activitats-muntanya-catalunya-slide-768x346.jpg 768w, https:\/\/pedraforca.com\/wp-content\/uploads\/2025\/05\/activitats-muntanya-catalunya-slide-705x317.jpg 705w\" sizes=\"(max-width: 1400px) 100vw, 1400px\" \/><\/div><\/div><\/div><br \/>\n<section  class='av_textblock_section av-mac8mb1i-2c70b6b6ce2a682047d9807b738d34c0 '   itemscope=\"itemscope\" itemtype=\"https:\/\/schema.org\/CreativeWork\" ><div class='avia_textblock'  itemprop=\"text\" ><h3 class=\"\" data-start=\"523\" data-end=\"559\">Altitud Extremo<\/h3>\n<p class=\"\" data-start=\"560\" data-end=\"873\">Desde 2001, Altitud Extrem ofrece actividades de monta\u00f1a como raquetas de nieve, escalada, barranquismo, BTT o eBike. Con un equipo t\u00e9cnico experimentado, proponen aventuras seguras y adaptadas a todas las edades para gozar del medio natural de una forma activa.<\/p>\n<p class=\"\" data-start=\"560\" data-end=\"873\"><a class=\"\" href=\"https:\/\/www.altitudextrem.com\/\" target=\"_blank\" rel=\"noopener\" data-start=\"822\" data-end=\"873\">altitudextrem.com<\/a><\/p>\n<\/div><\/section><\/p><\/div><\/div><!--close column table wrapper. Autoclose: 1 -->\n\n","protected":false},"excerpt":{"rendered":"","protected":false},"author":3,"featured_media":0,"parent":0,"menu_order":0,"comment_status":"closed","ping_status":"closed","template":"","meta":{"footnotes":""},"class_list":["post-914","page","type-page","status-publish","hentry"],"yoast_head":"<!-- This site is optimized with the Yoast SEO plugin v27.5 - https:\/\/yoast.com\/product\/yoast-seo-wordpress\/ -->\n<title>Actividades - Hostal Pedraforca<\/title>\n<meta name=\"robots\" content=\"index, follow, max-snippet:-1, max-image-preview:large, max-video-preview:-1\" \/>\n<link rel=\"canonical\" href=\"https:\/\/pedraforca.com\/es\/actividades\/\" \/>\n<meta property=\"og:locale\" content=\"es_ES\" \/>\n<meta property=\"og:type\" content=\"article\" \/>\n<meta property=\"og:title\" content=\"Actividades - Hostal Pedraforca\" \/>\n<meta property=\"og:url\" content=\"https:\/\/pedraforca.com\/es\/actividades\/\" \/>\n<meta property=\"og:site_name\" content=\"Hostal Pedraforca\" \/>\n<meta property=\"article:modified_time\" content=\"2025-05-06T09:47:32+00:00\" \/>\n<meta name=\"twitter:card\" content=\"summary_large_image\" \/>\n<meta name=\"twitter:label1\" content=\"Tiempo de lectura\" \/>\n\t<meta name=\"twitter:data1\" content=\"12 minutos\" \/>\n<script type=\"application\/ld+json\" class=\"yoast-schema-graph\">{\"@context\":\"https:\\\/\\\/schema.org\",\"@graph\":[{\"@type\":\"WebPage\",\"@id\":\"https:\\\/\\\/pedraforca.com\\\/es\\\/actividades\\\/\",\"url\":\"https:\\\/\\\/pedraforca.com\\\/es\\\/actividades\\\/\",\"name\":\"Actividades - Hostal Pedraforca\",\"isPartOf\":{\"@id\":\"https:\\\/\\\/pedraforca.com\\\/es\\\/#website\"},\"datePublished\":\"2025-05-06T09:18:03+00:00\",\"dateModified\":\"2025-05-06T09:47:32+00:00\",\"breadcrumb\":{\"@id\":\"https:\\\/\\\/pedraforca.com\\\/es\\\/actividades\\\/#breadcrumb\"},\"inLanguage\":\"es\",\"potentialAction\":[{\"@type\":\"ReadAction\",\"target\":[\"https:\\\/\\\/pedraforca.com\\\/es\\\/actividades\\\/\"]}]},{\"@type\":\"BreadcrumbList\",\"@id\":\"https:\\\/\\\/pedraforca.com\\\/es\\\/actividades\\\/#breadcrumb\",\"itemListElement\":[{\"@type\":\"ListItem\",\"position\":1,\"name\":\"Inici\",\"item\":\"https:\\\/\\\/pedraforca.com\\\/es\\\/\"},{\"@type\":\"ListItem\",\"position\":2,\"name\":\"Actividades\"}]},{\"@type\":\"WebSite\",\"@id\":\"https:\\\/\\\/pedraforca.com\\\/es\\\/#website\",\"url\":\"https:\\\/\\\/pedraforca.com\\\/es\\\/\",\"name\":\"Hostal Pedraforca\",\"description\":\"Descansa al peu del Pedraforca, dins un entorn natural incomparable\",\"potentialAction\":[{\"@type\":\"SearchAction\",\"target\":{\"@type\":\"EntryPoint\",\"urlTemplate\":\"https:\\\/\\\/pedraforca.com\\\/es\\\/?s={search_term_string}\"},\"query-input\":{\"@type\":\"PropertyValueSpecification\",\"valueRequired\":true,\"valueName\":\"search_term_string\"}}],\"inLanguage\":\"es\"}]}<\/script>\n<!-- \/ Yoast SEO plugin. -->","yoast_head_json":{"title":"Actividades - Hostal Pedraforca","robots":{"index":"index","follow":"follow","max-snippet":"max-snippet:-1","max-image-preview":"max-image-preview:large","max-video-preview":"max-video-preview:-1"},"canonical":"https:\/\/pedraforca.com\/es\/actividades\/","og_locale":"es_ES","og_type":"article","og_title":"Actividades - Hostal Pedraforca","og_url":"https:\/\/pedraforca.com\/es\/actividades\/","og_site_name":"Hostal Pedraforca","article_modified_time":"2025-05-06T09:47:32+00:00","twitter_card":"summary_large_image","twitter_misc":{"Tiempo de lectura":"12 minutos"},"schema":{"@context":"https:\/\/schema.org","@graph":[{"@type":"WebPage","@id":"https:\/\/pedraforca.com\/es\/actividades\/","url":"https:\/\/pedraforca.com\/es\/actividades\/","name":"Actividades - Hostal Pedraforca","isPartOf":{"@id":"https:\/\/pedraforca.com\/es\/#website"},"datePublished":"2025-05-06T09:18:03+00:00","dateModified":"2025-05-06T09:47:32+00:00","breadcrumb":{"@id":"https:\/\/pedraforca.com\/es\/actividades\/#breadcrumb"},"inLanguage":"es","potentialAction":[{"@type":"ReadAction","target":["https:\/\/pedraforca.com\/es\/actividades\/"]}]},{"@type":"BreadcrumbList","@id":"https:\/\/pedraforca.com\/es\/actividades\/#breadcrumb","itemListElement":[{"@type":"ListItem","position":1,"name":"Inici","item":"https:\/\/pedraforca.com\/es\/"},{"@type":"ListItem","position":2,"name":"Actividades"}]},{"@type":"WebSite","@id":"https:\/\/pedraforca.com\/es\/#website","url":"https:\/\/pedraforca.com\/es\/","name":"Hostal Pedraforca","description":"Descansa al peu del Pedraforca, dins un entorn natural incomparable","potentialAction":[{"@type":"SearchAction","target":{"@type":"EntryPoint","urlTemplate":"https:\/\/pedraforca.com\/es\/?s={search_term_string}"},"query-input":{"@type":"PropertyValueSpecification","valueRequired":true,"valueName":"search_term_string"}}],"inLanguage":"es"}]}},"_links":{"self":[{"href":"https:\/\/pedraforca.com\/es\/wp-json\/wp\/v2\/pages\/914","targetHints":{"allow":["GET"]}}],"collection":[{"href":"https:\/\/pedraforca.com\/es\/wp-json\/wp\/v2\/pages"}],"about":[{"href":"https:\/\/pedraforca.com\/es\/wp-json\/wp\/v2\/types\/page"}],"author":[{"embeddable":true,"href":"https:\/\/pedraforca.com\/es\/wp-json\/wp\/v2\/users\/3"}],"replies":[{"embeddable":true,"href":"https:\/\/pedraforca.com\/es\/wp-json\/wp\/v2\/comments?post=914"}],"version-history":[{"count":2,"href":"https:\/\/pedraforca.com\/es\/wp-json\/wp\/v2\/pages\/914\/revisions"}],"predecessor-version":[{"id":958,"href":"https:\/\/pedraforca.com\/es\/wp-json\/wp\/v2\/pages\/914\/revisions\/958"}],"wp:attachment":[{"href":"https:\/\/pedraforca.com\/es\/wp-json\/wp\/v2\/media?parent=914"}],"curies":[{"name":"wp","href":"https:\/\/api.w.org\/{rel}","templated":true}]}}